{"id":3975,"date":"2024-01-31T18:30:43","date_gmt":"2024-01-31T18:30:43","guid":{"rendered":"https:\/\/dcsh.xoc.uam.mx\/posgrados\/deplaed\/?page_id=3975"},"modified":"2024-02-09T19:09:35","modified_gmt":"2024-02-09T19:09:35","slug":"walter-beller-taboada-2","status":"publish","type":"page","link":"https:\/\/dcsh.xoc.uam.mx\/posgrados\/deplaed\/walter-beller-taboada-2\/","title":{"rendered":"Walter Beller Taboada"},"content":{"rendered":"\t\t<div data-elementor-type=\"wp-page\" data-elementor-id=\"3975\" class=\"elementor elementor-3975\" data-elementor-post-type=\"page\">\n\t\t\t\t\t\t<section class=\"elementor-section elementor-top-section elementor-element elementor-element-2590dc9 elementor-section-full_width elementor-section-height-min-height elementor-section-height-default elementor-section-items-middle\" data-id=\"2590dc9\" data-element_type=\"section\" data-e-type=\"section\" data-settings=\"{&quot;background_background&quot;:&quot;classic&quot;}\">\n\t\t\t\t\t\t\t<div class=\"elementor-background-overlay\"><\/div>\n\t\t\t\t\t\t\t<div class=\"elementor-container elementor-column-gap-default\">\n\t\t\t\t\t<div class=\"elementor-column elementor-col-100 elementor-top-column elementor-element elementor-element-93d3b97\" data-id=\"93d3b97\" data-element_type=\"column\" data-e-type=\"column\">\n\t\t\t<div class=\"elementor-widget-wrap\">\n\t\t\t\t\t\t\t<\/div>\n\t\t<\/div>\n\t\t\t\t\t<\/div>\n\t\t<\/section>\n\t\t\t\t<section class=\"elementor-section elementor-top-section elementor-element elementor-element-7cfdf15 elementor-section-full_width elementor-section-height-default elementor-section-height-default\" data-id=\"7cfdf15\" data-element_type=\"section\" data-e-type=\"section\">\n\t\t\t\t\t\t<div class=\"elementor-container elementor-column-gap-default\">\n\t\t\t\t\t<div class=\"elementor-column elementor-col-100 elementor-top-column elementor-element elementor-element-62eca49\" data-id=\"62eca49\" data-element_type=\"column\" data-e-type=\"column\">\n\t\t\t<div class=\"elementor-widget-wrap elementor-element-populated\">\n\t\t\t\t\t\t<div class=\"elementor-element elementor-element-a61708a elementor-widget elementor-widget-heading\" data-id=\"a61708a\" data-element_type=\"widget\" data-e-type=\"widget\" data-widget_type=\"heading.default\">\n\t\t\t\t<div class=\"elementor-widget-container\">\n\t\t\t\t\t<h2 class=\"elementor-heading-title elementor-size-default\">Dr. Walter Beller Taboada<\/h2>\t\t\t\t<\/div>\n\t\t\t\t<\/div>\n\t\t\t\t\t<\/div>\n\t\t<\/div>\n\t\t\t\t\t<\/div>\n\t\t<\/section>\n\t\t\t\t<section class=\"elementor-section elementor-top-section elementor-element elementor-element-785deea elementor-section-boxed elementor-section-height-default elementor-section-height-default\" data-id=\"785deea\" data-element_type=\"section\" data-e-type=\"section\">\n\t\t\t\t\t\t<div class=\"elementor-container elementor-column-gap-default\">\n\t\t\t\t\t<div class=\"elementor-column elementor-col-100 elementor-top-column elementor-element elementor-element-a5828c2\" data-id=\"a5828c2\" data-element_type=\"column\" data-e-type=\"column\">\n\t\t\t<div class=\"elementor-widget-wrap elementor-element-populated\">\n\t\t\t\t\t\t\t<\/div>\n\t\t<\/div>\n\t\t\t\t\t<\/div>\n\t\t<\/section>\n\t\t\t\t<section class=\"elementor-section elementor-top-section elementor-element elementor-element-66f07a4 elementor-section-boxed elementor-section-height-default elementor-section-height-default\" data-id=\"66f07a4\" data-element_type=\"section\" data-e-type=\"section\">\n\t\t\t\t\t\t<div class=\"elementor-container elementor-column-gap-default\">\n\t\t\t\t\t<div class=\"elementor-column elementor-col-100 elementor-top-column elementor-element elementor-element-78e99ab\" data-id=\"78e99ab\" data-element_type=\"column\" data-e-type=\"column\">\n\t\t\t<div class=\"elementor-widget-wrap elementor-element-populated\">\n\t\t\t\t\t\t<section class=\"elementor-section elementor-inner-section elementor-element elementor-element-63af510 elementor-section-boxed elementor-section-height-default elementor-section-height-default\" data-id=\"63af510\" data-element_type=\"section\" data-e-type=\"section\">\n\t\t\t\t\t\t<div class=\"elementor-container elementor-column-gap-default\">\n\t\t\t\t\t<div class=\"elementor-column elementor-col-50 elementor-inner-column elementor-element elementor-element-59dc8af\" data-id=\"59dc8af\" data-element_type=\"column\" data-e-type=\"column\">\n\t\t\t<div class=\"elementor-widget-wrap elementor-element-populated\">\n\t\t\t\t\t\t<div class=\"elementor-element elementor-element-90c50e4 elementor-invisible elementor-widget elementor-widget-image\" data-id=\"90c50e4\" data-element_type=\"widget\" data-e-type=\"widget\" data-settings=\"{&quot;_animation&quot;:&quot;fadeIn&quot;}\" data-widget_type=\"image.default\">\n\t\t\t\t<div class=\"elementor-widget-container\">\n\t\t\t\t\t\t\t\t\t\t\t\t\t\t\t<img fetchpriority=\"high\" decoding=\"async\" width=\"340\" height=\"430\" src=\"https:\/\/dcsh.xoc.uam.mx\/posgrados\/deplaed\/wp-content\/uploads\/2024\/01\/Walter-Beller.png\" class=\"attachment-large size-large wp-image-3798\" alt=\"\" \/>\t\t\t\t\t\t\t\t\t\t\t\t\t\t\t<\/div>\n\t\t\t\t<\/div>\n\t\t\t\t\t<\/div>\n\t\t<\/div>\n\t\t\t\t<div class=\"elementor-column elementor-col-50 elementor-inner-column elementor-element elementor-element-b34d50b\" data-id=\"b34d50b\" data-element_type=\"column\" data-e-type=\"column\">\n\t\t\t<div class=\"elementor-widget-wrap elementor-element-populated\">\n\t\t\t\t\t\t<div class=\"elementor-element elementor-element-1f961b5 elementor-invisible elementor-widget elementor-widget-text-editor\" data-id=\"1f961b5\" data-element_type=\"widget\" data-e-type=\"widget\" data-settings=\"{&quot;_animation&quot;:&quot;fadeInLeft&quot;}\" data-widget_type=\"text-editor.default\">\n\t\t\t\t<div class=\"elementor-widget-container\">\n\t\t\t\t\t\t\t\t\t<div><div class=\"item\"><div class=\"item\"><p><strong>GRADO:<\/strong> DOCTORADO<\/p><\/div><div class=\"item\"><p><strong>PROFESOR(A) TITULAR A TIEMPO COMPLETO<\/strong><\/p><\/div><div class=\"item\"><p><strong>DEPARTAMENTO DE EDUCACI\u00d3N Y COMUNICACI\u00d3N<\/strong><\/p><\/div><\/div><\/div><div><p><strong>Contacto <a href=\"mailto:%20wbeller@correo.xoc.uam.mx\">wbeller@correo.xoc.uam.mx<\/a><\/strong><\/p><\/div>\t\t\t\t\t\t\t\t<\/div>\n\t\t\t\t<\/div>\n\t\t\t\t\t<\/div>\n\t\t<\/div>\n\t\t\t\t\t<\/div>\n\t\t<\/section>\n\t\t\t\t<div class=\"elementor-element elementor-element-0e0e327 elementor-invisible elementor-widget elementor-widget-text-editor\" data-id=\"0e0e327\" data-element_type=\"widget\" data-e-type=\"widget\" data-settings=\"{&quot;_animation&quot;:&quot;fadeInDown&quot;}\" data-widget_type=\"text-editor.default\">\n\t\t\t\t<div class=\"elementor-widget-container\">\n\t\t\t\t\t\t\t\t\t<p><strong>Semblanza: <span style=\"font-weight: 400;\">Este destacado acad\u00e9mico, doctor en filosof\u00eda por la UNAM y maestro en Teor\u00eda Psicoanal\u00edtica, es Profesor-Investigador Titular C en la Universidad Aut\u00f3noma Metropolitana, Unidad Xochimilco. Con una formaci\u00f3n diversa que incluye estudios de Derecho en la Escuela Libre de Derecho y en la Universidad de Texas en El Paso, ha contribuido significativamente al campo educativo y de la psicoan\u00e1lisis. Sus \u00e1reas de ense\u00f1anza abarcan desde la epistemolog\u00eda constructivista hasta la hermen\u00e9utica en psicoan\u00e1lisis, explorando las conexiones entre las ciencias formales y el psicoan\u00e1lisis, as\u00ed como las metodolog\u00edas cualitativa y cuantitativa. Adem\u00e1s, es autor de textos como \u00abInconsciente, l\u00f3gica y subjetividad. Los caminos del psicoan\u00e1lisis\u00bb y ha desempe\u00f1ado roles importantes, como Coordinador de Asesores del presidente de la Comisi\u00f3n Nacional de Derechos Humanos y Coordinador General de Difusi\u00f3n de la Universidad Aut\u00f3noma Metropolitana.<\/span><\/strong><\/p><p><strong style=\"font-style: inherit; color: var(--ast-global-color-3);\">Proyecto actual: <span style=\"font-weight: 400;\">Derechos humanos, g\u00e9nero y ciudadan\u00eda en M\u00e9xico<\/span><\/strong><\/p><p><strong>L\u00ednea de investigaci\u00f3n e incidencia social (LIES):<b> <span style=\"font-weight: 400;\">Tendencias epistemolog\u00eda y educaci\u00f3n<\/span><\/b><\/strong><\/p><p><span style=\"font-weight: bold;\">LIES secundaria: <span style=\"font-weight: 400;\">El sistema educativo, sistema complejo.<\/span><\/span><\/p>\t\t\t\t\t\t\t\t<\/div>\n\t\t\t\t<\/div>\n\t\t\t\t<div class=\"elementor-element elementor-element-4ec899d elementor-widget-divider--view-line elementor-invisible elementor-widget elementor-widget-divider\" data-id=\"4ec899d\" data-element_type=\"widget\" data-e-type=\"widget\" data-settings=\"{&quot;_animation&quot;:&quot;zoomIn&quot;}\" data-widget_type=\"divider.default\">\n\t\t\t\t<div class=\"elementor-widget-container\">\n\t\t\t\t\t\t\t<div class=\"elementor-divider\">\n\t\t\t<span class=\"elementor-divider-separator\">\n\t\t\t\t\t\t<\/span>\n\t\t<\/div>\n\t\t\t\t\t\t<\/div>\n\t\t\t\t<\/div>\n\t\t\t\t<div class=\"elementor-element elementor-element-7d0ed0c elementor-invisible elementor-widget elementor-widget-heading\" data-id=\"7d0ed0c\" data-element_type=\"widget\" data-e-type=\"widget\" data-settings=\"{&quot;_animation&quot;:&quot;slideInUp&quot;}\" data-widget_type=\"heading.default\">\n\t\t\t\t<div class=\"elementor-widget-container\">\n\t\t\t\t\t<h2 class=\"elementor-heading-title elementor-size-default\">Consultar Publicacones <\/h2>\t\t\t\t<\/div>\n\t\t\t\t<\/div>\n\t\t\t\t<div class=\"elementor-element elementor-element-33efe32 elementor-view-default elementor-invisible elementor-widget elementor-widget-icon\" data-id=\"33efe32\" data-element_type=\"widget\" data-e-type=\"widget\" data-settings=\"{&quot;_animation&quot;:&quot;slideInDown&quot;}\" data-widget_type=\"icon.default\">\n\t\t\t\t<div class=\"elementor-widget-container\">\n\t\t\t\t\t\t\t<div class=\"elementor-icon-wrapper\">\n\t\t\t<div class=\"elementor-icon\">\n\t\t\t<i aria-hidden=\"true\" class=\"fas fa-arrow-down\"><\/i>\t\t\t<\/div>\n\t\t<\/div>\n\t\t\t\t\t\t<\/div>\n\t\t\t\t<\/div>\n\t\t\t\t\t<\/div>\n\t\t<\/div>\n\t\t\t\t\t<\/div>\n\t\t<\/section>\n\t\t\t\t<section class=\"elementor-section elementor-top-section elementor-element elementor-element-52470fa elementor-section-boxed elementor-section-height-default elementor-section-height-default\" data-id=\"52470fa\" data-element_type=\"section\" data-e-type=\"section\">\n\t\t\t\t\t\t<div class=\"elementor-container elementor-column-gap-default\">\n\t\t\t\t\t<div class=\"elementor-column elementor-col-100 elementor-top-column elementor-element elementor-element-3d3240e\" data-id=\"3d3240e\" data-element_type=\"column\" data-e-type=\"column\">\n\t\t\t<div class=\"elementor-widget-wrap elementor-element-populated\">\n\t\t\t\t\t\t<div class=\"elementor-element elementor-element-8baffa3 elementor-invisible elementor-widget elementor-widget-accordion\" data-id=\"8baffa3\" data-element_type=\"widget\" data-e-type=\"widget\" data-settings=\"{&quot;_animation&quot;:&quot;fadeInUp&quot;}\" data-widget_type=\"accordion.default\">\n\t\t\t\t<div class=\"elementor-widget-container\">\n\t\t\t\t\t\t\t<div class=\"elementor-accordion\">\n\t\t\t\t\t\t\t<div class=\"elementor-accordion-item\">\n\t\t\t\t\t<div id=\"elementor-tab-title-1461\" class=\"elementor-tab-title\" data-tab=\"1\" role=\"button\" aria-controls=\"elementor-tab-content-1461\" aria-expanded=\"false\">\n\t\t\t\t\t\t\t\t\t\t\t\t\t<span class=\"elementor-accordion-icon elementor-accordion-icon-left\" aria-hidden=\"true\">\n\t\t\t\t\t\t\t\t\t\t\t\t\t\t\t<span class=\"elementor-accordion-icon-closed\"><i class=\"fas fa-plus\"><\/i><\/span>\n\t\t\t\t\t\t\t\t<span class=\"elementor-accordion-icon-opened\"><i class=\"fas fa-minus\"><\/i><\/span>\n\t\t\t\t\t\t\t\t\t\t\t\t\t\t<\/span>\n\t\t\t\t\t\t\t\t\t\t\t\t<a class=\"elementor-accordion-title\" tabindex=\"0\">2023<\/a>\n\t\t\t\t\t<\/div>\n\t\t\t\t\t<div id=\"elementor-tab-content-1461\" class=\"elementor-tab-content elementor-clearfix\" data-tab=\"1\" role=\"region\" aria-labelledby=\"elementor-tab-title-1461\"><p><span style=\"font-weight: 400;\">Beller Taboada, W. (2023). Presentaci\u00f3n n\u00famero 85. <\/span><i><span style=\"font-weight: 400;\">Reencuentro an\u00e1lisis de problemas universitarios<\/span><\/i><span style=\"font-weight: 400;\">, (85). <\/span><a href=\"https:\/\/reencuentro.xoc.uam.mx\/index.php\/reencuentro\/article\/view\/1189\"><span style=\"font-weight: 400;\">https:\/\/reencuentro.xoc.uam.mx\/index.php\/reencuentro\/article\/view\/1189<\/span><\/a><\/p><p><span style=\"font-weight: 400;\">Beller Taboada, W. (2023). Presentaci\u00f3n n\u00famero 84. <\/span><i><span style=\"font-weight: 400;\">Reencuentro an\u00e1lisis de problemas universitarios<\/span><\/i><span style=\"font-weight: 400;\">, (84). <\/span><a href=\"https:\/\/reencuentro.xoc.uam.mx\/index.php\/reencuentro\/article\/view\/1161\"><span style=\"font-weight: 400;\">https:\/\/reencuentro.xoc.uam.mx\/index.php\/reencuentro\/article\/view\/1161<\/span><\/a><\/p><p><span style=\"font-weight: 400;\">Beller Taboada, W. (2023). Cinco temas de reflexi\u00f3n sobre el nuevo modelo curricular educativo. <\/span><i><span style=\"font-weight: 400;\">Reencuentro an\u00e1lisis de problemas universitarios<\/span><\/i><span style=\"font-weight: 400;\">, (84). <\/span><a href=\"https:\/\/reencuentro.xoc.uam.mx\/index.php\/reencuentro\/article\/view\/1174\"><span style=\"font-weight: 400;\">https:\/\/reencuentro.xoc.uam.mx\/index.php\/reencuentro\/article\/view\/1174<\/span><\/a><\/p><p><span style=\"font-weight: 400;\">Beller Taboada, W. (2023). \u00bfC\u00f3mo un marco epist\u00e9mico condiciona la orientaci\u00f3n en la universidad? Un esbozo hist\u00f3rico. <\/span><i><span style=\"font-weight: 400;\">Reencuentro an\u00e1lisis de problemas universitarios<\/span><\/i><span style=\"font-weight: 400;\">, (83). <\/span><a href=\"https:\/\/reencuentro.xoc.uam.mx\/index.php\/reencuentro\/article\/view\/1140\"><span style=\"font-weight: 400;\">https:\/\/reencuentro.xoc.uam.mx\/index.php\/reencuentro\/article\/view\/1140<\/span><\/a><\/p><p><span style=\"font-weight: 400;\">Beller Taboada, W. (2023). Presentaci\u00f3n n\u00famero 83. <\/span><i><span style=\"font-weight: 400;\">Reencuentro an\u00e1lisis de problemas universitarios<\/span><\/i><span style=\"font-weight: 400;\">, (83). <\/span><a href=\"https:\/\/reencuentro.xoc.uam.mx\/index.php\/reencuentro\/article\/view\/1134\"><span style=\"font-weight: 400;\">https:\/\/reencuentro.xoc.uam.mx\/index.php\/reencuentro\/article\/view\/1134<\/span><\/a><\/p><\/div>\n\t\t\t\t<\/div>\n\t\t\t\t\t\t\t<div class=\"elementor-accordion-item\">\n\t\t\t\t\t<div id=\"elementor-tab-title-1462\" class=\"elementor-tab-title\" data-tab=\"2\" role=\"button\" aria-controls=\"elementor-tab-content-1462\" aria-expanded=\"false\">\n\t\t\t\t\t\t\t\t\t\t\t\t\t<span class=\"elementor-accordion-icon elementor-accordion-icon-left\" aria-hidden=\"true\">\n\t\t\t\t\t\t\t\t\t\t\t\t\t\t\t<span class=\"elementor-accordion-icon-closed\"><i class=\"fas fa-plus\"><\/i><\/span>\n\t\t\t\t\t\t\t\t<span class=\"elementor-accordion-icon-opened\"><i class=\"fas fa-minus\"><\/i><\/span>\n\t\t\t\t\t\t\t\t\t\t\t\t\t\t<\/span>\n\t\t\t\t\t\t\t\t\t\t\t\t<a class=\"elementor-accordion-title\" tabindex=\"0\">2022<\/a>\n\t\t\t\t\t<\/div>\n\t\t\t\t\t<div id=\"elementor-tab-content-1462\" class=\"elementor-tab-content elementor-clearfix\" data-tab=\"2\" role=\"region\" aria-labelledby=\"elementor-tab-title-1462\"><p><span style=\"font-weight: 400;\">Beller Taboada, W. (2022). Una cierta experiencia melanc\u00f3lica ante la informaci\u00f3n: A prop\u00f3sito del libro No cosas de Byung-Chul Han. <\/span><i><span style=\"font-weight: 400;\">Reencuentro, an\u00e1lisis de problemas universitarios, 33<\/span><\/i><span style=\"font-weight: 400;\">(81). 201-214 <\/span><a href=\"https:\/\/reencuentro.xoc.uam.mx\/index.php\/reencuentro\/article\/view\/1112\"><span style=\"font-weight: 400;\">https:\/\/reencuentro.xoc.uam.mx\/index.php\/reencuentro\/article\/view\/1112<\/span><\/a><\/p><\/div>\n\t\t\t\t<\/div>\n\t\t\t\t\t\t\t<div class=\"elementor-accordion-item\">\n\t\t\t\t\t<div id=\"elementor-tab-title-1463\" class=\"elementor-tab-title\" data-tab=\"3\" role=\"button\" aria-controls=\"elementor-tab-content-1463\" aria-expanded=\"false\">\n\t\t\t\t\t\t\t\t\t\t\t\t\t<span class=\"elementor-accordion-icon elementor-accordion-icon-left\" aria-hidden=\"true\">\n\t\t\t\t\t\t\t\t\t\t\t\t\t\t\t<span class=\"elementor-accordion-icon-closed\"><i class=\"fas fa-plus\"><\/i><\/span>\n\t\t\t\t\t\t\t\t<span class=\"elementor-accordion-icon-opened\"><i class=\"fas fa-minus\"><\/i><\/span>\n\t\t\t\t\t\t\t\t\t\t\t\t\t\t<\/span>\n\t\t\t\t\t\t\t\t\t\t\t\t<a class=\"elementor-accordion-title\" tabindex=\"0\">2021<\/a>\n\t\t\t\t\t<\/div>\n\t\t\t\t\t<div id=\"elementor-tab-content-1463\" class=\"elementor-tab-content elementor-clearfix\" data-tab=\"3\" role=\"region\" aria-labelledby=\"elementor-tab-title-1463\"><p><span style=\"font-weight: 400;\">Beller Taboada, W. (2021). Los discursos, la pandemia y las falacias. <\/span><i><span style=\"font-weight: 400;\">Argumentos. Estudios Cr\u00edticos de la Sociedad, 1<\/span><\/i><span style=\"font-weight: 400;\">(96), 115-131. <\/span><a href=\"https:\/\/argumentos.xoc.uam.mx\/index.php\/argumentos\/article\/view\/1253\"><span style=\"font-weight: 400;\">https:\/\/argumentos.xoc.uam.mx\/index.php\/argumentos\/article\/view\/1253<\/span><\/a><\/p><p><span style=\"font-weight: 400;\">Beller Taboada, W., &amp; G\u00f3ngora Soberanes, J. (2021). \u00bfPor qu\u00e9 debe prevalecer la razonabilidad jur\u00eddica en la perspectiva de g\u00e9nero? <\/span><i><span style=\"font-weight: 400;\">Reencuentro, An\u00e1lisis de Problemas Universitarios, 1<\/span><\/i><span style=\"font-weight: 400;\">(79), 9-24. <\/span><a href=\"https:\/\/reencuentro.xoc.uam.mx\/index.php\/reencuentro\/article\/view\/1041\"><span style=\"font-weight: 400;\">https:\/\/reencuentro.xoc.uam.mx\/index.php\/reencuentro\/article\/view\/1041<\/span><\/a><\/p><\/div>\n\t\t\t\t<\/div>\n\t\t\t\t\t\t\t<div class=\"elementor-accordion-item\">\n\t\t\t\t\t<div id=\"elementor-tab-title-1464\" class=\"elementor-tab-title\" data-tab=\"4\" role=\"button\" aria-controls=\"elementor-tab-content-1464\" aria-expanded=\"false\">\n\t\t\t\t\t\t\t\t\t\t\t\t\t<span class=\"elementor-accordion-icon elementor-accordion-icon-left\" aria-hidden=\"true\">\n\t\t\t\t\t\t\t\t\t\t\t\t\t\t\t<span class=\"elementor-accordion-icon-closed\"><i class=\"fas fa-plus\"><\/i><\/span>\n\t\t\t\t\t\t\t\t<span class=\"elementor-accordion-icon-opened\"><i class=\"fas fa-minus\"><\/i><\/span>\n\t\t\t\t\t\t\t\t\t\t\t\t\t\t<\/span>\n\t\t\t\t\t\t\t\t\t\t\t\t<a class=\"elementor-accordion-title\" tabindex=\"0\">2020<\/a>\n\t\t\t\t\t<\/div>\n\t\t\t\t\t<div id=\"elementor-tab-content-1464\" class=\"elementor-tab-content elementor-clearfix\" data-tab=\"4\" role=\"region\" aria-labelledby=\"elementor-tab-title-1464\"><p><span style=\"font-weight: 400;\">Beller Taboada, W. (2020). Vicisitudes de la cultura en M\u00e9xico: l\u00f3gica, metodolog\u00eda y argumentaci\u00f3n. En <\/span><i><span style=\"font-weight: 400;\">Argumentos. Estudios cr\u00edticos de la sociedad<\/span><\/i><span style=\"font-weight: 400;\">, (Secci\u00f3n: Rese\u00f1as), 333. <\/span><a href=\"https:\/\/argumentos.xoc.uam.mx\/index.php\/argumentos\/article\/view\/1180\"><span style=\"font-weight: 400;\">https:\/\/argumentos.xoc.uam.mx\/index.php\/argumentos\/article\/view\/1180<\/span><\/a><\/p><\/div>\n\t\t\t\t<\/div>\n\t\t\t\t\t\t\t<div class=\"elementor-accordion-item\">\n\t\t\t\t\t<div id=\"elementor-tab-title-1465\" class=\"elementor-tab-title\" data-tab=\"5\" role=\"button\" aria-controls=\"elementor-tab-content-1465\" aria-expanded=\"false\">\n\t\t\t\t\t\t\t\t\t\t\t\t\t<span class=\"elementor-accordion-icon elementor-accordion-icon-left\" aria-hidden=\"true\">\n\t\t\t\t\t\t\t\t\t\t\t\t\t\t\t<span class=\"elementor-accordion-icon-closed\"><i class=\"fas fa-plus\"><\/i><\/span>\n\t\t\t\t\t\t\t\t<span class=\"elementor-accordion-icon-opened\"><i class=\"fas fa-minus\"><\/i><\/span>\n\t\t\t\t\t\t\t\t\t\t\t\t\t\t<\/span>\n\t\t\t\t\t\t\t\t\t\t\t\t<a class=\"elementor-accordion-title\" tabindex=\"0\">2018<\/a>\n\t\t\t\t\t<\/div>\n\t\t\t\t\t<div id=\"elementor-tab-content-1465\" class=\"elementor-tab-content elementor-clearfix\" data-tab=\"5\" role=\"region\" aria-labelledby=\"elementor-tab-title-1465\"><p><span style=\"font-weight: 400;\">Beller Taboada, W. (2018). Cinco obst\u00e1culos para la identidad de las mujeres. <\/span><i><span style=\"font-weight: 400;\">El Cotidiano<\/span><\/i><span style=\"font-weight: 400;\">, (212), 47-54. <\/span><a href=\"https:\/\/www.proquest.com\/openview\/6a6fe97be838bb11c45c8e4bcc00ad2c\/1?pq-origsite=gscholar&amp;cbl=28292\"><span style=\"font-weight: 400;\">https:\/\/www.proquest.com\/openview\/6a6fe97be838bb11c45c8e4bcc00ad2c\/1?pq-origsite=gscholar&amp;cbl=28292<\/span><\/a><\/p><p><span style=\"font-weight: 400;\">Beller Taboada, W. (2018). Feminicidio: Entre la raz\u00f3n p\u00fablica y la razonabilidad democr\u00e1tica. Una necesaria reflexi\u00f3n universitaria. <\/span><i><span style=\"font-weight: 400;\">Reencuentro<\/span><\/i><span style=\"font-weight: 400;\">, 28(74), 83-106.<\/span><a href=\"https:\/\/www.redalyc.org\/journal\/340\/34056723005\/html\/\"><span style=\"font-weight: 400;\">https:\/\/www.redalyc.org\/journal\/340\/34056723005\/html\/<\/span><\/a><\/p><p><span style=\"font-weight: 400;\">Beller Taboada, W. (2018). El psicoan\u00e1lisis bajo la condici\u00f3n de las crisis en las ciencias. <\/span><i><span style=\"font-weight: 400;\">Veredas<\/span><\/i><span style=\"font-weight: 400;\">. <\/span><a href=\"https:\/\/veredasojs.xoc.uam.mx\/index.php\/veredas\/article\/view\/489\"><span style=\"font-weight: 400;\">https:\/\/veredasojs.xoc.uam.mx\/index.php\/veredas\/article\/view\/489<\/span><\/a><\/p><\/div>\n\t\t\t\t<\/div>\n\t\t\t\t\t\t\t<div class=\"elementor-accordion-item\">\n\t\t\t\t\t<div id=\"elementor-tab-title-1466\" class=\"elementor-tab-title\" data-tab=\"6\" role=\"button\" aria-controls=\"elementor-tab-content-1466\" aria-expanded=\"false\">\n\t\t\t\t\t\t\t\t\t\t\t\t\t<span class=\"elementor-accordion-icon elementor-accordion-icon-left\" aria-hidden=\"true\">\n\t\t\t\t\t\t\t\t\t\t\t\t\t\t\t<span class=\"elementor-accordion-icon-closed\"><i class=\"fas fa-plus\"><\/i><\/span>\n\t\t\t\t\t\t\t\t<span class=\"elementor-accordion-icon-opened\"><i class=\"fas fa-minus\"><\/i><\/span>\n\t\t\t\t\t\t\t\t\t\t\t\t\t\t<\/span>\n\t\t\t\t\t\t\t\t\t\t\t\t<a class=\"elementor-accordion-title\" tabindex=\"0\">2017<\/a>\n\t\t\t\t\t<\/div>\n\t\t\t\t\t<div id=\"elementor-tab-content-1466\" class=\"elementor-tab-content elementor-clearfix\" data-tab=\"6\" role=\"region\" aria-labelledby=\"elementor-tab-title-1466\"><p><span style=\"font-weight: 400;\">Beller Taboada, W. (2017). Conocimiento y l\u00f3gica de significaciones. Revista Internacional de Educaci\u00f3n y Aprendizaje, 4(1), 79 &#8211; 86. <\/span><a href=\"https:\/\/journals.eagora.org\/revEDU\/article\/download\/519\/139\"><span style=\"font-weight: 400;\">https:\/\/journals.eagora.org\/revEDU\/article\/download\/519\/139<\/span><\/a><\/p><\/div>\n\t\t\t\t<\/div>\n\t\t\t\t\t\t\t<div class=\"elementor-accordion-item\">\n\t\t\t\t\t<div id=\"elementor-tab-title-1467\" class=\"elementor-tab-title\" data-tab=\"7\" role=\"button\" aria-controls=\"elementor-tab-content-1467\" aria-expanded=\"false\">\n\t\t\t\t\t\t\t\t\t\t\t\t\t<span class=\"elementor-accordion-icon elementor-accordion-icon-left\" aria-hidden=\"true\">\n\t\t\t\t\t\t\t\t\t\t\t\t\t\t\t<span class=\"elementor-accordion-icon-closed\"><i class=\"fas fa-plus\"><\/i><\/span>\n\t\t\t\t\t\t\t\t<span class=\"elementor-accordion-icon-opened\"><i class=\"fas fa-minus\"><\/i><\/span>\n\t\t\t\t\t\t\t\t\t\t\t\t\t\t<\/span>\n\t\t\t\t\t\t\t\t\t\t\t\t<a class=\"elementor-accordion-title\" tabindex=\"0\">2016<\/a>\n\t\t\t\t\t<\/div>\n\t\t\t\t\t<div id=\"elementor-tab-content-1467\" class=\"elementor-tab-content elementor-clearfix\" data-tab=\"7\" role=\"region\" aria-labelledby=\"elementor-tab-title-1467\"><p><span style=\"font-weight: 400;\">Beller Taboada, W. (2016). En la mente del asesino o la ontoteolog\u00eda en el cine. En Casa del tiempo (Vol. III, Cap. 2). <\/span><a href=\"https:\/\/www.uam.mx\/difusion\/casadeltiempo\/25_feb_2016\/casa_del_tiempo_eV_num_25_15_17.pdf\"><span style=\"font-weight: 400;\">https:\/\/www.uam.mx\/difusion\/casadeltiempo\/25_feb_2016\/casa_del_tiempo_eV_num_25_15_17.pdf<\/span><\/a><\/p><\/div>\n\t\t\t\t<\/div>\n\t\t\t\t\t\t\t<div class=\"elementor-accordion-item\">\n\t\t\t\t\t<div id=\"elementor-tab-title-1468\" class=\"elementor-tab-title\" data-tab=\"8\" role=\"button\" aria-controls=\"elementor-tab-content-1468\" aria-expanded=\"false\">\n\t\t\t\t\t\t\t\t\t\t\t\t\t<span class=\"elementor-accordion-icon elementor-accordion-icon-left\" aria-hidden=\"true\">\n\t\t\t\t\t\t\t\t\t\t\t\t\t\t\t<span class=\"elementor-accordion-icon-closed\"><i class=\"fas fa-plus\"><\/i><\/span>\n\t\t\t\t\t\t\t\t<span class=\"elementor-accordion-icon-opened\"><i class=\"fas fa-minus\"><\/i><\/span>\n\t\t\t\t\t\t\t\t\t\t\t\t\t\t<\/span>\n\t\t\t\t\t\t\t\t\t\t\t\t<a class=\"elementor-accordion-title\" tabindex=\"0\">2015<\/a>\n\t\t\t\t\t<\/div>\n\t\t\t\t\t<div id=\"elementor-tab-content-1468\" class=\"elementor-tab-content elementor-clearfix\" data-tab=\"8\" role=\"region\" aria-labelledby=\"elementor-tab-title-1468\"><p><span style=\"font-weight: 400;\">Beller Taboada, W. (2015). L\u00f3gicas no cl\u00e1sicas: \u00bfOtra herida narcisista? <\/span><i><span style=\"font-weight: 400;\">Letra en Psicoan\u00e1lisis<\/span><\/i><span style=\"font-weight: 400;\">, 1(1), 1-16. <\/span><a href=\"https:\/\/cies-revistas.mx\/index.php\/Psicoanalisis\/article\/view\/15\"><span style=\"font-weight: 400;\">https:\/\/cies-revistas.mx\/index.php\/Psicoanalisis\/article\/view\/15<\/span><\/a><\/p><p><span style=\"font-weight: 400;\">Beller Taboada, W. (2015). Los principios del laicismo y los derechos humanos. Hacia una fundamentaci\u00f3n discursiva. <\/span><i><span style=\"font-weight: 400;\">Reencuentro: An\u00e1lisis de problemas universitarios<\/span><\/i><span style=\"font-weight: 400;\">, (70), 70-83. <\/span><a href=\"https:\/\/reencuentro.xoc.uam.mx\/index.php\/reencuentro\/article\/view\/888\"><span style=\"font-weight: 400;\">https:\/\/reencuentro.xoc.uam.mx\/index.php\/reencuentro\/article\/view\/888<\/span> <\/a><\/p><p><span style=\"font-weight: 400;\">Beller Taboada, W. (2015). Ayn Rand y el asunto de la cannabis. <\/span><i><span style=\"font-weight: 400;\">Casa del Tiempo<\/span><\/i><span style=\"font-weight: 400;\">, Volumen II. M\u00e9xico. <\/span><a href=\"https:\/\/www.uam.mx\/difusion\/casadeltiempo\/23_24_dic_ene_2016\/casa_del_tiempo_eV_num_23_24_60_61.pdf\"><span style=\"font-weight: 400;\">https:\/\/www.uam.mx\/difusion\/casadeltiempo\/23_24_dic_ene_2016\/casa_del_tiempo_eV_num_23_24_60_61.pdf<\/span><\/a><\/p><p><span style=\"font-weight: 400;\">Beller Taboada, W. (2015). \u00c9rase un t\u00f3pico en filosof\u00eda: la l\u00f3gica dial\u00e9ctica. En <\/span><i><span style=\"font-weight: 400;\">Antes y despu\u00e9s del Hubble<\/span><\/i><span style=\"font-weight: 400;\"> (pp. [N\u00famero de p\u00e1gina inicial]-[N\u00famero de p\u00e1gina final]). <\/span><i><span style=\"font-weight: 400;\">Casa del Tiempo<\/span><\/i><span style=\"font-weight: 400;\">, Volumen II.. <\/span><a href=\"https:\/\/www.uam.mx\/difusion\/casadeltiempo\/18_19_jul_ago_2015\/casa_del_tiempo_eV_num_18_19_32_34.pdf\"><span style=\"font-weight: 400;\">https:\/\/www.uam.mx\/difusion\/casadeltiempo\/18_19_jul_ago_2015\/casa_del_tiempo_eV_num_18_19_32_34.pdf<\/span><\/a><\/p><\/div>\n\t\t\t\t<\/div>\n\t\t\t\t\t\t\t\t<\/div>\n\t\t\t\t\t\t<\/div>\n\t\t\t\t<\/div>\n\t\t\t\t<div class=\"elementor-element elementor-element-e431225 elementor-invisible elementor-widget elementor-widget-button\" data-id=\"e431225\" data-element_type=\"widget\" data-e-type=\"widget\" data-settings=\"{&quot;_animation&quot;:&quot;fadeInUp&quot;}\" data-widget_type=\"button.default\">\n\t\t\t\t<div class=\"elementor-widget-container\">\n\t\t\t\t\t\t\t\t\t<div class=\"elementor-button-wrapper\">\n\t\t\t\t\t<a class=\"elementor-button elementor-button-link elementor-size-sm\" href=\"https:\/\/dcsh.xoc.uam.mx\/posgrados\/deplaed\/profesores-asociados\/\">\n\t\t\t\t\t\t<span class=\"elementor-button-content-wrapper\">\n\t\t\t\t\t\t\t\t\t<span class=\"elementor-button-text\">Regresar<\/span>\n\t\t\t\t\t<\/span>\n\t\t\t\t\t<\/a>\n\t\t\t\t<\/div>\n\t\t\t\t\t\t\t\t<\/div>\n\t\t\t\t<\/div>\n\t\t\t\t\t<\/div>\n\t\t<\/div>\n\t\t\t\t\t<\/div>\n\t\t<\/section>\n\t\t\t\t<\/div>\n\t\t","protected":false},"excerpt":{"rendered":"<p>Dr. Walter Beller Taboada GRADO: DOCTORADO PROFESOR(A) TITULAR A TIEMPO COMPLETO DEPARTAMENTO DE EDUCACI\u00d3N Y COMUNICACI\u00d3N Contacto wbeller@correo.xoc.uam.mx Semblanza: Este destacado acad\u00e9mico, doctor en filosof\u00eda por la UNAM y maestro en Teor\u00eda Psicoanal\u00edtica, es Profesor-Investigador Titular C en la Universidad Aut\u00f3noma Metropolitana, Unidad Xochimilco. Con una formaci\u00f3n diversa que incluye estudios de Derecho en la [&hellip;]<\/p>\n","protected":false},"author":3,"featured_media":0,"parent":0,"menu_order":0,"comment_status":"closed","ping_status":"closed","template":"","meta":{"site-sidebar-layout":"default","site-content-layout":"page-builder","ast-site-content-layout":"default","site-content-style":"default","site-sidebar-style":"default","ast-global-header-display":"","ast-banner-title-visibility":"","ast-main-header-display":"","ast-hfb-above-header-display":"","ast-hfb-below-header-display":"","ast-hfb-mobile-header-display":"","site-post-title":"disabled","ast-breadcrumbs-content":"","ast-featured-img":"disabled","footer-sml-layout":"","ast-disable-related-posts":"","theme-transparent-header-meta":"enabled","adv-header-id-meta":"","stick-header-meta":"","header-above-stick-meta":"","header-main-stick-meta":"","header-below-stick-meta":"","astra-migrate-meta-layouts":"default","ast-page-background-enabled":"default","ast-page-background-meta":{"desktop":{"background-color":"","background-image":"","background-repeat":"repeat","background-position":"center center","background-size":"auto","background-attachment":"scroll","background-type":"","background-media":"","overlay-type":"","overlay-color":"","overlay-opacity":"","overlay-gradient":""},"tablet":{"background-color":"","background-image":"","background-repeat":"repeat","background-position":"center center","background-size":"auto","background-attachment":"scroll","background-type":"","background-media":"","overlay-type":"","overlay-color":"","overlay-opacity":"","overlay-gradient":""},"mobile":{"background-color":"","background-image":"","background-repeat":"repeat","background-position":"center center","background-size":"auto","background-attachment":"scroll","background-type":"","background-media":"","overlay-type":"","overlay-color":"","overlay-opacity":"","overlay-gradient":""}},"ast-content-background-meta":{"desktop":{"background-color":"var(--ast-global-color-5)","background-image":"","background-repeat":"repeat","background-position":"center center","background-size":"auto","background-attachment":"scroll","background-type":"","background-media":"","overlay-type":"","overlay-color":"","overlay-opacity":"","overlay-gradient":""},"tablet":{"background-color":"var(--ast-global-color-5)","background-image":"","background-repeat":"repeat","background-position":"center center","background-size":"auto","background-attachment":"scroll","background-type":"","background-media":"","overlay-type":"","overlay-color":"","overlay-opacity":"","overlay-gradient":""},"mobile":{"background-color":"var(--ast-global-color-5)","background-image":"","background-repeat":"repeat","background-position":"center center","background-size":"auto","background-attachment":"scroll","background-type":"","background-media":"","overlay-type":"","overlay-color":"","overlay-opacity":"","overlay-gradient":""}},"footnotes":""},"class_list":["post-3975","page","type-page","status-publish","hentry"],"_links":{"self":[{"href":"https:\/\/dcsh.xoc.uam.mx\/posgrados\/deplaed\/wp-json\/wp\/v2\/pages\/3975","targetHints":{"allow":["GET"]}}],"collection":[{"href":"https:\/\/dcsh.xoc.uam.mx\/posgrados\/deplaed\/wp-json\/wp\/v2\/pages"}],"about":[{"href":"https:\/\/dcsh.xoc.uam.mx\/posgrados\/deplaed\/wp-json\/wp\/v2\/types\/page"}],"author":[{"embeddable":true,"href":"https:\/\/dcsh.xoc.uam.mx\/posgrados\/deplaed\/wp-json\/wp\/v2\/users\/3"}],"replies":[{"embeddable":true,"href":"https:\/\/dcsh.xoc.uam.mx\/posgrados\/deplaed\/wp-json\/wp\/v2\/comments?post=3975"}],"version-history":[{"count":16,"href":"https:\/\/dcsh.xoc.uam.mx\/posgrados\/deplaed\/wp-json\/wp\/v2\/pages\/3975\/revisions"}],"predecessor-version":[{"id":4510,"href":"https:\/\/dcsh.xoc.uam.mx\/posgrados\/deplaed\/wp-json\/wp\/v2\/pages\/3975\/revisions\/4510"}],"wp:attachment":[{"href":"https:\/\/dcsh.xoc.uam.mx\/posgrados\/deplaed\/wp-json\/wp\/v2\/media?parent=3975"}],"curies":[{"name":"wp","href":"https:\/\/api.w.org\/{rel}","templated":true}]}}