{"id":3897,"date":"2024-01-30T20:14:43","date_gmt":"2024-01-30T20:14:43","guid":{"rendered":"https:\/\/dcsh.xoc.uam.mx\/posgrados\/deplaed\/?page_id=3897"},"modified":"2024-02-09T18:39:30","modified_gmt":"2024-02-09T18:39:30","slug":"mauricio-andion-gamboa-3","status":"publish","type":"page","link":"https:\/\/dcsh.xoc.uam.mx\/posgrados\/deplaed\/mauricio-andion-gamboa-3\/","title":{"rendered":"mauricio andi\u00f3n gamboa"},"content":{"rendered":"\t\t<div data-elementor-type=\"wp-page\" data-elementor-id=\"3897\" class=\"elementor elementor-3897\" data-elementor-post-type=\"page\">\n\t\t\t\t\t\t<section class=\"elementor-section elementor-top-section elementor-element elementor-element-2590dc9 elementor-section-full_width elementor-section-height-min-height elementor-section-height-default elementor-section-items-middle\" data-id=\"2590dc9\" data-element_type=\"section\" data-e-type=\"section\" data-settings=\"{&quot;background_background&quot;:&quot;classic&quot;}\">\n\t\t\t\t\t\t\t<div class=\"elementor-background-overlay\"><\/div>\n\t\t\t\t\t\t\t<div class=\"elementor-container elementor-column-gap-default\">\n\t\t\t\t\t<div class=\"elementor-column elementor-col-100 elementor-top-column elementor-element elementor-element-93d3b97\" data-id=\"93d3b97\" data-element_type=\"column\" data-e-type=\"column\">\n\t\t\t<div class=\"elementor-widget-wrap\">\n\t\t\t\t\t\t\t<\/div>\n\t\t<\/div>\n\t\t\t\t\t<\/div>\n\t\t<\/section>\n\t\t\t\t<section class=\"elementor-section elementor-top-section elementor-element elementor-element-7cfdf15 elementor-section-full_width elementor-section-height-default elementor-section-height-default\" data-id=\"7cfdf15\" data-element_type=\"section\" data-e-type=\"section\">\n\t\t\t\t\t\t<div class=\"elementor-container elementor-column-gap-default\">\n\t\t\t\t\t<div class=\"elementor-column elementor-col-100 elementor-top-column elementor-element elementor-element-62eca49\" data-id=\"62eca49\" data-element_type=\"column\" data-e-type=\"column\">\n\t\t\t<div class=\"elementor-widget-wrap elementor-element-populated\">\n\t\t\t\t\t\t<div class=\"elementor-element elementor-element-a61708a elementor-widget elementor-widget-heading\" data-id=\"a61708a\" data-element_type=\"widget\" data-e-type=\"widget\" data-widget_type=\"heading.default\">\n\t\t\t\t<div class=\"elementor-widget-container\">\n\t\t\t\t\t<h2 class=\"elementor-heading-title elementor-size-default\">Dr. Mauricio Andi\u00f3n Gamboa<\/h2>\t\t\t\t<\/div>\n\t\t\t\t<\/div>\n\t\t\t\t\t<\/div>\n\t\t<\/div>\n\t\t\t\t\t<\/div>\n\t\t<\/section>\n\t\t\t\t<section class=\"elementor-section elementor-top-section elementor-element elementor-element-785deea elementor-section-boxed elementor-section-height-default elementor-section-height-default\" data-id=\"785deea\" data-element_type=\"section\" data-e-type=\"section\">\n\t\t\t\t\t\t<div class=\"elementor-container elementor-column-gap-default\">\n\t\t\t\t\t<div class=\"elementor-column elementor-col-100 elementor-top-column elementor-element elementor-element-a5828c2\" data-id=\"a5828c2\" data-element_type=\"column\" data-e-type=\"column\">\n\t\t\t<div class=\"elementor-widget-wrap elementor-element-populated\">\n\t\t\t\t\t\t\t<\/div>\n\t\t<\/div>\n\t\t\t\t\t<\/div>\n\t\t<\/section>\n\t\t\t\t<section class=\"elementor-section elementor-top-section elementor-element elementor-element-66f07a4 elementor-section-boxed elementor-section-height-default elementor-section-height-default\" data-id=\"66f07a4\" data-element_type=\"section\" data-e-type=\"section\">\n\t\t\t\t\t\t<div class=\"elementor-container elementor-column-gap-default\">\n\t\t\t\t\t<div class=\"elementor-column elementor-col-100 elementor-top-column elementor-element elementor-element-78e99ab\" data-id=\"78e99ab\" data-element_type=\"column\" data-e-type=\"column\">\n\t\t\t<div class=\"elementor-widget-wrap elementor-element-populated\">\n\t\t\t\t\t\t<section class=\"elementor-section elementor-inner-section elementor-element elementor-element-63af510 elementor-section-boxed elementor-section-height-default elementor-section-height-default\" data-id=\"63af510\" data-element_type=\"section\" data-e-type=\"section\">\n\t\t\t\t\t\t<div class=\"elementor-container elementor-column-gap-default\">\n\t\t\t\t\t<div class=\"elementor-column elementor-col-50 elementor-inner-column elementor-element elementor-element-59dc8af\" data-id=\"59dc8af\" data-element_type=\"column\" data-e-type=\"column\">\n\t\t\t<div class=\"elementor-widget-wrap elementor-element-populated\">\n\t\t\t\t\t\t<div class=\"elementor-element elementor-element-90c50e4 elementor-invisible elementor-widget elementor-widget-image\" data-id=\"90c50e4\" data-element_type=\"widget\" data-e-type=\"widget\" data-settings=\"{&quot;_animation&quot;:&quot;fadeIn&quot;}\" data-widget_type=\"image.default\">\n\t\t\t\t<div class=\"elementor-widget-container\">\n\t\t\t\t\t\t\t\t\t\t\t\t\t\t\t<img fetchpriority=\"high\" decoding=\"async\" width=\"340\" height=\"430\" src=\"https:\/\/dcsh.xoc.uam.mx\/posgrados\/deplaed\/wp-content\/uploads\/2024\/01\/Mauricio-Andion-Gamboa.png\" class=\"attachment-large size-large wp-image-3792\" alt=\"\" \/>\t\t\t\t\t\t\t\t\t\t\t\t\t\t\t<\/div>\n\t\t\t\t<\/div>\n\t\t\t\t\t<\/div>\n\t\t<\/div>\n\t\t\t\t<div class=\"elementor-column elementor-col-50 elementor-inner-column elementor-element elementor-element-b34d50b\" data-id=\"b34d50b\" data-element_type=\"column\" data-e-type=\"column\">\n\t\t\t<div class=\"elementor-widget-wrap elementor-element-populated\">\n\t\t\t\t\t\t<div class=\"elementor-element elementor-element-1f961b5 elementor-invisible elementor-widget elementor-widget-text-editor\" data-id=\"1f961b5\" data-element_type=\"widget\" data-e-type=\"widget\" data-settings=\"{&quot;_animation&quot;:&quot;fadeInLeft&quot;}\" data-widget_type=\"text-editor.default\">\n\t\t\t\t<div class=\"elementor-widget-container\">\n\t\t\t\t\t\t\t\t\t<div><div><div><p><strong>GRADO:<\/strong> DOCTORADO<\/p><\/div><div><p><strong>PROFESOR(A) ASOCIADO C TIEMPO COMPLETO<\/strong><\/p><\/div><\/div><\/div><div><p><strong>MIEMBRO DEL SISTEMA NACIONAL DE INVESTIGADORES NIVEL CANDIDATO<\/strong><\/p><\/div><div><div><p style=\"font-size: 19px;\"><span style=\"font-weight: bold;\">DEPARTAMENTO DE COMUNICACI\u00d3N Y EDUCACI\u00d3N<\/span><\/p><\/div><p><strong>Contacto\u00a0<\/strong><a style=\"font-weight: bold; background-color: #f3f9ff; font-size: 1rem;\" href=\"mailto:%20mandion@correo.xoc.uam.mx\">mandion@correo.xoc.uam.mx<\/a><\/p><\/div>\t\t\t\t\t\t\t\t<\/div>\n\t\t\t\t<\/div>\n\t\t\t\t\t<\/div>\n\t\t<\/div>\n\t\t\t\t\t<\/div>\n\t\t<\/section>\n\t\t\t\t<div class=\"elementor-element elementor-element-0e0e327 elementor-invisible elementor-widget elementor-widget-text-editor\" data-id=\"0e0e327\" data-element_type=\"widget\" data-e-type=\"widget\" data-settings=\"{&quot;_animation&quot;:&quot;fadeInDown&quot;}\" data-widget_type=\"text-editor.default\">\n\t\t\t\t<div class=\"elementor-widget-container\">\n\t\t\t\t\t\t\t\t\t<p><strong>Semblanza: <b> <span style=\"font-weight: 400;\">Profesor-Investigador en Educaci\u00f3n y Comunicaci\u00f3n en la UAM-X, es Doctor en Educaci\u00f3n y Comunicaci\u00f3n por la UCLA. Su enfoque aborda los cambios culturales ligados a la educaci\u00f3n y la tecnolog\u00eda. Autor del libro \u00abUniversidad Nodo\u00bb y coordinador de obras como \u00abHermen\u00e9utica de la producci\u00f3n simb\u00f3lica\u00bb y \u00abS\u00edmbolos Digitales\u00bb. Con una s\u00f3lida formaci\u00f3n, destaca en el \u00e1mbito educativo y filos\u00f3fico, con Maestr\u00eda en Ciencias de la Educaci\u00f3n y Licenciatura en Sociolog\u00eda. Adem\u00e1s, imparte clases en los programas de Comunicaci\u00f3n y Estudios Educativos, UAM-X. Su labor incluye investigaci\u00f3n, desarrollo de programas educativos y participaci\u00f3n en proyectos culturales y multimedia.<\/span><\/b><\/strong><\/p><p style=\"font-size: 19px; font-style: normal; font-weight: 300; text-align: start;\"><span style=\"font-weight: bold; font-style: inherit; color: var(--ast-global-color-3);\">Proyecto actual:\u00a0<span style=\"font-weight: 400;\">Est\u00e9tica y pol\u00edtica de la mirada y escucha.<\/span><\/span><\/p><p><strong>L\u00ednea de investigaci\u00f3n e incidencia social (LIES):<b> <span style=\"font-weight: 400;\">El sistema educativo, cultura, ciencia y tecnologi\u0301a.<\/span><\/b><\/strong><\/p><p><span style=\"font-weight: bold;\">LIES secundaria: <span style=\"font-weight: 400;\">Problemas y tendencias actuales en la educacio\u0301n.<\/span><\/span><\/p>\t\t\t\t\t\t\t\t<\/div>\n\t\t\t\t<\/div>\n\t\t\t\t<div class=\"elementor-element elementor-element-4ec899d elementor-widget-divider--view-line elementor-invisible elementor-widget elementor-widget-divider\" data-id=\"4ec899d\" data-element_type=\"widget\" data-e-type=\"widget\" data-settings=\"{&quot;_animation&quot;:&quot;zoomIn&quot;}\" data-widget_type=\"divider.default\">\n\t\t\t\t<div class=\"elementor-widget-container\">\n\t\t\t\t\t\t\t<div class=\"elementor-divider\">\n\t\t\t<span class=\"elementor-divider-separator\">\n\t\t\t\t\t\t<\/span>\n\t\t<\/div>\n\t\t\t\t\t\t<\/div>\n\t\t\t\t<\/div>\n\t\t\t\t<div class=\"elementor-element elementor-element-7d0ed0c elementor-invisible elementor-widget elementor-widget-heading\" data-id=\"7d0ed0c\" data-element_type=\"widget\" data-e-type=\"widget\" data-settings=\"{&quot;_animation&quot;:&quot;slideInUp&quot;}\" data-widget_type=\"heading.default\">\n\t\t\t\t<div class=\"elementor-widget-container\">\n\t\t\t\t\t<h2 class=\"elementor-heading-title elementor-size-default\">Consultar Publicacones <\/h2>\t\t\t\t<\/div>\n\t\t\t\t<\/div>\n\t\t\t\t<div class=\"elementor-element elementor-element-33efe32 elementor-view-default elementor-invisible elementor-widget elementor-widget-icon\" data-id=\"33efe32\" data-element_type=\"widget\" data-e-type=\"widget\" data-settings=\"{&quot;_animation&quot;:&quot;slideInDown&quot;}\" data-widget_type=\"icon.default\">\n\t\t\t\t<div class=\"elementor-widget-container\">\n\t\t\t\t\t\t\t<div class=\"elementor-icon-wrapper\">\n\t\t\t<div class=\"elementor-icon\">\n\t\t\t<i aria-hidden=\"true\" class=\"fas fa-arrow-down\"><\/i>\t\t\t<\/div>\n\t\t<\/div>\n\t\t\t\t\t\t<\/div>\n\t\t\t\t<\/div>\n\t\t\t\t\t<\/div>\n\t\t<\/div>\n\t\t\t\t\t<\/div>\n\t\t<\/section>\n\t\t\t\t<section class=\"elementor-section elementor-top-section elementor-element elementor-element-52470fa elementor-section-boxed elementor-section-height-default elementor-section-height-default\" data-id=\"52470fa\" data-element_type=\"section\" data-e-type=\"section\">\n\t\t\t\t\t\t<div class=\"elementor-container elementor-column-gap-default\">\n\t\t\t\t\t<div class=\"elementor-column elementor-col-100 elementor-top-column elementor-element elementor-element-3d3240e\" data-id=\"3d3240e\" data-element_type=\"column\" data-e-type=\"column\">\n\t\t\t<div class=\"elementor-widget-wrap elementor-element-populated\">\n\t\t\t\t\t\t<div class=\"elementor-element elementor-element-48d7037 elementor-invisible elementor-widget elementor-widget-accordion\" data-id=\"48d7037\" data-element_type=\"widget\" data-e-type=\"widget\" data-settings=\"{&quot;_animation&quot;:&quot;fadeInUp&quot;}\" data-widget_type=\"accordion.default\">\n\t\t\t\t<div class=\"elementor-widget-container\">\n\t\t\t\t\t\t\t<div class=\"elementor-accordion\">\n\t\t\t\t\t\t\t<div class=\"elementor-accordion-item\">\n\t\t\t\t\t<div id=\"elementor-tab-title-7631\" class=\"elementor-tab-title\" data-tab=\"1\" role=\"button\" aria-controls=\"elementor-tab-content-7631\" aria-expanded=\"false\">\n\t\t\t\t\t\t\t\t\t\t\t\t\t<span class=\"elementor-accordion-icon elementor-accordion-icon-left\" aria-hidden=\"true\">\n\t\t\t\t\t\t\t\t\t\t\t\t\t\t\t<span class=\"elementor-accordion-icon-closed\"><i class=\"fas fa-plus\"><\/i><\/span>\n\t\t\t\t\t\t\t\t<span class=\"elementor-accordion-icon-opened\"><i class=\"fas fa-minus\"><\/i><\/span>\n\t\t\t\t\t\t\t\t\t\t\t\t\t\t<\/span>\n\t\t\t\t\t\t\t\t\t\t\t\t<a class=\"elementor-accordion-title\" tabindex=\"0\">2023<\/a>\n\t\t\t\t\t<\/div>\n\t\t\t\t\t<div id=\"elementor-tab-content-7631\" class=\"elementor-tab-content elementor-clearfix\" data-tab=\"1\" role=\"region\" aria-labelledby=\"elementor-tab-title-7631\"><p><span style=\"font-weight: 400;\">Andi\u00f3n Gamboa, M. (2023). El futuro de la educaci\u00f3n superior en la era pospandemia. En <\/span><i><span style=\"font-weight: 400;\">Educaci\u00f3n en M\u00e9xico en tiempos de pandemia: retos y perspectivas <\/span><\/i><span style=\"font-weight: 400;\">(pp. 49-74). UAM. <\/span><a href=\"https:\/\/www.researchgate.net\/profile\/Mayleth-Echegollen\/publication\/371006767_La_pandemia_como_analizador_de_los_modos_de_subjetivacion_para_el_trabajo_docente-precario_en_Mexico\/links\/646e9c9a8bf29018ccbd0a07\/La-pandemia-como-analizador-de-los-modos-de-subjetivacion-para-el-trabajo-docente-precario-en-Mexico.pdf#page=51\"><span style=\"font-weight: 400;\">https:\/\/www.researchgate.net\/profile\/Mayleth-Echegollen\/publication\/371006767_La_pandemia_como_analizador_de_los_modos_de_subjetivacion_para_el_trabajo_docente-precario_en_Mexico\/links\/646e9c9a8bf29018ccbd0a07\/La-pandemia-como-analizador-de-los-modos-de-subjetivacion-para-el-trabajo-docente-precario-en-Mexico.pdf#page=51<\/span><\/a><\/p><p><span style=\"font-weight: 400;\">Andi\u00f3n Gamboa, M., &amp; C\u00e1rdenas Presa, D. (2023). Convivir con inteligencias artificiales en la educaci\u00f3n superior. <\/span><i><span style=\"font-weight: 400;\">Perfiles Educativos, 45<\/span><\/i><span style=\"font-weight: 400;\">(Especial), 56-69. <\/span><a href=\"https:\/\/doi.org\/10.22201\/iisue.24486167e.2023.Especial.61691\"><span style=\"font-weight: 400;\">https:\/\/doi.org\/10.22201\/iisue.24486167e.2023.Especial.61691<\/span><\/a><\/p><\/div>\n\t\t\t\t<\/div>\n\t\t\t\t\t\t\t<div class=\"elementor-accordion-item\">\n\t\t\t\t\t<div id=\"elementor-tab-title-7632\" class=\"elementor-tab-title\" data-tab=\"2\" role=\"button\" aria-controls=\"elementor-tab-content-7632\" aria-expanded=\"false\">\n\t\t\t\t\t\t\t\t\t\t\t\t\t<span class=\"elementor-accordion-icon elementor-accordion-icon-left\" aria-hidden=\"true\">\n\t\t\t\t\t\t\t\t\t\t\t\t\t\t\t<span class=\"elementor-accordion-icon-closed\"><i class=\"fas fa-plus\"><\/i><\/span>\n\t\t\t\t\t\t\t\t<span class=\"elementor-accordion-icon-opened\"><i class=\"fas fa-minus\"><\/i><\/span>\n\t\t\t\t\t\t\t\t\t\t\t\t\t\t<\/span>\n\t\t\t\t\t\t\t\t\t\t\t\t<a class=\"elementor-accordion-title\" tabindex=\"0\">2021<\/a>\n\t\t\t\t\t<\/div>\n\t\t\t\t\t<div id=\"elementor-tab-content-7632\" class=\"elementor-tab-content elementor-clearfix\" data-tab=\"2\" role=\"region\" aria-labelledby=\"elementor-tab-title-7632\"><p><span style=\"font-weight: 400;\">Lizarazo Arias, D., Andi\u00f3n Gamboa, M., &amp; Andi\u00f3n Gamboa, E. (Eds.). (2021). <\/span><i><span style=\"font-weight: 400;\">Horizontes digitales: Rupturas e interrogaciones en la reconfiguraci\u00f3n sociodigital contempor\u00e1nea. <\/span><\/i><span style=\"font-weight: 400;\">UAM-Gedisa.<\/span><a href=\"http:\/\/dcsh.xoc.uam.mx\/repdig\/index.php\/libros-dcsh\/dcsh\/item\/398-horizontes-digitales-rupturas-e-interrogaciones-en-la-reconfiguracion-sociodigital-contemporanea\"><span style=\"font-weight: 400;\">http:\/\/dcsh.xoc.uam.mx\/repdig\/index.php\/libros-dcsh\/dcsh\/item\/398-horizontes-digitales-rupturas-e-interrogaciones-en-la-reconfiguracion-sociodigital-contemporanea<\/span><\/a><\/p><\/div>\n\t\t\t\t<\/div>\n\t\t\t\t\t\t\t<div class=\"elementor-accordion-item\">\n\t\t\t\t\t<div id=\"elementor-tab-title-7633\" class=\"elementor-tab-title\" data-tab=\"3\" role=\"button\" aria-controls=\"elementor-tab-content-7633\" aria-expanded=\"false\">\n\t\t\t\t\t\t\t\t\t\t\t\t\t<span class=\"elementor-accordion-icon elementor-accordion-icon-left\" aria-hidden=\"true\">\n\t\t\t\t\t\t\t\t\t\t\t\t\t\t\t<span class=\"elementor-accordion-icon-closed\"><i class=\"fas fa-plus\"><\/i><\/span>\n\t\t\t\t\t\t\t\t<span class=\"elementor-accordion-icon-opened\"><i class=\"fas fa-minus\"><\/i><\/span>\n\t\t\t\t\t\t\t\t\t\t\t\t\t\t<\/span>\n\t\t\t\t\t\t\t\t\t\t\t\t<a class=\"elementor-accordion-title\" tabindex=\"0\">2019<\/a>\n\t\t\t\t\t<\/div>\n\t\t\t\t\t<div id=\"elementor-tab-content-7633\" class=\"elementor-tab-content elementor-clearfix\" data-tab=\"3\" role=\"region\" aria-labelledby=\"elementor-tab-title-7633\"><p><span style=\"font-weight: 400;\">Porter Galetar, L., &amp; Andi\u00f3n Gamboa, M. (2019). Presentaci\u00f3n, manifiesto y advertencia pand\u00e9mica. <\/span><i><span style=\"font-weight: 400;\">Reencuentro. An\u00e1lisis de Problemas Universitarios, 30<\/span><\/i><span style=\"font-weight: 400;\">(77), 5-14. <\/span><a href=\"https:\/\/www.redalyc.org\/journal\/340\/34065218001\/34065218001.pdf\"><span style=\"font-weight: 400;\">https:\/\/www.redalyc.org\/journal\/340\/34065218001\/34065218001.pdf<\/span><\/a><\/p><p><span style=\"font-weight: 400;\">Andi\u00f3n Gamboa, M. (2019). <\/span><i><span style=\"font-weight: 400;\">Universidad nodo. Modelo para la formaci\u00f3n de comunicadores en la era digital.<\/span><\/i><span style=\"font-weight: 400;\"> Ciudad de M\u00e9xico: UAM-X. <\/span><a href=\"http:\/\/dcsh.xoc.uam.mx\/repdig\/index.php\/libros-dcsh\/dcsh\/item\/260-universidad-nodo-modelo-para-la-formacion-de-comunicadores-en-la-era-digital\"><span style=\"font-weight: 400;\">http:\/\/dcsh.xoc.uam.mx\/repdig\/index.php\/libros-dcsh\/dcsh\/item\/260-universidad-nodo-modelo-para-la-formacion-de-comunicadores-en-la-era-digital<\/span><\/a><\/p><p><span style=\"font-weight: 400;\">Andi\u00f3n Gamboa, M. (2019). Modelos universitarios alternativos en tiempos de pandemia. <\/span><i><span style=\"font-weight: 400;\">Reencuentro. An\u00e1lisis De Problemas Universitarios, 31<\/span><\/i><span style=\"font-weight: 400;\">(78), 317-334. <\/span><a href=\"https:\/\/reencuentro.xoc.uam.mx\/index.php\/reencuentro\/article\/view\/1033\"><span style=\"font-weight: 400;\">https:\/\/reencuentro.xoc.uam.mx\/index.php\/reencuentro\/article\/view\/1033<\/span><\/a><\/p><\/div>\n\t\t\t\t<\/div>\n\t\t\t\t\t\t\t<div class=\"elementor-accordion-item\">\n\t\t\t\t\t<div id=\"elementor-tab-title-7634\" class=\"elementor-tab-title\" data-tab=\"4\" role=\"button\" aria-controls=\"elementor-tab-content-7634\" aria-expanded=\"false\">\n\t\t\t\t\t\t\t\t\t\t\t\t\t<span class=\"elementor-accordion-icon elementor-accordion-icon-left\" aria-hidden=\"true\">\n\t\t\t\t\t\t\t\t\t\t\t\t\t\t\t<span class=\"elementor-accordion-icon-closed\"><i class=\"fas fa-plus\"><\/i><\/span>\n\t\t\t\t\t\t\t\t<span class=\"elementor-accordion-icon-opened\"><i class=\"fas fa-minus\"><\/i><\/span>\n\t\t\t\t\t\t\t\t\t\t\t\t\t\t<\/span>\n\t\t\t\t\t\t\t\t\t\t\t\t<a class=\"elementor-accordion-title\" tabindex=\"0\">2018<\/a>\n\t\t\t\t\t<\/div>\n\t\t\t\t\t<div id=\"elementor-tab-content-7634\" class=\"elementor-tab-content elementor-clearfix\" data-tab=\"4\" role=\"region\" aria-labelledby=\"elementor-tab-title-7634\"><p><span style=\"font-weight: 400;\">Andi\u00f3n Gamboa, M. (2018). Del uso social de las TIC al uso apropiado de las TAC. En <\/span><i><span style=\"font-weight: 400;\">Trazos y contextos: Reflexiones sobre psicolog\u00eda, educaci\u00f3n y comunicaci\u00f3n. <\/span><\/i><span style=\"font-weight: 400;\">Ciudad de M\u00e9xico: UAM-X. <\/span><a href=\"http:\/\/bibliotecadigitalconeicc.iteso.mx\/bitstream\/handle\/123456789\/8162\/2018_El%20encadenamiento%20del%20Derecho%20de....pdf?sequence=1&amp;isAllowed=y\"><span style=\"font-weight: 400;\">http:\/\/bibliotecadigitalconeicc.iteso.mx\/bitstream\/handle\/123456789\/8162\/2018_El%20encadenamiento%20del%20Derecho%20de&#8230;.pdf?sequence=1&amp;isAllowed=y<\/span><\/a><\/p><p><span style=\"font-weight: 400;\">Andi\u00f3n Gamboa, M. (2018). Presentaci\u00f3n \u00abBalance y perspectivas de la educaci\u00f3n en M\u00e9xico\u00bb. <\/span><i><span style=\"font-weight: 400;\">Reencuentro. An\u00e1lisis De Problemas Universitarios, 30<\/span><\/i><span style=\"font-weight: 400;\">(76), 5-10. <\/span><a href=\"https:\/\/reencuentro.xoc.uam.mx\/index.php\/reencuentro\/article\/view\/973\"><span style=\"font-weight: 400;\">https:\/\/reencuentro.xoc.uam.mx\/index.php\/reencuentro\/article\/view\/973<\/span><\/a><\/p><\/div>\n\t\t\t\t<\/div>\n\t\t\t\t\t\t\t<div class=\"elementor-accordion-item\">\n\t\t\t\t\t<div id=\"elementor-tab-title-7635\" class=\"elementor-tab-title\" data-tab=\"5\" role=\"button\" aria-controls=\"elementor-tab-content-7635\" aria-expanded=\"false\">\n\t\t\t\t\t\t\t\t\t\t\t\t\t<span class=\"elementor-accordion-icon elementor-accordion-icon-left\" aria-hidden=\"true\">\n\t\t\t\t\t\t\t\t\t\t\t\t\t\t\t<span class=\"elementor-accordion-icon-closed\"><i class=\"fas fa-plus\"><\/i><\/span>\n\t\t\t\t\t\t\t\t<span class=\"elementor-accordion-icon-opened\"><i class=\"fas fa-minus\"><\/i><\/span>\n\t\t\t\t\t\t\t\t\t\t\t\t\t\t<\/span>\n\t\t\t\t\t\t\t\t\t\t\t\t<a class=\"elementor-accordion-title\" tabindex=\"0\">2017<\/a>\n\t\t\t\t\t<\/div>\n\t\t\t\t\t<div id=\"elementor-tab-content-7635\" class=\"elementor-tab-content elementor-clearfix\" data-tab=\"5\" role=\"region\" aria-labelledby=\"elementor-tab-title-7635\"><p><span style=\"font-weight: 400;\">Mej\u00eda Montes de Oca, P., &amp; Andi\u00f3n Gamboa, M. (2017). Presentaci\u00f3n. <\/span><i><span style=\"font-weight: 400;\">Reencuentro. An\u00e1lisis De Problemas Universitarios, 29<\/span><\/i><span style=\"font-weight: 400;\">(73), 5-10. <\/span><a href=\"https:\/\/reencuentro.xoc.uam.mx\/index.php\/reencuentro\/article\/view\/948\"><span style=\"font-weight: 400;\">https:\/\/reencuentro.xoc.uam.mx\/index.php\/reencuentro\/article\/view\/948<\/span><\/a><\/p><\/div>\n\t\t\t\t<\/div>\n\t\t\t\t\t\t\t<div class=\"elementor-accordion-item\">\n\t\t\t\t\t<div id=\"elementor-tab-title-7636\" class=\"elementor-tab-title\" data-tab=\"6\" role=\"button\" aria-controls=\"elementor-tab-content-7636\" aria-expanded=\"false\">\n\t\t\t\t\t\t\t\t\t\t\t\t\t<span class=\"elementor-accordion-icon elementor-accordion-icon-left\" aria-hidden=\"true\">\n\t\t\t\t\t\t\t\t\t\t\t\t\t\t\t<span class=\"elementor-accordion-icon-closed\"><i class=\"fas fa-plus\"><\/i><\/span>\n\t\t\t\t\t\t\t\t<span class=\"elementor-accordion-icon-opened\"><i class=\"fas fa-minus\"><\/i><\/span>\n\t\t\t\t\t\t\t\t\t\t\t\t\t\t<\/span>\n\t\t\t\t\t\t\t\t\t\t\t\t<a class=\"elementor-accordion-title\" tabindex=\"0\">2016<\/a>\n\t\t\t\t\t<\/div>\n\t\t\t\t\t<div id=\"elementor-tab-content-7636\" class=\"elementor-tab-content elementor-clearfix\" data-tab=\"6\" role=\"region\" aria-labelledby=\"elementor-tab-title-7636\"><p><span style=\"font-weight: 400;\">Comas Rodr\u00edguez, O., &amp; Andi\u00f3n Gamboa, M. (2016). Presentaci\u00f3n \u201cMercantilizaci\u00f3n de la academia\u201d. <\/span><i><span style=\"font-weight: 400;\">Reencuentro. An\u00e1lisis De Problemas Universitarios, 28<\/span><\/i><span style=\"font-weight: 400;\">(71), 5-12. <\/span><a href=\"https:\/\/reencuentro.xoc.uam.mx\/index.php\/reencuentro\/article\/view\/945\"><span style=\"font-weight: 400;\">https:\/\/reencuentro.xoc.uam.mx\/index.php\/reencuentro\/article\/view\/945<\/span><\/a><\/p><p><span style=\"font-weight: 400;\">Andi\u00f3n Gamboa, M. (2016). Uso apropiado de las TIC en la formaci\u00f3n de comunicadores educativos multimedia: El caso COMSOC\/UAM-X. <\/span><i><span style=\"font-weight: 400;\">Reencuentro. An\u00e1lisis De Problemas Universitarios, 28<\/span><\/i><span style=\"font-weight: 400;\">(72), 93-120. <\/span><a href=\"https:\/\/reencuentro.xoc.uam.mx\/index.php\/reencuentro\/article\/view\/908\"><span style=\"font-weight: 400;\">https:\/\/reencuentro.xoc.uam.mx\/index.php\/reencuentro\/article\/view\/908<\/span><\/a><\/p><p><span style=\"font-weight: 400;\">Andi\u00f3n Gamboa, M. (2016). Presentaci\u00f3n \u00abUsos apropiados de las TIC en la educaci\u00f3n superior\u00bb. <\/span><i><span style=\"font-weight: 400;\">Reencuentro. An\u00e1lisis De Problemas Universitarios, 28<\/span><\/i><span style=\"font-weight: 400;\">(72), 5-10. <\/span><a href=\"https:\/\/reencuentro.xoc.uam.mx\/index.php\/reencuentro\/article\/view\/946\"><span style=\"font-weight: 400;\">https:\/\/reencuentro.xoc.uam.mx\/index.php\/reencuentro\/article\/view\/946<\/span><\/a><\/p><\/div>\n\t\t\t\t<\/div>\n\t\t\t\t\t\t\t<div class=\"elementor-accordion-item\">\n\t\t\t\t\t<div id=\"elementor-tab-title-7637\" class=\"elementor-tab-title\" data-tab=\"7\" role=\"button\" aria-controls=\"elementor-tab-content-7637\" aria-expanded=\"false\">\n\t\t\t\t\t\t\t\t\t\t\t\t\t<span class=\"elementor-accordion-icon elementor-accordion-icon-left\" aria-hidden=\"true\">\n\t\t\t\t\t\t\t\t\t\t\t\t\t\t\t<span class=\"elementor-accordion-icon-closed\"><i class=\"fas fa-plus\"><\/i><\/span>\n\t\t\t\t\t\t\t\t<span class=\"elementor-accordion-icon-opened\"><i class=\"fas fa-minus\"><\/i><\/span>\n\t\t\t\t\t\t\t\t\t\t\t\t\t\t<\/span>\n\t\t\t\t\t\t\t\t\t\t\t\t<a class=\"elementor-accordion-title\" tabindex=\"0\">2015<\/a>\n\t\t\t\t\t<\/div>\n\t\t\t\t\t<div id=\"elementor-tab-content-7637\" class=\"elementor-tab-content elementor-clearfix\" data-tab=\"7\" role=\"region\" aria-labelledby=\"elementor-tab-title-7637\"><p><span style=\"font-weight: 400;\">Andi\u00f3n Gamboa, M. (2015). Presentaci\u00f3n. <\/span><i><span style=\"font-weight: 400;\">Reencuentro. An\u00e1lisis De Problemas Universitarios, 27<\/span><\/i><span style=\"font-weight: 400;\">(70), 5-9. <\/span><a href=\"https:\/\/reencuentro.xoc.uam.mx\/index.php\/reencuentro\/article\/view\/944\"><span style=\"font-weight: 400;\">https:\/\/reencuentro.xoc.uam.mx\/index.php\/reencuentro\/article\/view\/944<\/span><\/a><\/p><\/div>\n\t\t\t\t<\/div>\n\t\t\t\t\t\t\t\t<\/div>\n\t\t\t\t\t\t<\/div>\n\t\t\t\t<\/div>\n\t\t\t\t<div class=\"elementor-element elementor-element-e431225 elementor-invisible elementor-widget elementor-widget-button\" data-id=\"e431225\" data-element_type=\"widget\" data-e-type=\"widget\" data-settings=\"{&quot;_animation&quot;:&quot;fadeInUp&quot;}\" data-widget_type=\"button.default\">\n\t\t\t\t<div class=\"elementor-widget-container\">\n\t\t\t\t\t\t\t\t\t<div class=\"elementor-button-wrapper\">\n\t\t\t\t\t<a class=\"elementor-button elementor-button-link elementor-size-sm\" href=\"https:\/\/dcsh.xoc.uam.mx\/posgrados\/deplaed\/nucleo-basico\/\">\n\t\t\t\t\t\t<span class=\"elementor-button-content-wrapper\">\n\t\t\t\t\t\t\t\t\t<span class=\"elementor-button-text\">Regresar<\/span>\n\t\t\t\t\t<\/span>\n\t\t\t\t\t<\/a>\n\t\t\t\t<\/div>\n\t\t\t\t\t\t\t\t<\/div>\n\t\t\t\t<\/div>\n\t\t\t\t\t<\/div>\n\t\t<\/div>\n\t\t\t\t\t<\/div>\n\t\t<\/section>\n\t\t\t\t<\/div>\n\t\t","protected":false},"excerpt":{"rendered":"<p>Dr. Mauricio Andi\u00f3n Gamboa GRADO: DOCTORADO PROFESOR(A) ASOCIADO C TIEMPO COMPLETO MIEMBRO DEL SISTEMA NACIONAL DE INVESTIGADORES NIVEL CANDIDATO DEPARTAMENTO DE COMUNICACI\u00d3N Y EDUCACI\u00d3N Contacto\u00a0mandion@correo.xoc.uam.mx Semblanza: Profesor-Investigador en Educaci\u00f3n y Comunicaci\u00f3n en la UAM-X, es Doctor en Educaci\u00f3n y Comunicaci\u00f3n por la UCLA. Su enfoque aborda los cambios culturales ligados a la educaci\u00f3n y la [&hellip;]<\/p>\n","protected":false},"author":3,"featured_media":0,"parent":0,"menu_order":0,"comment_status":"closed","ping_status":"closed","template":"","meta":{"site-sidebar-layout":"default","site-content-layout":"page-builder","ast-site-content-layout":"default","site-content-style":"default","site-sidebar-style":"default","ast-global-header-display":"","ast-banner-title-visibility":"","ast-main-header-display":"","ast-hfb-above-header-display":"","ast-hfb-below-header-display":"","ast-hfb-mobile-header-display":"","site-post-title":"disabled","ast-breadcrumbs-content":"","ast-featured-img":"disabled","footer-sml-layout":"","ast-disable-related-posts":"","theme-transparent-header-meta":"enabled","adv-header-id-meta":"","stick-header-meta":"","header-above-stick-meta":"","header-main-stick-meta":"","header-below-stick-meta":"","astra-migrate-meta-layouts":"default","ast-page-background-enabled":"default","ast-page-background-meta":{"desktop":{"background-color":"","background-image":"","background-repeat":"repeat","background-position":"center center","background-size":"auto","background-attachment":"scroll","background-type":"","background-media":"","overlay-type":"","overlay-color":"","overlay-opacity":"","overlay-gradient":""},"tablet":{"background-color":"","background-image":"","background-repeat":"repeat","background-position":"center center","background-size":"auto","background-attachment":"scroll","background-type":"","background-media":"","overlay-type":"","overlay-color":"","overlay-opacity":"","overlay-gradient":""},"mobile":{"background-color":"","background-image":"","background-repeat":"repeat","background-position":"center center","background-size":"auto","background-attachment":"scroll","background-type":"","background-media":"","overlay-type":"","overlay-color":"","overlay-opacity":"","overlay-gradient":""}},"ast-content-background-meta":{"desktop":{"background-color":"var(--ast-global-color-5)","background-image":"","background-repeat":"repeat","background-position":"center center","background-size":"auto","background-attachment":"scroll","background-type":"","background-media":"","overlay-type":"","overlay-color":"","overlay-opacity":"","overlay-gradient":""},"tablet":{"background-color":"var(--ast-global-color-5)","background-image":"","background-repeat":"repeat","background-position":"center center","background-size":"auto","background-attachment":"scroll","background-type":"","background-media":"","overlay-type":"","overlay-color":"","overlay-opacity":"","overlay-gradient":""},"mobile":{"background-color":"var(--ast-global-color-5)","background-image":"","background-repeat":"repeat","background-position":"center center","background-size":"auto","background-attachment":"scroll","background-type":"","background-media":"","overlay-type":"","overlay-color":"","overlay-opacity":"","overlay-gradient":""}},"footnotes":""},"class_list":["post-3897","page","type-page","status-publish","hentry"],"_links":{"self":[{"href":"https:\/\/dcsh.xoc.uam.mx\/posgrados\/deplaed\/wp-json\/wp\/v2\/pages\/3897","targetHints":{"allow":["GET"]}}],"collection":[{"href":"https:\/\/dcsh.xoc.uam.mx\/posgrados\/deplaed\/wp-json\/wp\/v2\/pages"}],"about":[{"href":"https:\/\/dcsh.xoc.uam.mx\/posgrados\/deplaed\/wp-json\/wp\/v2\/types\/page"}],"author":[{"embeddable":true,"href":"https:\/\/dcsh.xoc.uam.mx\/posgrados\/deplaed\/wp-json\/wp\/v2\/users\/3"}],"replies":[{"embeddable":true,"href":"https:\/\/dcsh.xoc.uam.mx\/posgrados\/deplaed\/wp-json\/wp\/v2\/comments?post=3897"}],"version-history":[{"count":13,"href":"https:\/\/dcsh.xoc.uam.mx\/posgrados\/deplaed\/wp-json\/wp\/v2\/pages\/3897\/revisions"}],"predecessor-version":[{"id":4489,"href":"https:\/\/dcsh.xoc.uam.mx\/posgrados\/deplaed\/wp-json\/wp\/v2\/pages\/3897\/revisions\/4489"}],"wp:attachment":[{"href":"https:\/\/dcsh.xoc.uam.mx\/posgrados\/deplaed\/wp-json\/wp\/v2\/media?parent=3897"}],"curies":[{"name":"wp","href":"https:\/\/api.w.org\/{rel}","templated":true}]}}