{"id":3867,"date":"2024-01-30T19:41:12","date_gmt":"2024-01-30T19:41:12","guid":{"rendered":"https:\/\/dcsh.xoc.uam.mx\/posgrados\/deplaed\/?page_id=3867"},"modified":"2024-02-09T18:15:10","modified_gmt":"2024-02-09T18:15:10","slug":"sonia-comboni-salinas-2","status":"publish","type":"page","link":"https:\/\/dcsh.xoc.uam.mx\/posgrados\/deplaed\/sonia-comboni-salinas-2\/","title":{"rendered":"Sonia Comboni Salinas"},"content":{"rendered":"\t\t<div data-elementor-type=\"wp-page\" data-elementor-id=\"3867\" class=\"elementor elementor-3867\" data-elementor-post-type=\"page\">\n\t\t\t\t\t\t<section class=\"elementor-section elementor-top-section elementor-element elementor-element-2590dc9 elementor-section-full_width elementor-section-height-min-height elementor-section-height-default elementor-section-items-middle\" data-id=\"2590dc9\" data-element_type=\"section\" data-e-type=\"section\" data-settings=\"{&quot;background_background&quot;:&quot;classic&quot;}\">\n\t\t\t\t\t\t\t<div class=\"elementor-background-overlay\"><\/div>\n\t\t\t\t\t\t\t<div class=\"elementor-container elementor-column-gap-default\">\n\t\t\t\t\t<div class=\"elementor-column elementor-col-100 elementor-top-column elementor-element elementor-element-93d3b97\" data-id=\"93d3b97\" data-element_type=\"column\" data-e-type=\"column\">\n\t\t\t<div class=\"elementor-widget-wrap\">\n\t\t\t\t\t\t\t<\/div>\n\t\t<\/div>\n\t\t\t\t\t<\/div>\n\t\t<\/section>\n\t\t\t\t<section class=\"elementor-section elementor-top-section elementor-element elementor-element-7cfdf15 elementor-section-full_width elementor-section-height-default elementor-section-height-default\" data-id=\"7cfdf15\" data-element_type=\"section\" data-e-type=\"section\">\n\t\t\t\t\t\t<div class=\"elementor-container elementor-column-gap-default\">\n\t\t\t\t\t<div class=\"elementor-column elementor-col-100 elementor-top-column elementor-element elementor-element-62eca49\" data-id=\"62eca49\" data-element_type=\"column\" data-e-type=\"column\">\n\t\t\t<div class=\"elementor-widget-wrap elementor-element-populated\">\n\t\t\t\t\t\t<div class=\"elementor-element elementor-element-a61708a elementor-widget elementor-widget-heading\" data-id=\"a61708a\" data-element_type=\"widget\" data-e-type=\"widget\" data-widget_type=\"heading.default\">\n\t\t\t\t<div class=\"elementor-widget-container\">\n\t\t\t\t\t<h2 class=\"elementor-heading-title elementor-size-default\">Dra. Sonia Comboni Salinas<\/h2>\t\t\t\t<\/div>\n\t\t\t\t<\/div>\n\t\t\t\t\t<\/div>\n\t\t<\/div>\n\t\t\t\t\t<\/div>\n\t\t<\/section>\n\t\t\t\t<section class=\"elementor-section elementor-top-section elementor-element elementor-element-785deea elementor-section-boxed elementor-section-height-default elementor-section-height-default\" data-id=\"785deea\" data-element_type=\"section\" data-e-type=\"section\">\n\t\t\t\t\t\t<div class=\"elementor-container elementor-column-gap-default\">\n\t\t\t\t\t<div class=\"elementor-column elementor-col-100 elementor-top-column elementor-element elementor-element-a5828c2\" data-id=\"a5828c2\" data-element_type=\"column\" data-e-type=\"column\">\n\t\t\t<div class=\"elementor-widget-wrap elementor-element-populated\">\n\t\t\t\t\t\t\t<\/div>\n\t\t<\/div>\n\t\t\t\t\t<\/div>\n\t\t<\/section>\n\t\t\t\t<section class=\"elementor-section elementor-top-section elementor-element elementor-element-66f07a4 elementor-section-boxed elementor-section-height-default elementor-section-height-default\" data-id=\"66f07a4\" data-element_type=\"section\" data-e-type=\"section\">\n\t\t\t\t\t\t<div class=\"elementor-container elementor-column-gap-default\">\n\t\t\t\t\t<div class=\"elementor-column elementor-col-100 elementor-top-column elementor-element elementor-element-78e99ab\" data-id=\"78e99ab\" data-element_type=\"column\" data-e-type=\"column\">\n\t\t\t<div class=\"elementor-widget-wrap elementor-element-populated\">\n\t\t\t\t\t\t<section class=\"elementor-section elementor-inner-section elementor-element elementor-element-63af510 elementor-section-boxed elementor-section-height-default elementor-section-height-default\" data-id=\"63af510\" data-element_type=\"section\" data-e-type=\"section\">\n\t\t\t\t\t\t<div class=\"elementor-container elementor-column-gap-default\">\n\t\t\t\t\t<div class=\"elementor-column elementor-col-50 elementor-inner-column elementor-element elementor-element-59dc8af\" data-id=\"59dc8af\" data-element_type=\"column\" data-e-type=\"column\">\n\t\t\t<div class=\"elementor-widget-wrap elementor-element-populated\">\n\t\t\t\t\t\t<div class=\"elementor-element elementor-element-90c50e4 elementor-invisible elementor-widget elementor-widget-image\" data-id=\"90c50e4\" data-element_type=\"widget\" data-e-type=\"widget\" data-settings=\"{&quot;_animation&quot;:&quot;fadeIn&quot;}\" data-widget_type=\"image.default\">\n\t\t\t\t<div class=\"elementor-widget-container\">\n\t\t\t\t\t\t\t\t\t\t\t\t\t\t\t<img fetchpriority=\"high\" decoding=\"async\" width=\"340\" height=\"430\" src=\"https:\/\/dcsh.xoc.uam.mx\/posgrados\/deplaed\/wp-content\/uploads\/2024\/01\/Sonia-Comboni.png\" class=\"attachment-large size-large wp-image-3799\" alt=\"\" \/>\t\t\t\t\t\t\t\t\t\t\t\t\t\t\t<\/div>\n\t\t\t\t<\/div>\n\t\t\t\t\t<\/div>\n\t\t<\/div>\n\t\t\t\t<div class=\"elementor-column elementor-col-50 elementor-inner-column elementor-element elementor-element-b34d50b\" data-id=\"b34d50b\" data-element_type=\"column\" data-e-type=\"column\">\n\t\t\t<div class=\"elementor-widget-wrap elementor-element-populated\">\n\t\t\t\t\t\t<div class=\"elementor-element elementor-element-1f961b5 elementor-invisible elementor-widget elementor-widget-text-editor\" data-id=\"1f961b5\" data-element_type=\"widget\" data-e-type=\"widget\" data-settings=\"{&quot;_animation&quot;:&quot;fadeInLeft&quot;}\" data-widget_type=\"text-editor.default\">\n\t\t\t\t<div class=\"elementor-widget-container\">\n\t\t\t\t\t\t\t\t\t<div class=\"item\"><div class=\"item\"><div class=\"item\"><div class=\"item\"><p><strong>GRADO:<\/strong> DOCTORADO<\/p><\/div><div class=\"item\"><p><strong>PROFESOR(A) TITULAR C TIEMPO COMPLETO<\/strong><\/p><\/div><\/div><\/div><\/div><div class=\"item\"><p><strong>MIEMBRO DEL SISTEMA NACIONAL DE INVESTIGADORES NIVEL III<\/strong><\/p><\/div><div class=\"item\"><p><strong>DEPARTAMENTO DE RELACIONES SOCIALES<\/strong><\/p><p><strong>Contacto <a href=\"mailto:%20scomboni@correo.xoc.uam.mx\">scomboni@correo.xoc.uam.mx<\/a><\/strong><\/p><p><strong><span style=\"color: #00d5be;\">ResearchGate<\/span> <a href=\"https:\/\/www.researchgate.net\/profile\/Sonia-Comboni-Salinas-2\">https:\/\/www.researchgate.net\/profile\/Sonia-Comboni-Salinas-2<\/a><\/strong><\/p><\/div>\t\t\t\t\t\t\t\t<\/div>\n\t\t\t\t<\/div>\n\t\t\t\t\t<\/div>\n\t\t<\/div>\n\t\t\t\t\t<\/div>\n\t\t<\/section>\n\t\t\t\t<div class=\"elementor-element elementor-element-0e0e327 elementor-invisible elementor-widget elementor-widget-text-editor\" data-id=\"0e0e327\" data-element_type=\"widget\" data-e-type=\"widget\" data-settings=\"{&quot;_animation&quot;:&quot;fadeInDown&quot;}\" data-widget_type=\"text-editor.default\">\n\t\t\t\t<div class=\"elementor-widget-container\">\n\t\t\t\t\t\t\t\t\t<p><strong>Semblanza: <b><\/b><\/strong><span style=\"font-weight: 400;\">Profesora Titular \u00abC\u00bb de Tiempo Completo en el Departamento de Relaciones Sociales de la Universidad Aut\u00f3noma Metropolitana \u2013 Xochimilco, miembro del Sistema Nacional de Investigadores (Nivel II) y del COMIE. Con una s\u00f3lida formaci\u00f3n acad\u00e9mica, posee licenciaturas en Sociolog\u00eda y Letras obtenidas en prestigiosas universidades de B\u00e9lgica y Francia, as\u00ed como una Maestr\u00eda y Doctorado en Sociolog\u00eda de la Educaci\u00f3n y de la Cultura realizados en instituciones de Par\u00eds. Su experiencia laboral incluye roles destacados, como Directora de Investigaci\u00f3n y Posgrado de la Universidad Pedag\u00f3gica Nacional, Directora de la Unidad Nacional de Servicios T\u00e9cnico-Pedag\u00f3gicos en Bolivia y funciones como asesora en cultura y educaci\u00f3n para el Vicepresidente Constitucional de Bolivia. Su trayectoria tambi\u00e9n abarca roles de investigaci\u00f3n en instituciones francesas, consolidando un perfil acad\u00e9mico y profesional diverso y destacado.<\/span><\/p><p><strong style=\"font-style: inherit; color: var(--ast-global-color-3);\">Proyecto actual: <span style=\"font-weight: 400;\">Interculturalidad y educaci\u00f3n<\/span><\/strong><\/p><p><strong>L\u00ednea de investigaci\u00f3n e incidencia social (LIES):<b> <span style=\"font-weight: 400;\">Educaci\u00f3n intercultural, ind\u00edgena y biling\u00fce<\/span><\/b><\/strong><\/p><p><span style=\"font-weight: bold;\">LIES secundaria: <span style=\"font-weight: 400;\">Pol\u00edticas educativas<\/span><\/span><\/p>\t\t\t\t\t\t\t\t<\/div>\n\t\t\t\t<\/div>\n\t\t\t\t<div class=\"elementor-element elementor-element-4ec899d elementor-widget-divider--view-line elementor-invisible elementor-widget elementor-widget-divider\" data-id=\"4ec899d\" data-element_type=\"widget\" data-e-type=\"widget\" data-settings=\"{&quot;_animation&quot;:&quot;zoomIn&quot;}\" data-widget_type=\"divider.default\">\n\t\t\t\t<div class=\"elementor-widget-container\">\n\t\t\t\t\t\t\t<div class=\"elementor-divider\">\n\t\t\t<span class=\"elementor-divider-separator\">\n\t\t\t\t\t\t<\/span>\n\t\t<\/div>\n\t\t\t\t\t\t<\/div>\n\t\t\t\t<\/div>\n\t\t\t\t<div class=\"elementor-element elementor-element-7d0ed0c elementor-invisible elementor-widget elementor-widget-heading\" data-id=\"7d0ed0c\" data-element_type=\"widget\" data-e-type=\"widget\" data-settings=\"{&quot;_animation&quot;:&quot;slideInUp&quot;}\" data-widget_type=\"heading.default\">\n\t\t\t\t<div class=\"elementor-widget-container\">\n\t\t\t\t\t<h2 class=\"elementor-heading-title elementor-size-default\">Consultar Publicacones <\/h2>\t\t\t\t<\/div>\n\t\t\t\t<\/div>\n\t\t\t\t<div class=\"elementor-element elementor-element-33efe32 elementor-view-default elementor-invisible elementor-widget elementor-widget-icon\" data-id=\"33efe32\" data-element_type=\"widget\" data-e-type=\"widget\" data-settings=\"{&quot;_animation&quot;:&quot;slideInDown&quot;}\" data-widget_type=\"icon.default\">\n\t\t\t\t<div class=\"elementor-widget-container\">\n\t\t\t\t\t\t\t<div class=\"elementor-icon-wrapper\">\n\t\t\t<div class=\"elementor-icon\">\n\t\t\t<i aria-hidden=\"true\" class=\"fas fa-arrow-down\"><\/i>\t\t\t<\/div>\n\t\t<\/div>\n\t\t\t\t\t\t<\/div>\n\t\t\t\t<\/div>\n\t\t\t\t\t<\/div>\n\t\t<\/div>\n\t\t\t\t\t<\/div>\n\t\t<\/section>\n\t\t\t\t<section class=\"elementor-section elementor-top-section elementor-element elementor-element-52470fa elementor-section-boxed elementor-section-height-default elementor-section-height-default\" data-id=\"52470fa\" data-element_type=\"section\" data-e-type=\"section\">\n\t\t\t\t\t\t<div class=\"elementor-container elementor-column-gap-default\">\n\t\t\t\t\t<div class=\"elementor-column elementor-col-100 elementor-top-column elementor-element elementor-element-3d3240e\" data-id=\"3d3240e\" data-element_type=\"column\" data-e-type=\"column\">\n\t\t\t<div class=\"elementor-widget-wrap elementor-element-populated\">\n\t\t\t\t\t\t<div class=\"elementor-element elementor-element-12ac159 elementor-invisible elementor-widget elementor-widget-accordion\" data-id=\"12ac159\" data-element_type=\"widget\" data-e-type=\"widget\" data-settings=\"{&quot;_animation&quot;:&quot;fadeInUp&quot;}\" data-widget_type=\"accordion.default\">\n\t\t\t\t<div class=\"elementor-widget-container\">\n\t\t\t\t\t\t\t<div class=\"elementor-accordion\">\n\t\t\t\t\t\t\t<div class=\"elementor-accordion-item\">\n\t\t\t\t\t<div id=\"elementor-tab-title-1951\" class=\"elementor-tab-title\" data-tab=\"1\" role=\"button\" aria-controls=\"elementor-tab-content-1951\" aria-expanded=\"false\">\n\t\t\t\t\t\t\t\t\t\t\t\t\t<span class=\"elementor-accordion-icon elementor-accordion-icon-left\" aria-hidden=\"true\">\n\t\t\t\t\t\t\t\t\t\t\t\t\t\t\t<span class=\"elementor-accordion-icon-closed\"><i class=\"fas fa-plus\"><\/i><\/span>\n\t\t\t\t\t\t\t\t<span class=\"elementor-accordion-icon-opened\"><i class=\"fas fa-minus\"><\/i><\/span>\n\t\t\t\t\t\t\t\t\t\t\t\t\t\t<\/span>\n\t\t\t\t\t\t\t\t\t\t\t\t<a class=\"elementor-accordion-title\" tabindex=\"0\">2022<\/a>\n\t\t\t\t\t<\/div>\n\t\t\t\t\t<div id=\"elementor-tab-content-1951\" class=\"elementor-tab-content elementor-clearfix\" data-tab=\"1\" role=\"region\" aria-labelledby=\"elementor-tab-title-1951\"><p><span style=\"font-weight: 400;\">Nu\u00f1ez, J. M. J., &amp; Salinas, S. C. (2022). La educaci\u00f3n ind\u00edgena en tiempos del COVID-19 en Xochistlahuaca, Gro. El caso de la escuela El Porvenir \/ Indigenous education in times of COVID-19 in Xochistlahuaca, Gro. The case of El Porvenir school. <\/span><i><span style=\"font-weight: 400;\">Brazilian Journal of Animal and Environmental Research, 5(2), 1713\u20131730<\/span><\/i><span style=\"font-weight: 400;\">. <\/span><a href=\"https:\/\/doi.org\/10.34188\/bjaerv5n2-022\"><span style=\"font-weight: 400;\">https:\/\/doi.org\/10.34188\/bjaerv5n2-022<\/span><\/a><\/p><\/div>\n\t\t\t\t<\/div>\n\t\t\t\t\t\t\t<div class=\"elementor-accordion-item\">\n\t\t\t\t\t<div id=\"elementor-tab-title-1952\" class=\"elementor-tab-title\" data-tab=\"2\" role=\"button\" aria-controls=\"elementor-tab-content-1952\" aria-expanded=\"false\">\n\t\t\t\t\t\t\t\t\t\t\t\t\t<span class=\"elementor-accordion-icon elementor-accordion-icon-left\" aria-hidden=\"true\">\n\t\t\t\t\t\t\t\t\t\t\t\t\t\t\t<span class=\"elementor-accordion-icon-closed\"><i class=\"fas fa-plus\"><\/i><\/span>\n\t\t\t\t\t\t\t\t<span class=\"elementor-accordion-icon-opened\"><i class=\"fas fa-minus\"><\/i><\/span>\n\t\t\t\t\t\t\t\t\t\t\t\t\t\t<\/span>\n\t\t\t\t\t\t\t\t\t\t\t\t<a class=\"elementor-accordion-title\" tabindex=\"0\">2021<\/a>\n\t\t\t\t\t<\/div>\n\t\t\t\t\t<div id=\"elementor-tab-content-1952\" class=\"elementor-tab-content elementor-clearfix\" data-tab=\"2\" role=\"region\" aria-labelledby=\"elementor-tab-title-1952\"><p><span style=\"font-weight: 400;\">Comboni Salinas, S., &amp; Ju\u00e1rez N\u00fa\u00f1ez, J. M. (2021). \u00abUna pr\u00e1ctica pedag\u00f3gica otra: hacia la descolonizaci\u00f3n de la formaci\u00f3n y del quehacer docente.\u00bb En <\/span><i><span style=\"font-weight: 400;\">La otra formaci\u00f3n docente. Rutas pedag\u00f3gicas, formaci\u00f3n y resistencia&#8230; Compartencias entre M\u00e9xico y Am\u00e9rica Latina<\/span><\/i><span style=\"font-weight: 400;\"> (Vol. 1, pp. 89-116). <\/span><a href=\"http:\/\/www.relats.org\/documentos\/ET.MedinaMelgarejoCoor.Mexico2021.pdf\"><span style=\"font-weight: 400;\">http:\/\/www.relats.org\/documentos\/ET.MedinaMelgarejoCoor.Mexico2021.pdf<\/span><\/a><\/p><\/div>\n\t\t\t\t<\/div>\n\t\t\t\t\t\t\t<div class=\"elementor-accordion-item\">\n\t\t\t\t\t<div id=\"elementor-tab-title-1953\" class=\"elementor-tab-title\" data-tab=\"3\" role=\"button\" aria-controls=\"elementor-tab-content-1953\" aria-expanded=\"false\">\n\t\t\t\t\t\t\t\t\t\t\t\t\t<span class=\"elementor-accordion-icon elementor-accordion-icon-left\" aria-hidden=\"true\">\n\t\t\t\t\t\t\t\t\t\t\t\t\t\t\t<span class=\"elementor-accordion-icon-closed\"><i class=\"fas fa-plus\"><\/i><\/span>\n\t\t\t\t\t\t\t\t<span class=\"elementor-accordion-icon-opened\"><i class=\"fas fa-minus\"><\/i><\/span>\n\t\t\t\t\t\t\t\t\t\t\t\t\t\t<\/span>\n\t\t\t\t\t\t\t\t\t\t\t\t<a class=\"elementor-accordion-title\" tabindex=\"0\">2020<\/a>\n\t\t\t\t\t<\/div>\n\t\t\t\t\t<div id=\"elementor-tab-content-1953\" class=\"elementor-tab-content elementor-clearfix\" data-tab=\"3\" role=\"region\" aria-labelledby=\"elementor-tab-title-1953\"><p><span style=\"font-weight: 400;\">Comboni Salinas, S., &amp; Ju\u00e1rez N\u00fa\u00f1ez, J. M. (Eds.). (2020). <\/span><i><span style=\"font-weight: 400;\">Interculturalidad y diversidad en la educaci\u00f3n: concepciones, pol\u00edticas y pr\u00e1cticas.<\/span><\/i><span style=\"font-weight: 400;\"> Ciudad de M\u00e9xico: UAM. <\/span><a href=\"https:\/\/biblioteca.clacso.edu.ar\/Mexico\/dcsh-uam-x\/20201118022700\/Interculturalidad-Educacion.pdf\"><span style=\"font-weight: 400;\">https:\/\/biblioteca.clacso.edu.ar\/Mexico\/dcsh-uam-x\/20201118022700\/Interculturalidad-Educacion.pdf<\/span><\/a><\/p><\/div>\n\t\t\t\t<\/div>\n\t\t\t\t\t\t\t<div class=\"elementor-accordion-item\">\n\t\t\t\t\t<div id=\"elementor-tab-title-1954\" class=\"elementor-tab-title\" data-tab=\"4\" role=\"button\" aria-controls=\"elementor-tab-content-1954\" aria-expanded=\"false\">\n\t\t\t\t\t\t\t\t\t\t\t\t\t<span class=\"elementor-accordion-icon elementor-accordion-icon-left\" aria-hidden=\"true\">\n\t\t\t\t\t\t\t\t\t\t\t\t\t\t\t<span class=\"elementor-accordion-icon-closed\"><i class=\"fas fa-plus\"><\/i><\/span>\n\t\t\t\t\t\t\t\t<span class=\"elementor-accordion-icon-opened\"><i class=\"fas fa-minus\"><\/i><\/span>\n\t\t\t\t\t\t\t\t\t\t\t\t\t\t<\/span>\n\t\t\t\t\t\t\t\t\t\t\t\t<a class=\"elementor-accordion-title\" tabindex=\"0\">2018<\/a>\n\t\t\t\t\t<\/div>\n\t\t\t\t\t<div id=\"elementor-tab-content-1954\" class=\"elementor-tab-content elementor-clearfix\" data-tab=\"4\" role=\"region\" aria-labelledby=\"elementor-tab-title-1954\"><p><span style=\"font-weight: 400;\">Comboni Salinas, S. (2018). Interculturalidad. Equidad y educaci\u00f3n. <\/span><i><span style=\"font-weight: 400;\">Revista Altamirano, N\u00famero<\/span><\/i><span style=\"font-weight: 400;\">, 53-65. <\/span><a href=\"https:\/\/campanaderechoepja2019ceaal.blogspot.com\/p\/revista-altamirano-num-48-desafios-de.html\"><span style=\"font-weight: 400;\">https:\/\/campanaderechoepja2019ceaal.blogspot.com\/p\/revista-altamirano-num-48-desafios-de.html<\/span><\/a><\/p><\/div>\n\t\t\t\t<\/div>\n\t\t\t\t\t\t\t<div class=\"elementor-accordion-item\">\n\t\t\t\t\t<div id=\"elementor-tab-title-1955\" class=\"elementor-tab-title\" data-tab=\"5\" role=\"button\" aria-controls=\"elementor-tab-content-1955\" aria-expanded=\"false\">\n\t\t\t\t\t\t\t\t\t\t\t\t\t<span class=\"elementor-accordion-icon elementor-accordion-icon-left\" aria-hidden=\"true\">\n\t\t\t\t\t\t\t\t\t\t\t\t\t\t\t<span class=\"elementor-accordion-icon-closed\"><i class=\"fas fa-plus\"><\/i><\/span>\n\t\t\t\t\t\t\t\t<span class=\"elementor-accordion-icon-opened\"><i class=\"fas fa-minus\"><\/i><\/span>\n\t\t\t\t\t\t\t\t\t\t\t\t\t\t<\/span>\n\t\t\t\t\t\t\t\t\t\t\t\t<a class=\"elementor-accordion-title\" tabindex=\"0\">2017<\/a>\n\t\t\t\t\t<\/div>\n\t\t\t\t\t<div id=\"elementor-tab-content-1955\" class=\"elementor-tab-content elementor-clearfix\" data-tab=\"5\" role=\"region\" aria-labelledby=\"elementor-tab-title-1955\"><p><span style=\"font-weight: 400;\">Ju\u00e1rez N\u00fa\u00f1ez, J. M., Comboni Salinas, S., &amp; Mej\u00eda Montes de Oca, P. (Coords.). (2017). <\/span><i><span style=\"font-weight: 400;\">El poder y la educaci\u00f3n en el proyecto de naci\u00f3n.<\/span><\/i><span style=\"font-weight: 400;\"> En <\/span><i><span style=\"font-weight: 400;\">Revista Reencuentro de la UAM<\/span><\/i><span style=\"font-weight: 400;\">, <\/span><a href=\"http:\/\/dcsh.xoc.uam.mx\/repdig\/index.php\/libros-dcsh\/relaciones-sociales\/item\/199-el-poder-y-la-educacion-en-el-proyecto-de-nacion\"><span style=\"font-weight: 400;\">http:\/\/dcsh.xoc.uam.mx\/repdig\/index.php\/libros-dcsh\/relaciones-sociales\/item\/199-el-poder-y-la-educacion-en-el-proyecto-de-nacion<\/span><\/a><\/p><p><span style=\"font-weight: 400;\">Ju\u00e1rez N\u00fa\u00f1ez, J., &amp; Comboni Salinas, S. (2017). Administraci\u00f3n vs Academia en la educaci\u00f3n superior. Reencuentro. An\u00e1lisis De Problemas Universitarios, 29(73), 63-80. <\/span><a href=\"https:\/\/reencuentro.xoc.uam.mx\/index.php\/reencuentro\/article\/view\/918\"><span style=\"font-weight: 400;\">https:\/\/reencuentro.xoc.uam.mx\/index.php\/reencuentro\/article\/view\/918<\/span><\/a><\/p><\/div>\n\t\t\t\t<\/div>\n\t\t\t\t\t\t\t<div class=\"elementor-accordion-item\">\n\t\t\t\t\t<div id=\"elementor-tab-title-1956\" class=\"elementor-tab-title\" data-tab=\"6\" role=\"button\" aria-controls=\"elementor-tab-content-1956\" aria-expanded=\"false\">\n\t\t\t\t\t\t\t\t\t\t\t\t\t<span class=\"elementor-accordion-icon elementor-accordion-icon-left\" aria-hidden=\"true\">\n\t\t\t\t\t\t\t\t\t\t\t\t\t\t\t<span class=\"elementor-accordion-icon-closed\"><i class=\"fas fa-plus\"><\/i><\/span>\n\t\t\t\t\t\t\t\t<span class=\"elementor-accordion-icon-opened\"><i class=\"fas fa-minus\"><\/i><\/span>\n\t\t\t\t\t\t\t\t\t\t\t\t\t\t<\/span>\n\t\t\t\t\t\t\t\t\t\t\t\t<a class=\"elementor-accordion-title\" tabindex=\"0\">2015<\/a>\n\t\t\t\t\t<\/div>\n\t\t\t\t\t<div id=\"elementor-tab-content-1956\" class=\"elementor-tab-content elementor-clearfix\" data-tab=\"6\" role=\"region\" aria-labelledby=\"elementor-tab-title-1956\"><p><span style=\"font-weight: 400;\">Comboni Salinas, S. (2015). La Educaci\u00f3n como proceso de interculturalizaci\u00f3n. En <\/span><i><span style=\"font-weight: 400;\">Pedagog\u00edas insumisas, Movimientos pol\u00edtico-pedag\u00f3gicos<\/span><\/i><span style=\"font-weight: 400;\"> (pp. 385-414). <\/span><a href=\"https:\/\/pedagogiasinsumisas.files.wordpress.com\/2016\/02\/libro-2015-patricia-medina-melgarejo.pdf\"><span style=\"font-weight: 400;\">https:\/\/pedagogiasinsumisas.files.wordpress.com\/2016\/02\/libro-2015-patricia-medina-melgarejo.pdf<\/span><\/a><\/p><\/div>\n\t\t\t\t<\/div>\n\t\t\t\t\t\t\t\t<\/div>\n\t\t\t\t\t\t<\/div>\n\t\t\t\t<\/div>\n\t\t\t\t<div class=\"elementor-element elementor-element-e431225 elementor-invisible elementor-widget elementor-widget-button\" data-id=\"e431225\" data-element_type=\"widget\" data-e-type=\"widget\" data-settings=\"{&quot;_animation&quot;:&quot;fadeInUp&quot;}\" data-widget_type=\"button.default\">\n\t\t\t\t<div class=\"elementor-widget-container\">\n\t\t\t\t\t\t\t\t\t<div class=\"elementor-button-wrapper\">\n\t\t\t\t\t<a class=\"elementor-button elementor-button-link elementor-size-sm\" href=\"https:\/\/dcsh.xoc.uam.mx\/posgrados\/deplaed\/nucleo-basico\/\">\n\t\t\t\t\t\t<span class=\"elementor-button-content-wrapper\">\n\t\t\t\t\t\t\t\t\t<span class=\"elementor-button-text\">Regresar<\/span>\n\t\t\t\t\t<\/span>\n\t\t\t\t\t<\/a>\n\t\t\t\t<\/div>\n\t\t\t\t\t\t\t\t<\/div>\n\t\t\t\t<\/div>\n\t\t\t\t\t<\/div>\n\t\t<\/div>\n\t\t\t\t\t<\/div>\n\t\t<\/section>\n\t\t\t\t<\/div>\n\t\t","protected":false},"excerpt":{"rendered":"<p>Dra. Sonia Comboni Salinas GRADO: DOCTORADO PROFESOR(A) TITULAR C TIEMPO COMPLETO MIEMBRO DEL SISTEMA NACIONAL DE INVESTIGADORES NIVEL III DEPARTAMENTO DE RELACIONES SOCIALES Contacto scomboni@correo.xoc.uam.mx ResearchGate https:\/\/www.researchgate.net\/profile\/Sonia-Comboni-Salinas-2 Semblanza: Profesora Titular \u00abC\u00bb de Tiempo Completo en el Departamento de Relaciones Sociales de la Universidad Aut\u00f3noma Metropolitana \u2013 Xochimilco, miembro del Sistema Nacional de Investigadores (Nivel II) [&hellip;]<\/p>\n","protected":false},"author":3,"featured_media":0,"parent":0,"menu_order":0,"comment_status":"closed","ping_status":"closed","template":"","meta":{"site-sidebar-layout":"default","site-content-layout":"page-builder","ast-site-content-layout":"default","site-content-style":"default","site-sidebar-style":"default","ast-global-header-display":"","ast-banner-title-visibility":"","ast-main-header-display":"","ast-hfb-above-header-display":"","ast-hfb-below-header-display":"","ast-hfb-mobile-header-display":"","site-post-title":"disabled","ast-breadcrumbs-content":"","ast-featured-img":"disabled","footer-sml-layout":"","ast-disable-related-posts":"","theme-transparent-header-meta":"enabled","adv-header-id-meta":"","stick-header-meta":"","header-above-stick-meta":"","header-main-stick-meta":"","header-below-stick-meta":"","astra-migrate-meta-layouts":"default","ast-page-background-enabled":"default","ast-page-background-meta":{"desktop":{"background-color":"","background-image":"","background-repeat":"repeat","background-position":"center center","background-size":"auto","background-attachment":"scroll","background-type":"","background-media":"","overlay-type":"","overlay-color":"","overlay-opacity":"","overlay-gradient":""},"tablet":{"background-color":"","background-image":"","background-repeat":"repeat","background-position":"center center","background-size":"auto","background-attachment":"scroll","background-type":"","background-media":"","overlay-type":"","overlay-color":"","overlay-opacity":"","overlay-gradient":""},"mobile":{"background-color":"","background-image":"","background-repeat":"repeat","background-position":"center center","background-size":"auto","background-attachment":"scroll","background-type":"","background-media":"","overlay-type":"","overlay-color":"","overlay-opacity":"","overlay-gradient":""}},"ast-content-background-meta":{"desktop":{"background-color":"var(--ast-global-color-5)","background-image":"","background-repeat":"repeat","background-position":"center center","background-size":"auto","background-attachment":"scroll","background-type":"","background-media":"","overlay-type":"","overlay-color":"","overlay-opacity":"","overlay-gradient":""},"tablet":{"background-color":"var(--ast-global-color-5)","background-image":"","background-repeat":"repeat","background-position":"center center","background-size":"auto","background-attachment":"scroll","background-type":"","background-media":"","overlay-type":"","overlay-color":"","overlay-opacity":"","overlay-gradient":""},"mobile":{"background-color":"var(--ast-global-color-5)","background-image":"","background-repeat":"repeat","background-position":"center center","background-size":"auto","background-attachment":"scroll","background-type":"","background-media":"","overlay-type":"","overlay-color":"","overlay-opacity":"","overlay-gradient":""}},"footnotes":""},"class_list":["post-3867","page","type-page","status-publish","hentry"],"_links":{"self":[{"href":"https:\/\/dcsh.xoc.uam.mx\/posgrados\/deplaed\/wp-json\/wp\/v2\/pages\/3867","targetHints":{"allow":["GET"]}}],"collection":[{"href":"https:\/\/dcsh.xoc.uam.mx\/posgrados\/deplaed\/wp-json\/wp\/v2\/pages"}],"about":[{"href":"https:\/\/dcsh.xoc.uam.mx\/posgrados\/deplaed\/wp-json\/wp\/v2\/types\/page"}],"author":[{"embeddable":true,"href":"https:\/\/dcsh.xoc.uam.mx\/posgrados\/deplaed\/wp-json\/wp\/v2\/users\/3"}],"replies":[{"embeddable":true,"href":"https:\/\/dcsh.xoc.uam.mx\/posgrados\/deplaed\/wp-json\/wp\/v2\/comments?post=3867"}],"version-history":[{"count":19,"href":"https:\/\/dcsh.xoc.uam.mx\/posgrados\/deplaed\/wp-json\/wp\/v2\/pages\/3867\/revisions"}],"predecessor-version":[{"id":4454,"href":"https:\/\/dcsh.xoc.uam.mx\/posgrados\/deplaed\/wp-json\/wp\/v2\/pages\/3867\/revisions\/4454"}],"wp:attachment":[{"href":"https:\/\/dcsh.xoc.uam.mx\/posgrados\/deplaed\/wp-json\/wp\/v2\/media?parent=3867"}],"curies":[{"name":"wp","href":"https:\/\/api.w.org\/{rel}","templated":true}]}}