{"id":3848,"date":"2024-01-30T19:18:45","date_gmt":"2024-01-30T19:18:45","guid":{"rendered":"https:\/\/dcsh.xoc.uam.mx\/posgrados\/deplaed\/?page_id=3848"},"modified":"2024-02-09T18:16:05","modified_gmt":"2024-02-09T18:16:05","slug":"carlos-ornelas-2","status":"publish","type":"page","link":"https:\/\/dcsh.xoc.uam.mx\/posgrados\/deplaed\/carlos-ornelas-2\/","title":{"rendered":"Carlos Ornelas"},"content":{"rendered":"\t\t<div data-elementor-type=\"wp-page\" data-elementor-id=\"3848\" class=\"elementor elementor-3848\" data-elementor-post-type=\"page\">\n\t\t\t\t\t\t<section class=\"elementor-section elementor-top-section elementor-element elementor-element-2590dc9 elementor-section-full_width elementor-section-height-min-height elementor-section-height-default elementor-section-items-middle\" data-id=\"2590dc9\" data-element_type=\"section\" data-e-type=\"section\" data-settings=\"{&quot;background_background&quot;:&quot;classic&quot;}\">\n\t\t\t\t\t\t\t<div class=\"elementor-background-overlay\"><\/div>\n\t\t\t\t\t\t\t<div class=\"elementor-container elementor-column-gap-default\">\n\t\t\t\t\t<div class=\"elementor-column elementor-col-100 elementor-top-column elementor-element elementor-element-93d3b97\" data-id=\"93d3b97\" data-element_type=\"column\" data-e-type=\"column\">\n\t\t\t<div class=\"elementor-widget-wrap\">\n\t\t\t\t\t\t\t<\/div>\n\t\t<\/div>\n\t\t\t\t\t<\/div>\n\t\t<\/section>\n\t\t\t\t<section class=\"elementor-section elementor-top-section elementor-element elementor-element-7cfdf15 elementor-section-full_width elementor-section-height-default elementor-section-height-default\" data-id=\"7cfdf15\" data-element_type=\"section\" data-e-type=\"section\">\n\t\t\t\t\t\t<div class=\"elementor-container elementor-column-gap-default\">\n\t\t\t\t\t<div class=\"elementor-column elementor-col-100 elementor-top-column elementor-element elementor-element-62eca49\" data-id=\"62eca49\" data-element_type=\"column\" data-e-type=\"column\">\n\t\t\t<div class=\"elementor-widget-wrap elementor-element-populated\">\n\t\t\t\t\t\t<div class=\"elementor-element elementor-element-a61708a elementor-widget elementor-widget-heading\" data-id=\"a61708a\" data-element_type=\"widget\" data-e-type=\"widget\" data-widget_type=\"heading.default\">\n\t\t\t\t<div class=\"elementor-widget-container\">\n\t\t\t\t\t<h2 class=\"elementor-heading-title elementor-size-default\">Dr. Carlos Ornelas<\/h2>\t\t\t\t<\/div>\n\t\t\t\t<\/div>\n\t\t\t\t\t<\/div>\n\t\t<\/div>\n\t\t\t\t\t<\/div>\n\t\t<\/section>\n\t\t\t\t<section class=\"elementor-section elementor-top-section elementor-element elementor-element-785deea elementor-section-boxed elementor-section-height-default elementor-section-height-default\" data-id=\"785deea\" data-element_type=\"section\" data-e-type=\"section\">\n\t\t\t\t\t\t<div class=\"elementor-container elementor-column-gap-default\">\n\t\t\t\t\t<div class=\"elementor-column elementor-col-100 elementor-top-column elementor-element elementor-element-a5828c2\" data-id=\"a5828c2\" data-element_type=\"column\" data-e-type=\"column\">\n\t\t\t<div class=\"elementor-widget-wrap elementor-element-populated\">\n\t\t\t\t\t\t\t<\/div>\n\t\t<\/div>\n\t\t\t\t\t<\/div>\n\t\t<\/section>\n\t\t\t\t<section class=\"elementor-section elementor-top-section elementor-element elementor-element-66f07a4 elementor-section-boxed elementor-section-height-default elementor-section-height-default\" data-id=\"66f07a4\" data-element_type=\"section\" data-e-type=\"section\">\n\t\t\t\t\t\t<div class=\"elementor-container elementor-column-gap-default\">\n\t\t\t\t\t<div class=\"elementor-column elementor-col-100 elementor-top-column elementor-element elementor-element-78e99ab\" data-id=\"78e99ab\" data-element_type=\"column\" data-e-type=\"column\">\n\t\t\t<div class=\"elementor-widget-wrap elementor-element-populated\">\n\t\t\t\t\t\t<section class=\"elementor-section elementor-inner-section elementor-element elementor-element-63af510 elementor-section-boxed elementor-section-height-default elementor-section-height-default\" data-id=\"63af510\" data-element_type=\"section\" data-e-type=\"section\">\n\t\t\t\t\t\t<div class=\"elementor-container elementor-column-gap-default\">\n\t\t\t\t\t<div class=\"elementor-column elementor-col-50 elementor-inner-column elementor-element elementor-element-59dc8af\" data-id=\"59dc8af\" data-element_type=\"column\" data-e-type=\"column\">\n\t\t\t<div class=\"elementor-widget-wrap elementor-element-populated\">\n\t\t\t\t\t\t<div class=\"elementor-element elementor-element-90c50e4 elementor-invisible elementor-widget elementor-widget-image\" data-id=\"90c50e4\" data-element_type=\"widget\" data-e-type=\"widget\" data-settings=\"{&quot;_animation&quot;:&quot;fadeIn&quot;}\" data-widget_type=\"image.default\">\n\t\t\t\t<div class=\"elementor-widget-container\">\n\t\t\t\t\t\t\t\t\t\t\t\t\t\t\t<img fetchpriority=\"high\" decoding=\"async\" width=\"340\" height=\"430\" src=\"https:\/\/dcsh.xoc.uam.mx\/posgrados\/deplaed\/wp-content\/uploads\/2024\/01\/Carlos-Ornelas.png\" class=\"attachment-large size-large wp-image-3789\" alt=\"\" \/>\t\t\t\t\t\t\t\t\t\t\t\t\t\t\t<\/div>\n\t\t\t\t<\/div>\n\t\t\t\t\t<\/div>\n\t\t<\/div>\n\t\t\t\t<div class=\"elementor-column elementor-col-50 elementor-inner-column elementor-element elementor-element-b34d50b\" data-id=\"b34d50b\" data-element_type=\"column\" data-e-type=\"column\">\n\t\t\t<div class=\"elementor-widget-wrap elementor-element-populated\">\n\t\t\t\t\t\t<div class=\"elementor-element elementor-element-1f961b5 elementor-invisible elementor-widget elementor-widget-text-editor\" data-id=\"1f961b5\" data-element_type=\"widget\" data-e-type=\"widget\" data-settings=\"{&quot;_animation&quot;:&quot;fadeInLeft&quot;}\" data-widget_type=\"text-editor.default\">\n\t\t\t\t<div class=\"elementor-widget-container\">\n\t\t\t\t\t\t\t\t\t<div class=\"item\"><div class=\"item\"><p><strong>GRADO:<\/strong> DOCTORADO<\/p><\/div><div class=\"item\"><p><strong>PROFESOR(A) TITULAR C TIEMPO COMPLETO<\/strong><\/p><\/div><\/div><div class=\"item\"><p><strong>MIEMBRO DEL SISTEMA NACIONAL DE INVESTIGADORES NIVEL III<\/strong><\/p><\/div><div class=\"item\"><p><strong>DEPARTAMENTO DE EDUCACI\u00d3N Y COMUNICACI\u00d3N<\/strong><\/p><p><strong>Contacto <a href=\"mailto:%20conavarro@correo.xoc.uam.mx\">conavarro@correo.xoc.uam.mx<\/a><\/strong><\/p><p><strong><span style=\"color: #00d5be;\">ResearchGate<\/span> <a href=\"https:\/\/www.researchgate.net\/profile\/Carlos-Ornelas\">https:\/\/www.researchgate.net\/profile\/Carlos-Ornelas<\/a><\/strong><\/p><\/div>\t\t\t\t\t\t\t\t<\/div>\n\t\t\t\t<\/div>\n\t\t\t\t\t<\/div>\n\t\t<\/div>\n\t\t\t\t\t<\/div>\n\t\t<\/section>\n\t\t\t\t<div class=\"elementor-element elementor-element-0e0e327 elementor-invisible elementor-widget elementor-widget-text-editor\" data-id=\"0e0e327\" data-element_type=\"widget\" data-e-type=\"widget\" data-settings=\"{&quot;_animation&quot;:&quot;fadeInDown&quot;}\" data-widget_type=\"text-editor.default\">\n\t\t\t\t<div class=\"elementor-widget-container\">\n\t\t\t\t\t\t\t\t\t<p><strong>Semblanza: <\/strong>Pr<span style=\"font-weight: 400;\">ofesor de Educaci\u00f3n y Comunicaci\u00f3n en la Universidad Aut\u00f3noma Metropolitana, es un acad\u00e9mico distinguido con un doctorado en educaci\u00f3n de la Universidad de Stanford en 1980. Su destacado trabajo acad\u00e9mico se refleja en la publicaci\u00f3n de numerosos libros, entre ellos \u00abPolitics of Education in Latin America: Reforms, Resistance and Persistence\u00bb (Brill Sense Publishers, septiembre de 2019) y \u00abLa contienda por la educaci\u00f3n: globalizaci\u00f3n, neocorporativismo y democracia\u00bb (Fondo de Cultura Econ\u00f3mica, noviembre de 2018).&nbsp;<\/span><\/p>\n<p><span style=\"font-weight: 400;\">Con una extensa carrera, ha escrito siete libros como autor individual, coordinado o compilado 11, y contribuido con 87 art\u00edculos de investigaci\u00f3n arbitrados en diversas revistas especializadas. Miembro del Sistema Nacional de Investigadores Nivel III y de varias asociaciones acad\u00e9micas internacionales, ha compartido su conocimiento como profesor visitante en prestigiosas universidades alrededor del mundo. Su legado acad\u00e9mico incluye la participaci\u00f3n en comit\u00e9s editoriales y la impartici\u00f3n de m\u00f3dulos en distintos niveles educativos.<\/span><\/p>\n<p><strong style=\"font-style: inherit; color: var(--ast-global-color-3);\">Proyecto actual: <span style=\"font-weight: 400;\">Pol\u00edtica, poder y educaci\u00f3n en perspectiva comparada.<\/span><\/strong><\/p>\n<p><span style=\"font-weight: 700; color: var(--ast-global-color-3); font-size: 1rem;\">L\u00ednea de Generaci\u00f3n y Aplicaci\u00f3n del Conocimiento (LIES)<\/span><strong>:<b> <span style=\"font-weight: 400;\">Pol\u00edticas educativas y planeaci\u00f3n de la educaci\u00f3n.<\/span><\/b><\/strong><\/p>\n<p><span style=\"font-weight: bold;\">LIES Secundaria: <span style=\"font-weight: 400;\">El sistema educativo, sistema complejo.<\/span><\/span><\/p>\t\t\t\t\t\t\t\t<\/div>\n\t\t\t\t<\/div>\n\t\t\t\t<div class=\"elementor-element elementor-element-4ec899d elementor-widget-divider--view-line elementor-invisible elementor-widget elementor-widget-divider\" data-id=\"4ec899d\" data-element_type=\"widget\" data-e-type=\"widget\" data-settings=\"{&quot;_animation&quot;:&quot;zoomIn&quot;}\" data-widget_type=\"divider.default\">\n\t\t\t\t<div class=\"elementor-widget-container\">\n\t\t\t\t\t\t\t<div class=\"elementor-divider\">\n\t\t\t<span class=\"elementor-divider-separator\">\n\t\t\t\t\t\t<\/span>\n\t\t<\/div>\n\t\t\t\t\t\t<\/div>\n\t\t\t\t<\/div>\n\t\t\t\t<div class=\"elementor-element elementor-element-7d0ed0c elementor-invisible elementor-widget elementor-widget-heading\" data-id=\"7d0ed0c\" data-element_type=\"widget\" data-e-type=\"widget\" data-settings=\"{&quot;_animation&quot;:&quot;slideInUp&quot;}\" data-widget_type=\"heading.default\">\n\t\t\t\t<div class=\"elementor-widget-container\">\n\t\t\t\t\t<h2 class=\"elementor-heading-title elementor-size-default\">Consultar Publicacones <\/h2>\t\t\t\t<\/div>\n\t\t\t\t<\/div>\n\t\t\t\t<div class=\"elementor-element elementor-element-33efe32 elementor-view-default elementor-invisible elementor-widget elementor-widget-icon\" data-id=\"33efe32\" data-element_type=\"widget\" data-e-type=\"widget\" data-settings=\"{&quot;_animation&quot;:&quot;slideInDown&quot;}\" data-widget_type=\"icon.default\">\n\t\t\t\t<div class=\"elementor-widget-container\">\n\t\t\t\t\t\t\t<div class=\"elementor-icon-wrapper\">\n\t\t\t<div class=\"elementor-icon\">\n\t\t\t<i aria-hidden=\"true\" class=\"fas fa-arrow-down\"><\/i>\t\t\t<\/div>\n\t\t<\/div>\n\t\t\t\t\t\t<\/div>\n\t\t\t\t<\/div>\n\t\t\t\t\t<\/div>\n\t\t<\/div>\n\t\t\t\t\t<\/div>\n\t\t<\/section>\n\t\t\t\t<section class=\"elementor-section elementor-top-section elementor-element elementor-element-52470fa elementor-section-boxed elementor-section-height-default elementor-section-height-default\" data-id=\"52470fa\" data-element_type=\"section\" data-e-type=\"section\">\n\t\t\t\t\t\t<div class=\"elementor-container elementor-column-gap-default\">\n\t\t\t\t\t<div class=\"elementor-column elementor-col-100 elementor-top-column elementor-element elementor-element-3d3240e\" data-id=\"3d3240e\" data-element_type=\"column\" data-e-type=\"column\">\n\t\t\t<div class=\"elementor-widget-wrap elementor-element-populated\">\n\t\t\t\t\t\t<div class=\"elementor-element elementor-element-2e448bb elementor-invisible elementor-widget elementor-widget-accordion\" data-id=\"2e448bb\" data-element_type=\"widget\" data-e-type=\"widget\" data-settings=\"{&quot;_animation&quot;:&quot;fadeInUp&quot;}\" data-widget_type=\"accordion.default\">\n\t\t\t\t<div class=\"elementor-widget-container\">\n\t\t\t\t\t\t\t<div class=\"elementor-accordion\">\n\t\t\t\t\t\t\t<div class=\"elementor-accordion-item\">\n\t\t\t\t\t<div id=\"elementor-tab-title-4851\" class=\"elementor-tab-title\" data-tab=\"1\" role=\"button\" aria-controls=\"elementor-tab-content-4851\" aria-expanded=\"false\">\n\t\t\t\t\t\t\t\t\t\t\t\t\t<span class=\"elementor-accordion-icon elementor-accordion-icon-left\" aria-hidden=\"true\">\n\t\t\t\t\t\t\t\t\t\t\t\t\t\t\t<span class=\"elementor-accordion-icon-closed\"><i class=\"fas fa-plus\"><\/i><\/span>\n\t\t\t\t\t\t\t\t<span class=\"elementor-accordion-icon-opened\"><i class=\"fas fa-minus\"><\/i><\/span>\n\t\t\t\t\t\t\t\t\t\t\t\t\t\t<\/span>\n\t\t\t\t\t\t\t\t\t\t\t\t<a class=\"elementor-accordion-title\" tabindex=\"0\">2022<\/a>\n\t\t\t\t\t<\/div>\n\t\t\t\t\t<div id=\"elementor-tab-content-4851\" class=\"elementor-tab-content elementor-clearfix\" data-tab=\"1\" role=\"region\" aria-labelledby=\"elementor-tab-title-4851\"><p><span style=\"font-weight: 400;\">Ornelas, J. C. (2022). <\/span><i><span style=\"font-weight: 400;\">La contienda por la reforma curricular.<\/span><\/i><span style=\"font-weight: 400;\"> En <\/span><i><span style=\"font-weight: 400;\">Revista Electr\u00f3nica Desaf\u00edos Educativos,<\/span><\/i><span style=\"font-weight: 400;\"> 6(11).<\/span><a href=\"https:\/\/drive.google.com\/file\/d\/1GJqZIWaZ83YZmzlGvM2prtkr_NuYoaAm\/view\"> <span style=\"font-weight: 400;\">https:\/\/drive.google.com\/file\/d\/1GJqZIWaZ83YZmzlGvM2prtkr_NuYoaAm\/view<\/span><\/a><span style=\"font-weight: 400;\">.<\/span><\/p><p><span style=\"font-weight: 400;\">Ornelas, J. C. (2022). <\/span><i><span style=\"font-weight: 400;\">La fatiga del sistema educativo mexicano.<\/span><\/i><span style=\"font-weight: 400;\"> En <\/span><i><span style=\"font-weight: 400;\">Korpus 21,<\/span><\/i><span style=\"font-weight: 400;\"> 2(5). <\/span><a href=\"https:\/\/www.researchgate.net\/publication\/361504196_La_fatiga_del_sistema_educativo_mexicano\"><span style=\"font-weight: 400;\">https:\/\/www.researchgate.net\/publication\/361504196_La_fatiga_del_sistema_educativo_mexicano<\/span><\/a><\/p><\/div>\n\t\t\t\t<\/div>\n\t\t\t\t\t\t\t<div class=\"elementor-accordion-item\">\n\t\t\t\t\t<div id=\"elementor-tab-title-4852\" class=\"elementor-tab-title\" data-tab=\"2\" role=\"button\" aria-controls=\"elementor-tab-content-4852\" aria-expanded=\"false\">\n\t\t\t\t\t\t\t\t\t\t\t\t\t<span class=\"elementor-accordion-icon elementor-accordion-icon-left\" aria-hidden=\"true\">\n\t\t\t\t\t\t\t\t\t\t\t\t\t\t\t<span class=\"elementor-accordion-icon-closed\"><i class=\"fas fa-plus\"><\/i><\/span>\n\t\t\t\t\t\t\t\t<span class=\"elementor-accordion-icon-opened\"><i class=\"fas fa-minus\"><\/i><\/span>\n\t\t\t\t\t\t\t\t\t\t\t\t\t\t<\/span>\n\t\t\t\t\t\t\t\t\t\t\t\t<a class=\"elementor-accordion-title\" tabindex=\"0\">2021<\/a>\n\t\t\t\t\t<\/div>\n\t\t\t\t\t<div id=\"elementor-tab-content-4852\" class=\"elementor-tab-content elementor-clearfix\" data-tab=\"2\" role=\"region\" aria-labelledby=\"elementor-tab-title-4852\"><p><span style=\"font-weight: 400;\">Ornelas, C. (2021). PISA: Ideology and a Paradigm Shift. En J. Zajda (Ed.), <\/span><i><span style=\"font-weight: 400;\">Third International Handbook of Globalisation, Education and Policy Research<\/span><\/i><span style=\"font-weight: 400;\"> (Vol. 1, pp. 299-319). <\/span><a href=\"https:\/\/link.springer.com\/chapter\/10.1007\/978-3-030-66003-1_17\"><span style=\"font-weight: 400;\">https:\/\/link.springer.com\/chapter\/10.1007\/978-3-030-66003-1_17<\/span><\/a><\/p><p><span style=\"font-weight: 400;\">Ornelas, C. (2021). Reforma y contrarreforma educativas en M\u00e9xico. En L. M. L\u00e1zaro Lorente &amp; A. Ancheta Arrabal (Eds.), <\/span><i><span style=\"font-weight: 400;\">La educaci\u00f3n en Am\u00e9rica Latina en el horizonte del 2030<\/span><\/i><span style=\"font-weight: 400;\"> (Vol. 1, N\u00fam. 1, pp. 89-105). <a href=\"https:\/\/drive.google.com\/file\/d\/1tR_PGKyHypcgFL2jyzP0-wYwG2Qnc_qo\/view?usp=sharing\">https:\/\/drive.google.com\/file\/d\/1tR_PGKyHypcgFL2jyzP0-wYwG2Qnc_qo\/view?usp=sharing\u00a0<\/a><\/span><\/p><p><span style=\"font-weight: 400;\">Ornelas Navarro, C. (2021). El sembrador (The Sower). <\/span><i><span style=\"font-weight: 400;\">Comparative Education Review, 65<\/span><\/i><span style=\"font-weight: 400;\">(4), 844-846. <\/span><a href=\"https:\/\/drive.google.com\/file\/d\/1SOS-7z0dK72RAVfHGZwRTJailU7Qc9XR\/view?usp=sharing\"><span style=\"font-weight: 400;\">https:\/\/drive.google.com\/file\/d\/1SOS-7z0dK72RAVfHGZwRTJailU7Qc9XR\/view?usp=sharing<\/span><\/a><\/p><p><span style=\"font-weight: 400;\">Ornelas, C., Ya\u00f1es Rivas, G., &amp; S\u00e1nchez Rodriguez, L. I. (2021). <\/span><i><span style=\"font-weight: 400;\">Arrojos contra el vendaval: Buenas pr\u00e1cticas de educaci\u00f3n en M\u00e9xico.<\/span><\/i><span style=\"font-weight: 400;\"> Universidad Aut\u00f3noma de Tamaulipas; Ciudad de M\u00e9xico: Colof\u00f3n. <\/span><a href=\"https:\/\/drive.google.com\/file\/d\/1Bu8diDV3XbJqV1v9Kplf5ibw_QylBm91\/view?usp=sharing\"><span style=\"font-weight: 400;\">https:\/\/drive.google.com\/file\/d\/1Bu8diDV3XbJqV1v9Kplf5ibw_QylBm91\/view?usp=sharing<\/span><\/a><\/p><p><span style=\"font-weight: 400;\">Ornelas, C., Monkman, K., &amp; Navarrete, Z. (2021). <\/span><i><span style=\"font-weight: 400;\">Innovaci\u00f3n e inclusi\u00f3n en Educaci\u00f3n: Pol\u00edticas y Estrategias de Implementaci\u00f3n.<\/span><\/i><span style=\"font-weight: 400;\"> Plaza y Vald\u00e9s Editores; Sociedad Mexicana de Educaci\u00f3n Comparada. <\/span><a href=\"https:\/\/drive.google.com\/file\/d\/1JnUkr6f_Ij_lpfL4VfD3vjfDGFCPhNKg\/view?usp=sharing\"><span style=\"font-weight: 400;\">https:\/\/drive.google.com\/file\/d\/1JnUkr6f_Ij_lpfL4VfD3vjfDGFCPhNKg\/view?usp=sharing<\/span><\/a><\/p><\/div>\n\t\t\t\t<\/div>\n\t\t\t\t\t\t\t<div class=\"elementor-accordion-item\">\n\t\t\t\t\t<div id=\"elementor-tab-title-4853\" class=\"elementor-tab-title\" data-tab=\"3\" role=\"button\" aria-controls=\"elementor-tab-content-4853\" aria-expanded=\"false\">\n\t\t\t\t\t\t\t\t\t\t\t\t\t<span class=\"elementor-accordion-icon elementor-accordion-icon-left\" aria-hidden=\"true\">\n\t\t\t\t\t\t\t\t\t\t\t\t\t\t\t<span class=\"elementor-accordion-icon-closed\"><i class=\"fas fa-plus\"><\/i><\/span>\n\t\t\t\t\t\t\t\t<span class=\"elementor-accordion-icon-opened\"><i class=\"fas fa-minus\"><\/i><\/span>\n\t\t\t\t\t\t\t\t\t\t\t\t\t\t<\/span>\n\t\t\t\t\t\t\t\t\t\t\t\t<a class=\"elementor-accordion-title\" tabindex=\"0\">2020<\/a>\n\t\t\t\t\t<\/div>\n\t\t\t\t\t<div id=\"elementor-tab-content-4853\" class=\"elementor-tab-content elementor-clearfix\" data-tab=\"3\" role=\"region\" aria-labelledby=\"elementor-tab-title-4853\"><p><span style=\"font-weight: 400;\">Ornelas, C. (2020). <\/span><i><span style=\"font-weight: 400;\">La recherche en \u00e9ducation au Mexique: \u00c0 quelles fins?<\/span><\/i><span style=\"font-weight: 400;\"> (No. 85). <\/span><i><span style=\"font-weight: 400;\">Revue internationale d\u0092\u00e9ducation de S\u00e8vres<\/span><\/i><span style=\"font-weight: 400;\">. <\/span><a href=\"https:\/\/journals.openedition.org\/ries\/10062\"><span style=\"font-weight: 400;\">https:\/\/journals.openedition.org\/ries\/10062<\/span><\/a><\/p><p><span style=\"font-weight: 400;\">Ornelas, C. (2020). <\/span><i><span style=\"font-weight: 400;\">Educaci\u00f3n: reforma, conflicto y cambio institucional<\/span><\/i><span style=\"font-weight: 400;\"> (pp. 33-76) (1st ed.). En S. Comboni Salinas y J. M. Ju\u00e1rez N\u00fa\u00f1ez (Eds.), <\/span><i><span style=\"font-weight: 400;\">Interculturalidad y diversidad en la educaci\u00f3n: concepciones, pol\u00edticas y pr\u00e1cticas<\/span><\/i><span style=\"font-weight: 400;\">. ISBN 978-607-28-1792-0 <\/span><a href=\"http:\/\/tinyurl.com\/ne3mm5ct\"><span style=\"font-weight: 400;\">http:\/\/tinyurl.com\/ne3mm5ct<\/span><\/a><\/p><\/div>\n\t\t\t\t<\/div>\n\t\t\t\t\t\t\t<div class=\"elementor-accordion-item\">\n\t\t\t\t\t<div id=\"elementor-tab-title-4854\" class=\"elementor-tab-title\" data-tab=\"4\" role=\"button\" aria-controls=\"elementor-tab-content-4854\" aria-expanded=\"false\">\n\t\t\t\t\t\t\t\t\t\t\t\t\t<span class=\"elementor-accordion-icon elementor-accordion-icon-left\" aria-hidden=\"true\">\n\t\t\t\t\t\t\t\t\t\t\t\t\t\t\t<span class=\"elementor-accordion-icon-closed\"><i class=\"fas fa-plus\"><\/i><\/span>\n\t\t\t\t\t\t\t\t<span class=\"elementor-accordion-icon-opened\"><i class=\"fas fa-minus\"><\/i><\/span>\n\t\t\t\t\t\t\t\t\t\t\t\t\t\t<\/span>\n\t\t\t\t\t\t\t\t\t\t\t\t<a class=\"elementor-accordion-title\" tabindex=\"0\">2019<\/a>\n\t\t\t\t\t<\/div>\n\t\t\t\t\t<div id=\"elementor-tab-content-4854\" class=\"elementor-tab-content elementor-clearfix\" data-tab=\"4\" role=\"region\" aria-labelledby=\"elementor-tab-title-4854\"><p><span style=\"font-weight: 400;\">Ornelas, C. (2019). <\/span><i><span style=\"font-weight: 400;\">Politics of Education in Latin America: Reforms, resistance and persistence.<\/span><\/i><span style=\"font-weight: 400;\"> ISBN: 978-90-04-41337. <\/span><a href=\"https:\/\/brill.com\/edcollbook\/title\/56052\"><span style=\"font-weight: 400;\">https:\/\/brill.com\/edcollbook\/title\/56052<\/span><\/a><\/p><p><span style=\"font-weight: 400;\">Ornelas, C. (2019). Nuevo modelo educativo: propuesta pedag\u00f3gica de la Reforma Educativa. <\/span><i><span style=\"font-weight: 400;\">Pr\u00e1ctica Docente: Revista de Investigaci\u00f3n Educativa, 1<\/span><\/i><span style=\"font-weight: 400;\">(1), 59-84. <\/span><a href=\"https:\/\/practicadocenterevistadeinvestigacion.aefcm.gob.mx\/index.php\/accesoabierto\/article\/view\/24\"><span style=\"font-weight: 400;\">https:\/\/practicadocenterevistadeinvestigacion.aefcm.gob.mx\/index.php\/accesoabierto\/article\/view\/24<\/span><\/a><\/p><p><span style=\"font-weight: 400;\">Ornelas, C. (2019). Ascension et chute de la r\u00e9forme \u00e9ducative mexicaine 2013-2019. <\/span><i><span style=\"font-weight: 400;\">Revue internationale d\u2019\u00e9ducation de S\u00e8vres.<\/span><\/i><span style=\"font-weight: 400;\"> Recuperado de<\/span><a href=\"http:\/\/journals.openedition.org\/ries\/7322\"> <span style=\"font-weight: 400;\">http:\/\/journals.openedition.org\/ries\/7322<\/span><\/a><\/p><p><span style=\"font-weight: 400;\">Ornelas, C. (2019). Ideolog\u00eda y pol\u00edtica de la autonom\u00eda escolar: visiones en contraste. En C. Ornelas, M. A. Navarro-Leal y Z. Navarrete-C\u00e1zales (Eds.), <\/span><i><span style=\"font-weight: 400;\">Pol\u00edtica educativa, actores y pedagog\u00eda<\/span><\/i><span style=\"font-weight: 400;\"> (pp. 17-34). <\/span><a href=\"http:\/\/www.iusur.edu.uy\/publicaciones\/index.php\/RESUR\/article\/view\/90\"><span style=\"font-weight: 400;\">http:\/\/www.iusur.edu.uy\/publicaciones\/index.php\/RESUR\/article\/view\/90<\/span><\/a><\/p><\/div>\n\t\t\t\t<\/div>\n\t\t\t\t\t\t\t<div class=\"elementor-accordion-item\">\n\t\t\t\t\t<div id=\"elementor-tab-title-4855\" class=\"elementor-tab-title\" data-tab=\"5\" role=\"button\" aria-controls=\"elementor-tab-content-4855\" aria-expanded=\"false\">\n\t\t\t\t\t\t\t\t\t\t\t\t\t<span class=\"elementor-accordion-icon elementor-accordion-icon-left\" aria-hidden=\"true\">\n\t\t\t\t\t\t\t\t\t\t\t\t\t\t\t<span class=\"elementor-accordion-icon-closed\"><i class=\"fas fa-plus\"><\/i><\/span>\n\t\t\t\t\t\t\t\t<span class=\"elementor-accordion-icon-opened\"><i class=\"fas fa-minus\"><\/i><\/span>\n\t\t\t\t\t\t\t\t\t\t\t\t\t\t<\/span>\n\t\t\t\t\t\t\t\t\t\t\t\t<a class=\"elementor-accordion-title\" tabindex=\"0\">2018<\/a>\n\t\t\t\t\t<\/div>\n\t\t\t\t\t<div id=\"elementor-tab-content-4855\" class=\"elementor-tab-content elementor-clearfix\" data-tab=\"5\" role=\"region\" aria-labelledby=\"elementor-tab-title-4855\"><p><span style=\"font-weight: 400;\">Ornelas, C. (2018). Mexican Educational Reform: Politics in the Frontline. En J. Zajda (Ed.), <\/span><i><span style=\"font-weight: 400;\">Globalisation and Education Reforms: Paradigms and Ideologies<\/span><\/i><span style=\"font-weight: 400;\"> (pp. 0-158). ISBN: 978-94-024-1203-1. <\/span><a href=\"https:\/\/www.researchgate.net\/publication\/323419723_Mexican_Educational_Reform_Politics_in_the_Frontline\"><span style=\"font-weight: 400;\">https:\/\/www.researchgate.net\/publication\/323419723_Mexican_Educational_Reform_Politics_in_the_Frontline<\/span><\/a><\/p><\/div>\n\t\t\t\t<\/div>\n\t\t\t\t\t\t\t<div class=\"elementor-accordion-item\">\n\t\t\t\t\t<div id=\"elementor-tab-title-4856\" class=\"elementor-tab-title\" data-tab=\"6\" role=\"button\" aria-controls=\"elementor-tab-content-4856\" aria-expanded=\"false\">\n\t\t\t\t\t\t\t\t\t\t\t\t\t<span class=\"elementor-accordion-icon elementor-accordion-icon-left\" aria-hidden=\"true\">\n\t\t\t\t\t\t\t\t\t\t\t\t\t\t\t<span class=\"elementor-accordion-icon-closed\"><i class=\"fas fa-plus\"><\/i><\/span>\n\t\t\t\t\t\t\t\t<span class=\"elementor-accordion-icon-opened\"><i class=\"fas fa-minus\"><\/i><\/span>\n\t\t\t\t\t\t\t\t\t\t\t\t\t\t<\/span>\n\t\t\t\t\t\t\t\t\t\t\t\t<a class=\"elementor-accordion-title\" tabindex=\"0\">2017<\/a>\n\t\t\t\t\t<\/div>\n\t\t\t\t\t<div id=\"elementor-tab-content-4856\" class=\"elementor-tab-content elementor-clearfix\" data-tab=\"6\" role=\"region\" aria-labelledby=\"elementor-tab-title-4856\"><ol><li style=\"font-weight: 400;\" aria-level=\"1\"><span style=\"font-weight: 400;\">Ornelas, J. C. (2017). Mexico: The Education Reform Project. En <\/span><i><span style=\"font-weight: 400;\">Education in Mexico, Central America and the Latin Caribbean<\/span><\/i><span style=\"font-weight: 400;\"> (pp. 41-58). <\/span><a href=\"https:\/\/drive.google.com\/file\/d\/1Wl0xd_55vNE1PA_68ZRiUJ5Xjtgk_2_d\/view?usp=sharing\"><span style=\"font-weight: 400;\">https:\/\/drive.google.com\/file\/d\/1Wl0xd_55vNE1PA_68ZRiUJ5Xjtgk_2_d\/view?usp=sharing<\/span><\/a><\/li><\/ol><\/div>\n\t\t\t\t<\/div>\n\t\t\t\t\t\t\t<div class=\"elementor-accordion-item\">\n\t\t\t\t\t<div id=\"elementor-tab-title-4857\" class=\"elementor-tab-title\" data-tab=\"7\" role=\"button\" aria-controls=\"elementor-tab-content-4857\" aria-expanded=\"false\">\n\t\t\t\t\t\t\t\t\t\t\t\t\t<span class=\"elementor-accordion-icon elementor-accordion-icon-left\" aria-hidden=\"true\">\n\t\t\t\t\t\t\t\t\t\t\t\t\t\t\t<span class=\"elementor-accordion-icon-closed\"><i class=\"fas fa-plus\"><\/i><\/span>\n\t\t\t\t\t\t\t\t<span class=\"elementor-accordion-icon-opened\"><i class=\"fas fa-minus\"><\/i><\/span>\n\t\t\t\t\t\t\t\t\t\t\t\t\t\t<\/span>\n\t\t\t\t\t\t\t\t\t\t\t\t<a class=\"elementor-accordion-title\" tabindex=\"0\">2016<\/a>\n\t\t\t\t\t<\/div>\n\t\t\t\t\t<div id=\"elementor-tab-content-4857\" class=\"elementor-tab-content elementor-clearfix\" data-tab=\"7\" role=\"region\" aria-labelledby=\"elementor-tab-title-4857\"><p><span style=\"font-weight: 400;\">Ornelas, C. (2016). Los traumas de PISA y la pol\u00edtica. Alemania, Jap\u00f3n, M\u00e9xico y Turqu\u00eda. En<\/span><i><span style=\"font-weight: 400;\"> Globalizaci\u00f3n, internacionalizaci\u00f3n y educaci\u00f3n comparada<\/span><\/i><span style=\"font-weight: 400;\"> (Vol. 1, No. 1, pp. 189-203). <\/span><a href=\"https:\/\/www.researchgate.net\/publication\/309175227_Los_traumas_de_PISA_y_la_politica_Alemania_Japon_Mexico_y_Turquia\"><span style=\"font-weight: 400;\">https:\/\/www.researchgate.net\/publication\/309175227_Los_traumas_de_PISA_y_la_politica_Alemania_Japon_Mexico_y_Turquia<\/span><\/a><\/p><p><span style=\"font-weight: 400;\">Ornelas, C. (2016). The Tortuous Path of the Decentralization of Education in Mexico. Cap\u00edtulo 6, pp. 93-108. <\/span><a href=\"https:\/\/www.researchgate.net\/publication\/309759627_The_Tortuous_Path_of_Educational_Decentralization_in_Mexico\"><span style=\"font-weight: 400;\">https:\/\/www.researchgate.net\/publication\/309759627_The_Tortuous_Path_of_Educational_Decentralization_in_Mexico<\/span><\/a><\/p><\/div>\n\t\t\t\t<\/div>\n\t\t\t\t\t\t\t<div class=\"elementor-accordion-item\">\n\t\t\t\t\t<div id=\"elementor-tab-title-4858\" class=\"elementor-tab-title\" data-tab=\"8\" role=\"button\" aria-controls=\"elementor-tab-content-4858\" aria-expanded=\"false\">\n\t\t\t\t\t\t\t\t\t\t\t\t\t<span class=\"elementor-accordion-icon elementor-accordion-icon-left\" aria-hidden=\"true\">\n\t\t\t\t\t\t\t\t\t\t\t\t\t\t\t<span class=\"elementor-accordion-icon-closed\"><i class=\"fas fa-plus\"><\/i><\/span>\n\t\t\t\t\t\t\t\t<span class=\"elementor-accordion-icon-opened\"><i class=\"fas fa-minus\"><\/i><\/span>\n\t\t\t\t\t\t\t\t\t\t\t\t\t\t<\/span>\n\t\t\t\t\t\t\t\t\t\t\t\t<a class=\"elementor-accordion-title\" tabindex=\"0\">2015<\/a>\n\t\t\t\t\t<\/div>\n\t\t\t\t\t<div id=\"elementor-tab-content-4858\" class=\"elementor-tab-content elementor-clearfix\" data-tab=\"8\" role=\"region\" aria-labelledby=\"elementor-tab-title-4858\"><p><span style=\"font-weight: 400;\">Ornelas, J. C. (2015). <\/span><i><span style=\"font-weight: 400;\">La autonom\u00eda universitaria en M\u00e9xico.<\/span><\/i><span style=\"font-weight: 400;\"> En: (La autonom\u00eda universitaria en M\u00e9xico ) (pp. 317-346).<\/span> <a href=\"https:\/\/drive.google.com\/file\/d\/165QlEpaKkR9EQ5VXO8mWuNot5lqvryWg\/view?usp=sharing\"><span style=\"font-weight: 400;\">https:\/\/drive.google.com\/file\/d\/165QlEpaKkR9EQ5VXO8mWuNot5lqvryWg\/view?usp=sharing<\/span><\/a><\/p><p><span style=\"font-weight: 400;\">Ornelas, J. C. (2015). Guevara Niebla, G., &amp; Backhoff Escudero, E. (Eds.), <\/span><i><span style=\"font-weight: 400;\">Las transformaciones del sistema educativo en M\u00e9xico, 2013-2018. <\/span><\/i><span style=\"font-weight: 400;\">En: <\/span><i><span style=\"font-weight: 400;\">\u00a0La oposici\u00f3n a las reformas.<\/span><\/i><span style=\"font-weight: 400;\">(pp. 360-375). <\/span><a href=\"https:\/\/drive.google.com\/file\/d\/1boEj2kzekPV_-2JUqH2cNkL4gJJAHGDa\/view?usp=sharing\"><span style=\"font-weight: 400;\">https:\/\/drive.google.com\/file\/d\/1boEj2kzekPV_-2JUqH2cNkL4gJJAHGDa\/view?usp=sharing<\/span><\/a><\/p><\/div>\n\t\t\t\t<\/div>\n\t\t\t\t\t\t\t\t<\/div>\n\t\t\t\t\t\t<\/div>\n\t\t\t\t<\/div>\n\t\t\t\t<div class=\"elementor-element elementor-element-e431225 elementor-invisible elementor-widget elementor-widget-button\" data-id=\"e431225\" data-element_type=\"widget\" data-e-type=\"widget\" data-settings=\"{&quot;_animation&quot;:&quot;fadeInUp&quot;}\" data-widget_type=\"button.default\">\n\t\t\t\t<div class=\"elementor-widget-container\">\n\t\t\t\t\t\t\t\t\t<div class=\"elementor-button-wrapper\">\n\t\t\t\t\t<a class=\"elementor-button elementor-button-link elementor-size-sm\" href=\"https:\/\/dcsh.xoc.uam.mx\/posgrados\/deplaed\/nucleo-basico\/\">\n\t\t\t\t\t\t<span class=\"elementor-button-content-wrapper\">\n\t\t\t\t\t\t\t\t\t<span class=\"elementor-button-text\">Regresar<\/span>\n\t\t\t\t\t<\/span>\n\t\t\t\t\t<\/a>\n\t\t\t\t<\/div>\n\t\t\t\t\t\t\t\t<\/div>\n\t\t\t\t<\/div>\n\t\t\t\t\t<\/div>\n\t\t<\/div>\n\t\t\t\t\t<\/div>\n\t\t<\/section>\n\t\t\t\t<\/div>\n\t\t","protected":false},"excerpt":{"rendered":"<p>Dr. Carlos Ornelas GRADO: DOCTORADO PROFESOR(A) TITULAR C TIEMPO COMPLETO MIEMBRO DEL SISTEMA NACIONAL DE INVESTIGADORES NIVEL III DEPARTAMENTO DE EDUCACI\u00d3N Y COMUNICACI\u00d3N Contacto conavarro@correo.xoc.uam.mx ResearchGate https:\/\/www.researchgate.net\/profile\/Carlos-Ornelas Semblanza: Profesor de Educaci\u00f3n y Comunicaci\u00f3n en la Universidad Aut\u00f3noma Metropolitana, es un acad\u00e9mico distinguido con un doctorado en educaci\u00f3n de la Universidad de Stanford en 1980. Su [&hellip;]<\/p>\n","protected":false},"author":3,"featured_media":0,"parent":0,"menu_order":0,"comment_status":"closed","ping_status":"closed","template":"","meta":{"site-sidebar-layout":"default","site-content-layout":"page-builder","ast-site-content-layout":"default","site-content-style":"default","site-sidebar-style":"default","ast-global-header-display":"","ast-banner-title-visibility":"","ast-main-header-display":"","ast-hfb-above-header-display":"","ast-hfb-below-header-display":"","ast-hfb-mobile-header-display":"","site-post-title":"disabled","ast-breadcrumbs-content":"","ast-featured-img":"disabled","footer-sml-layout":"","ast-disable-related-posts":"","theme-transparent-header-meta":"enabled","adv-header-id-meta":"","stick-header-meta":"","header-above-stick-meta":"","header-main-stick-meta":"","header-below-stick-meta":"","astra-migrate-meta-layouts":"default","ast-page-background-enabled":"default","ast-page-background-meta":{"desktop":{"background-color":"","background-image":"","background-repeat":"repeat","background-position":"center center","background-size":"auto","background-attachment":"scroll","background-type":"","background-media":"","overlay-type":"","overlay-color":"","overlay-opacity":"","overlay-gradient":""},"tablet":{"background-color":"","background-image":"","background-repeat":"repeat","background-position":"center center","background-size":"auto","background-attachment":"scroll","background-type":"","background-media":"","overlay-type":"","overlay-color":"","overlay-opacity":"","overlay-gradient":""},"mobile":{"background-color":"","background-image":"","background-repeat":"repeat","background-position":"center center","background-size":"auto","background-attachment":"scroll","background-type":"","background-media":"","overlay-type":"","overlay-color":"","overlay-opacity":"","overlay-gradient":""}},"ast-content-background-meta":{"desktop":{"background-color":"var(--ast-global-color-5)","background-image":"","background-repeat":"repeat","background-position":"center center","background-size":"auto","background-attachment":"scroll","background-type":"","background-media":"","overlay-type":"","overlay-color":"","overlay-opacity":"","overlay-gradient":""},"tablet":{"background-color":"var(--ast-global-color-5)","background-image":"","background-repeat":"repeat","background-position":"center center","background-size":"auto","background-attachment":"scroll","background-type":"","background-media":"","overlay-type":"","overlay-color":"","overlay-opacity":"","overlay-gradient":""},"mobile":{"background-color":"var(--ast-global-color-5)","background-image":"","background-repeat":"repeat","background-position":"center center","background-size":"auto","background-attachment":"scroll","background-type":"","background-media":"","overlay-type":"","overlay-color":"","overlay-opacity":"","overlay-gradient":""}},"footnotes":""},"class_list":["post-3848","page","type-page","status-publish","hentry"],"_links":{"self":[{"href":"https:\/\/dcsh.xoc.uam.mx\/posgrados\/deplaed\/wp-json\/wp\/v2\/pages\/3848","targetHints":{"allow":["GET"]}}],"collection":[{"href":"https:\/\/dcsh.xoc.uam.mx\/posgrados\/deplaed\/wp-json\/wp\/v2\/pages"}],"about":[{"href":"https:\/\/dcsh.xoc.uam.mx\/posgrados\/deplaed\/wp-json\/wp\/v2\/types\/page"}],"author":[{"embeddable":true,"href":"https:\/\/dcsh.xoc.uam.mx\/posgrados\/deplaed\/wp-json\/wp\/v2\/users\/3"}],"replies":[{"embeddable":true,"href":"https:\/\/dcsh.xoc.uam.mx\/posgrados\/deplaed\/wp-json\/wp\/v2\/comments?post=3848"}],"version-history":[{"count":25,"href":"https:\/\/dcsh.xoc.uam.mx\/posgrados\/deplaed\/wp-json\/wp\/v2\/pages\/3848\/revisions"}],"predecessor-version":[{"id":4460,"href":"https:\/\/dcsh.xoc.uam.mx\/posgrados\/deplaed\/wp-json\/wp\/v2\/pages\/3848\/revisions\/4460"}],"wp:attachment":[{"href":"https:\/\/dcsh.xoc.uam.mx\/posgrados\/deplaed\/wp-json\/wp\/v2\/media?parent=3848"}],"curies":[{"name":"wp","href":"https:\/\/api.w.org\/{rel}","templated":true}]}}