{"id":3846,"date":"2024-01-30T19:23:54","date_gmt":"2024-01-30T19:23:54","guid":{"rendered":"https:\/\/dcsh.xoc.uam.mx\/posgrados\/deplaed\/?page_id=3846"},"modified":"2024-02-09T18:19:57","modified_gmt":"2024-02-09T18:19:57","slug":"gregorio-hernandez-zamora-3","status":"publish","type":"page","link":"https:\/\/dcsh.xoc.uam.mx\/posgrados\/deplaed\/gregorio-hernandez-zamora-3\/","title":{"rendered":"Gregorio Hern\u00e1ndez Zamora"},"content":{"rendered":"\t\t<div data-elementor-type=\"wp-page\" data-elementor-id=\"3846\" class=\"elementor elementor-3846\" data-elementor-post-type=\"page\">\n\t\t\t\t\t\t<section class=\"elementor-section elementor-top-section elementor-element elementor-element-2590dc9 elementor-section-full_width elementor-section-height-min-height elementor-section-height-default elementor-section-items-middle\" data-id=\"2590dc9\" data-element_type=\"section\" data-e-type=\"section\" data-settings=\"{&quot;background_background&quot;:&quot;classic&quot;}\">\n\t\t\t\t\t\t\t<div class=\"elementor-background-overlay\"><\/div>\n\t\t\t\t\t\t\t<div class=\"elementor-container elementor-column-gap-default\">\n\t\t\t\t\t<div class=\"elementor-column elementor-col-100 elementor-top-column elementor-element elementor-element-93d3b97\" data-id=\"93d3b97\" data-element_type=\"column\" data-e-type=\"column\">\n\t\t\t<div class=\"elementor-widget-wrap\">\n\t\t\t\t\t\t\t<\/div>\n\t\t<\/div>\n\t\t\t\t\t<\/div>\n\t\t<\/section>\n\t\t\t\t<section class=\"elementor-section elementor-top-section elementor-element elementor-element-7cfdf15 elementor-section-full_width elementor-section-height-default elementor-section-height-default\" data-id=\"7cfdf15\" data-element_type=\"section\" data-e-type=\"section\">\n\t\t\t\t\t\t<div class=\"elementor-container elementor-column-gap-default\">\n\t\t\t\t\t<div class=\"elementor-column elementor-col-100 elementor-top-column elementor-element elementor-element-62eca49\" data-id=\"62eca49\" data-element_type=\"column\" data-e-type=\"column\">\n\t\t\t<div class=\"elementor-widget-wrap elementor-element-populated\">\n\t\t\t\t\t\t<div class=\"elementor-element elementor-element-a61708a elementor-widget elementor-widget-heading\" data-id=\"a61708a\" data-element_type=\"widget\" data-e-type=\"widget\" data-widget_type=\"heading.default\">\n\t\t\t\t<div class=\"elementor-widget-container\">\n\t\t\t\t\t<h2 class=\"elementor-heading-title elementor-size-default\">Dr. Gregorio Hern\u00e1ndez Zamora<\/h2>\t\t\t\t<\/div>\n\t\t\t\t<\/div>\n\t\t\t\t\t<\/div>\n\t\t<\/div>\n\t\t\t\t\t<\/div>\n\t\t<\/section>\n\t\t\t\t<section class=\"elementor-section elementor-top-section elementor-element elementor-element-785deea elementor-section-boxed elementor-section-height-default elementor-section-height-default\" data-id=\"785deea\" data-element_type=\"section\" data-e-type=\"section\">\n\t\t\t\t\t\t<div class=\"elementor-container elementor-column-gap-default\">\n\t\t\t\t\t<div class=\"elementor-column elementor-col-100 elementor-top-column elementor-element elementor-element-a5828c2\" data-id=\"a5828c2\" data-element_type=\"column\" data-e-type=\"column\">\n\t\t\t<div class=\"elementor-widget-wrap elementor-element-populated\">\n\t\t\t\t\t\t\t<\/div>\n\t\t<\/div>\n\t\t\t\t\t<\/div>\n\t\t<\/section>\n\t\t\t\t<section class=\"elementor-section elementor-top-section elementor-element elementor-element-66f07a4 elementor-section-boxed elementor-section-height-default elementor-section-height-default\" data-id=\"66f07a4\" data-element_type=\"section\" data-e-type=\"section\">\n\t\t\t\t\t\t<div class=\"elementor-container elementor-column-gap-default\">\n\t\t\t\t\t<div class=\"elementor-column elementor-col-100 elementor-top-column elementor-element elementor-element-78e99ab\" data-id=\"78e99ab\" data-element_type=\"column\" data-e-type=\"column\">\n\t\t\t<div class=\"elementor-widget-wrap elementor-element-populated\">\n\t\t\t\t\t\t<section class=\"elementor-section elementor-inner-section elementor-element elementor-element-63af510 elementor-section-boxed elementor-section-height-default elementor-section-height-default\" data-id=\"63af510\" data-element_type=\"section\" data-e-type=\"section\">\n\t\t\t\t\t\t<div class=\"elementor-container elementor-column-gap-default\">\n\t\t\t\t\t<div class=\"elementor-column elementor-col-50 elementor-inner-column elementor-element elementor-element-59dc8af\" data-id=\"59dc8af\" data-element_type=\"column\" data-e-type=\"column\">\n\t\t\t<div class=\"elementor-widget-wrap elementor-element-populated\">\n\t\t\t\t\t\t<div class=\"elementor-element elementor-element-90c50e4 elementor-invisible elementor-widget elementor-widget-image\" data-id=\"90c50e4\" data-element_type=\"widget\" data-e-type=\"widget\" data-settings=\"{&quot;_animation&quot;:&quot;fadeIn&quot;}\" data-widget_type=\"image.default\">\n\t\t\t\t<div class=\"elementor-widget-container\">\n\t\t\t\t\t\t\t\t\t\t\t\t\t\t\t<img fetchpriority=\"high\" decoding=\"async\" width=\"340\" height=\"430\" src=\"https:\/\/dcsh.xoc.uam.mx\/posgrados\/deplaed\/wp-content\/uploads\/2024\/01\/Gregorio-Hernandez-Zamora.png\" class=\"attachment-large size-large wp-image-3793\" alt=\"\" \/>\t\t\t\t\t\t\t\t\t\t\t\t\t\t\t<\/div>\n\t\t\t\t<\/div>\n\t\t\t\t\t<\/div>\n\t\t<\/div>\n\t\t\t\t<div class=\"elementor-column elementor-col-50 elementor-inner-column elementor-element elementor-element-b34d50b\" data-id=\"b34d50b\" data-element_type=\"column\" data-e-type=\"column\">\n\t\t\t<div class=\"elementor-widget-wrap elementor-element-populated\">\n\t\t\t\t\t\t<div class=\"elementor-element elementor-element-1f961b5 elementor-invisible elementor-widget elementor-widget-text-editor\" data-id=\"1f961b5\" data-element_type=\"widget\" data-e-type=\"widget\" data-settings=\"{&quot;_animation&quot;:&quot;fadeInLeft&quot;}\" data-widget_type=\"text-editor.default\">\n\t\t\t\t<div class=\"elementor-widget-container\">\n\t\t\t\t\t\t\t\t\t<div><div><p><strong>GRADO:<\/strong> DOCTORADO<\/p><\/div><div><p><strong>PROFESOR(A) TITULAR C TIEMPO COMPLETO<\/strong><\/p><p><strong>MIEMBRO DEL SISTEMA NACIONAL DE INVESTIGADORES NIVEL II<\/strong><\/p><\/div><div><p><strong>DEPARTAMENTO DE EDUCACI\u00d3N Y COMUNICACI\u00d3N<\/strong><\/p><p><strong style=\"font-style: inherit; color: var(--ast-global-color-3);\">Contacto\u00a0<\/strong><a style=\"background-color: #f3f9ff; font-size: 1rem;\" href=\"mailto:%20ghernandezz@correo.xoc.uam.mx\">ghernandezz@correo.xoc.uam.mx<\/a><\/p><\/div><\/div><div><p><strong><span style=\"color: #fb3c4c;\">Google Scholar<\/span>\u00a0<\/strong><span style=\"color: #4175fc;\"><b>https:\/\/scholar.google.com\/citations?user=Rv3-XUIAAAAJ&amp;hl=es<\/b><\/span><\/p><\/div>\t\t\t\t\t\t\t\t<\/div>\n\t\t\t\t<\/div>\n\t\t\t\t\t<\/div>\n\t\t<\/div>\n\t\t\t\t\t<\/div>\n\t\t<\/section>\n\t\t\t\t<div class=\"elementor-element elementor-element-0e0e327 elementor-invisible elementor-widget elementor-widget-text-editor\" data-id=\"0e0e327\" data-element_type=\"widget\" data-e-type=\"widget\" data-settings=\"{&quot;_animation&quot;:&quot;fadeInDown&quot;}\" data-widget_type=\"text-editor.default\">\n\t\t\t\t<div class=\"elementor-widget-container\">\n\t\t\t\t\t\t\t\t\t<p><strong>Semblanza: <\/strong>Profesor-Investigador de Educaci\u00f3n, Comunicaci\u00f3n y Dise\u00f1o en la UAMX. Investigador Nacional SNI-2. Fundador de la l\u00ednea de Lengua y Cultura Escrita del posgrado en Pedagog\u00eda en la UNAM. Profesor de Psicoling\u00fc\u00edstica, Socioling\u00fc\u00edstica, y Expresi\u00f3n y Dise\u00f1o Digital en la UNAM.- Dise\u00f1ador y coautor de diversos materiales educativos para alumnos y maestros de educaci\u00f3n b\u00e1sica y superior.<\/p>\n<p><strong style=\"font-style: inherit; color: var(--ast-global-color-3);\">Proyecto actual: <b>&nbsp;<\/b><span style=\"font-weight: 400;\">Pendiente<\/span><\/strong><\/p>\n<p><span style=\"font-weight: 700; color: var(--ast-global-color-3); font-size: 1rem;\">L\u00ednea de Generaci\u00f3n y Aplicaci\u00f3n del Conocimiento (LIES):<\/span><strong>&nbsp;<\/strong>El sistema educativo, cultura, ciencia y tecnologi\u0301a<\/p>\n<p><strong>LIES Secundaria:<\/strong>&nbsp;Tecnolog\u00edas, educaci\u00f3n y dise\u00f1o<\/p>\t\t\t\t\t\t\t\t<\/div>\n\t\t\t\t<\/div>\n\t\t\t\t<div class=\"elementor-element elementor-element-4ec899d elementor-widget-divider--view-line elementor-invisible elementor-widget elementor-widget-divider\" data-id=\"4ec899d\" data-element_type=\"widget\" data-e-type=\"widget\" data-settings=\"{&quot;_animation&quot;:&quot;zoomIn&quot;}\" data-widget_type=\"divider.default\">\n\t\t\t\t<div class=\"elementor-widget-container\">\n\t\t\t\t\t\t\t<div class=\"elementor-divider\">\n\t\t\t<span class=\"elementor-divider-separator\">\n\t\t\t\t\t\t<\/span>\n\t\t<\/div>\n\t\t\t\t\t\t<\/div>\n\t\t\t\t<\/div>\n\t\t\t\t<div class=\"elementor-element elementor-element-7d0ed0c elementor-invisible elementor-widget elementor-widget-heading\" data-id=\"7d0ed0c\" data-element_type=\"widget\" data-e-type=\"widget\" data-settings=\"{&quot;_animation&quot;:&quot;slideInUp&quot;}\" data-widget_type=\"heading.default\">\n\t\t\t\t<div class=\"elementor-widget-container\">\n\t\t\t\t\t<h2 class=\"elementor-heading-title elementor-size-default\">Consultar Publicacones <\/h2>\t\t\t\t<\/div>\n\t\t\t\t<\/div>\n\t\t\t\t<div class=\"elementor-element elementor-element-33efe32 elementor-view-default elementor-invisible elementor-widget elementor-widget-icon\" data-id=\"33efe32\" data-element_type=\"widget\" data-e-type=\"widget\" data-settings=\"{&quot;_animation&quot;:&quot;slideInDown&quot;}\" data-widget_type=\"icon.default\">\n\t\t\t\t<div class=\"elementor-widget-container\">\n\t\t\t\t\t\t\t<div class=\"elementor-icon-wrapper\">\n\t\t\t<div class=\"elementor-icon\">\n\t\t\t<i aria-hidden=\"true\" class=\"fas fa-arrow-down\"><\/i>\t\t\t<\/div>\n\t\t<\/div>\n\t\t\t\t\t\t<\/div>\n\t\t\t\t<\/div>\n\t\t\t\t\t<\/div>\n\t\t<\/div>\n\t\t\t\t\t<\/div>\n\t\t<\/section>\n\t\t\t\t<section class=\"elementor-section elementor-top-section elementor-element elementor-element-52470fa elementor-section-boxed elementor-section-height-default elementor-section-height-default\" data-id=\"52470fa\" data-element_type=\"section\" data-e-type=\"section\">\n\t\t\t\t\t\t<div class=\"elementor-container elementor-column-gap-default\">\n\t\t\t\t\t<div class=\"elementor-column elementor-col-100 elementor-top-column elementor-element elementor-element-3d3240e\" data-id=\"3d3240e\" data-element_type=\"column\" data-e-type=\"column\">\n\t\t\t<div class=\"elementor-widget-wrap elementor-element-populated\">\n\t\t\t\t\t\t<div class=\"elementor-element elementor-element-e2d0642 elementor-invisible elementor-widget elementor-widget-accordion\" data-id=\"e2d0642\" data-element_type=\"widget\" data-e-type=\"widget\" data-settings=\"{&quot;_animation&quot;:&quot;fadeInUp&quot;}\" data-widget_type=\"accordion.default\">\n\t\t\t\t<div class=\"elementor-widget-container\">\n\t\t\t\t\t\t\t<div class=\"elementor-accordion\">\n\t\t\t\t\t\t\t<div class=\"elementor-accordion-item\">\n\t\t\t\t\t<div id=\"elementor-tab-title-2371\" class=\"elementor-tab-title\" data-tab=\"1\" role=\"button\" aria-controls=\"elementor-tab-content-2371\" aria-expanded=\"false\">\n\t\t\t\t\t\t\t\t\t\t\t\t\t<span class=\"elementor-accordion-icon elementor-accordion-icon-left\" aria-hidden=\"true\">\n\t\t\t\t\t\t\t\t\t\t\t\t\t\t\t<span class=\"elementor-accordion-icon-closed\"><i class=\"fas fa-plus\"><\/i><\/span>\n\t\t\t\t\t\t\t\t<span class=\"elementor-accordion-icon-opened\"><i class=\"fas fa-minus\"><\/i><\/span>\n\t\t\t\t\t\t\t\t\t\t\t\t\t\t<\/span>\n\t\t\t\t\t\t\t\t\t\t\t\t<a class=\"elementor-accordion-title\" tabindex=\"0\">2023<\/a>\n\t\t\t\t\t<\/div>\n\t\t\t\t\t<div id=\"elementor-tab-content-2371\" class=\"elementor-tab-content elementor-clearfix\" data-tab=\"1\" role=\"region\" aria-labelledby=\"elementor-tab-title-2371\"><p><span style=\"font-weight: 400;\">Hern\u00e1ndez-Zamora, G. (2023). Literacidad y Decolonialidad en la Educaci\u00f3n de J\u00f3venes y Adultos: Cr\u00f3nica de un Encuentro en Iztapalapa, M\u00e9xico. <\/span><i><span style=\"font-weight: 400;\">Education Policy Analysis Archives<\/span><\/i><span style=\"font-weight: 400;\">, <\/span><i><span style=\"font-weight: 400;\">31<\/span><\/i><span style=\"font-weight: 400;\">(49\u201354), 1\u201323.<\/span><a href=\"https:\/\/doi.org\/10.14507\/epaa.31.7739\"> <span style=\"font-weight: 400;\">https:\/\/doi.org\/10.14507\/epaa.31.7739<\/span><\/a><\/p><p><span style=\"font-weight: 400;\">Hern\u00e1ndez Zamora, G. (2023). Entender el c\u00f3mic. El arte invisible. <\/span><i><span style=\"font-weight: 400;\">Perfiles educativos, 45<\/span><\/i><span style=\"font-weight: 400;\">(179), 194-199.<\/span><a href=\"https:\/\/doi.org\/10.22201\/iisue.24486167e.2023.179.61197\"> <span style=\"font-weight: 400;\">https:\/\/doi.org\/10.22201\/iisue.24486167e.2023.179.61197<\/span><\/a><\/p><p><span style=\"font-weight: 400;\">Hern\u00e1ndez, G. (2023). Narrativas para entrar y salir del mundo. <\/span><i><span style=\"font-weight: 400;\">Revista Electr\u00f3nica Leer, Escribir y Descubrir, 1<\/span><\/i><span style=\"font-weight: 400;\">(12), Art\u00edculo 2.<\/span><a href=\"https:\/\/digitalcommons.fiu.edu\/led\/vol1\/iss12\/2\">\u00a0<span style=\"font-weight: 400;\">https:\/\/digitalcommons.fiu.edu\/led\/vol1\/iss12\/2<\/span><\/a><\/p><\/div>\n\t\t\t\t<\/div>\n\t\t\t\t\t\t\t<div class=\"elementor-accordion-item\">\n\t\t\t\t\t<div id=\"elementor-tab-title-2372\" class=\"elementor-tab-title\" data-tab=\"2\" role=\"button\" aria-controls=\"elementor-tab-content-2372\" aria-expanded=\"false\">\n\t\t\t\t\t\t\t\t\t\t\t\t\t<span class=\"elementor-accordion-icon elementor-accordion-icon-left\" aria-hidden=\"true\">\n\t\t\t\t\t\t\t\t\t\t\t\t\t\t\t<span class=\"elementor-accordion-icon-closed\"><i class=\"fas fa-plus\"><\/i><\/span>\n\t\t\t\t\t\t\t\t<span class=\"elementor-accordion-icon-opened\"><i class=\"fas fa-minus\"><\/i><\/span>\n\t\t\t\t\t\t\t\t\t\t\t\t\t\t<\/span>\n\t\t\t\t\t\t\t\t\t\t\t\t<a class=\"elementor-accordion-title\" tabindex=\"0\">2021<\/a>\n\t\t\t\t\t<\/div>\n\t\t\t\t\t<div id=\"elementor-tab-content-2372\" class=\"elementor-tab-content elementor-clearfix\" data-tab=\"2\" role=\"region\" aria-labelledby=\"elementor-tab-title-2372\"><p><span style=\"font-weight: 400;\">Hern\u00e1ndez Zamora, G. (2021). Formar investigadores educativos. <\/span><i><span style=\"font-weight: 400;\">Reencuentro. An\u00e1lisis De Problemas Universitarios, 33<\/span><\/i><span style=\"font-weight: 400;\">(82), 53-72.<\/span><a href=\"https:\/\/reencuentro.xoc.uam.mx\/index.php\/reencuentro\/article\/view\/1120\">\u00a0<span style=\"font-weight: 400;\">https:\/\/reencuentro.xoc.uam.mx\/index.php\/reencuentro\/article\/view\/1120<\/span><\/a><\/p><p><span style=\"font-weight: 400;\">Hernandez-Zamora, G., L\u00f3pez-Gopar, M., &amp; Quesada-Mej\u00eda, R. M. (2021, 7 de septiembre). Critical Literacies in M\u00e9xico. En <\/span><i><span style=\"font-weight: 400;\">The Handbook of Critical Literacies<\/span><\/i><span style=\"font-weight: 400;\"> (pp. 194-202). Routledge. [no es open access]<\/span><a href=\"https:\/\/www.taylorfrancis.com\/chapters\/edit\/10.4324\/9781003023425-22\/critical-literacies-m%C3%A9xico-gregorio-hernandez-zamora-mario-l%C3%B3pez-gopar-rosa-mar%C3%ADa-quesada-mej%C3%ADa\"> <span style=\"font-weight: 400;\">https:\/\/www.taylorfrancis.com\/chapters\/edit\/10.4324\/9781003023425-22\/critical-literacies-m%C3%A9xico-gregorio-hernandez-zamora-mario-l%C3%B3pez-gopar-rosa-mar%C3%ADa-quesada-mej%C3%ADa<\/span><\/a><\/p><\/div>\n\t\t\t\t<\/div>\n\t\t\t\t\t\t\t<div class=\"elementor-accordion-item\">\n\t\t\t\t\t<div id=\"elementor-tab-title-2373\" class=\"elementor-tab-title\" data-tab=\"3\" role=\"button\" aria-controls=\"elementor-tab-content-2373\" aria-expanded=\"false\">\n\t\t\t\t\t\t\t\t\t\t\t\t\t<span class=\"elementor-accordion-icon elementor-accordion-icon-left\" aria-hidden=\"true\">\n\t\t\t\t\t\t\t\t\t\t\t\t\t\t\t<span class=\"elementor-accordion-icon-closed\"><i class=\"fas fa-plus\"><\/i><\/span>\n\t\t\t\t\t\t\t\t<span class=\"elementor-accordion-icon-opened\"><i class=\"fas fa-minus\"><\/i><\/span>\n\t\t\t\t\t\t\t\t\t\t\t\t\t\t<\/span>\n\t\t\t\t\t\t\t\t\t\t\t\t<a class=\"elementor-accordion-title\" tabindex=\"0\">2020<\/a>\n\t\t\t\t\t<\/div>\n\t\t\t\t\t<div id=\"elementor-tab-content-2373\" class=\"elementor-tab-content elementor-clearfix\" data-tab=\"3\" role=\"region\" aria-labelledby=\"elementor-tab-title-2373\"><p><span style=\"font-weight: 400;\">Quesada Mej\u00eda, R. M., &amp; Hern\u00e1ndez Zamora, G. (2020). La lectura y la escritura universitarias como herramientas para transformar el pensamiento. <\/span><i><span style=\"font-weight: 400;\">Didac, (75)<\/span><\/i><span style=\"font-weight: 400;\">, 5-13. <\/span><a href=\"https:\/\/ri.ibero.mx\/handle\/ibero\/6279\"><span style=\"font-weight: 400;\">https:\/\/ri.ibero.mx\/handle\/ibero\/6279<\/span><\/a><\/p><\/div>\n\t\t\t\t<\/div>\n\t\t\t\t\t\t\t<div class=\"elementor-accordion-item\">\n\t\t\t\t\t<div id=\"elementor-tab-title-2374\" class=\"elementor-tab-title\" data-tab=\"4\" role=\"button\" aria-controls=\"elementor-tab-content-2374\" aria-expanded=\"false\">\n\t\t\t\t\t\t\t\t\t\t\t\t\t<span class=\"elementor-accordion-icon elementor-accordion-icon-left\" aria-hidden=\"true\">\n\t\t\t\t\t\t\t\t\t\t\t\t\t\t\t<span class=\"elementor-accordion-icon-closed\"><i class=\"fas fa-plus\"><\/i><\/span>\n\t\t\t\t\t\t\t\t<span class=\"elementor-accordion-icon-opened\"><i class=\"fas fa-minus\"><\/i><\/span>\n\t\t\t\t\t\t\t\t\t\t\t\t\t\t<\/span>\n\t\t\t\t\t\t\t\t\t\t\t\t<a class=\"elementor-accordion-title\" tabindex=\"0\">2019<\/a>\n\t\t\t\t\t<\/div>\n\t\t\t\t\t<div id=\"elementor-tab-content-2374\" class=\"elementor-tab-content elementor-clearfix\" data-tab=\"4\" role=\"region\" aria-labelledby=\"elementor-tab-title-2374\"><p><span style=\"font-weight: 400;\">Garc\u00eda Franco, A., et al. (2019). <\/span><i><span style=\"font-weight: 400;\">Did\u00e1ctica en acci\u00f3n: Diferentes formas de ense\u00f1ar en la universidad<\/span><\/i><span style=\"font-weight: 400;\">. Universidad Aut\u00f3noma Metropolitana. <\/span><a href=\"https:\/\/www.casadelibrosabiertos.uam.mx\/contenido\/contenido\/Libroelectronico\/Didactica-en-accion.pdf\"><span style=\"font-weight: 400;\">https:\/\/www.casadelibrosabiertos.uam.mx\/contenido\/contenido\/Libroelectronico\/Didactica-en-accion.pdf<\/span><\/a><\/p><p><span style=\"font-weight: 400;\">Hern\u00e1ndez-Zamora, G. (2019). De los nuevos estudios de literacidad a las perspectivas decoloniales en la investigaci\u00f3n sobre literacidad. <\/span><i><span style=\"font-weight: 400;\">\u00cdkala, 24<\/span><\/i><span style=\"font-weight: 400;\">(2), 363-386. doi:<\/span><a href=\"https:\/\/doi.org\/10.17533\/udea.ikala.v24n02a10\"><span style=\"font-weight: 400;\">https:\/\/doi.org\/10.17533\/udea.ikala.v24n02a10<\/span><\/a><\/p><\/div>\n\t\t\t\t<\/div>\n\t\t\t\t\t\t\t<div class=\"elementor-accordion-item\">\n\t\t\t\t\t<div id=\"elementor-tab-title-2375\" class=\"elementor-tab-title\" data-tab=\"5\" role=\"button\" aria-controls=\"elementor-tab-content-2375\" aria-expanded=\"false\">\n\t\t\t\t\t\t\t\t\t\t\t\t\t<span class=\"elementor-accordion-icon elementor-accordion-icon-left\" aria-hidden=\"true\">\n\t\t\t\t\t\t\t\t\t\t\t\t\t\t\t<span class=\"elementor-accordion-icon-closed\"><i class=\"fas fa-plus\"><\/i><\/span>\n\t\t\t\t\t\t\t\t<span class=\"elementor-accordion-icon-opened\"><i class=\"fas fa-minus\"><\/i><\/span>\n\t\t\t\t\t\t\t\t\t\t\t\t\t\t<\/span>\n\t\t\t\t\t\t\t\t\t\t\t\t<a class=\"elementor-accordion-title\" tabindex=\"0\">2018<\/a>\n\t\t\t\t\t<\/div>\n\t\t\t\t\t<div id=\"elementor-tab-content-2375\" class=\"elementor-tab-content elementor-clearfix\" data-tab=\"5\" role=\"region\" aria-labelledby=\"elementor-tab-title-2375\"><p><span style=\"font-weight: 400;\">Hern\u00e1ndez Zamora, G. (2018). Desarrollo ideol\u00f3gico-cultural y apropiaci\u00f3n del discurso acad\u00e9mico entre estudiantes universitarios. <\/span><i><span style=\"font-weight: 400;\">Revista Brasileira De Lingu\u00edstica Aplicada, 18<\/span><\/i><span style=\"font-weight: 400;\">(4), 771\u2013798.<\/span><a href=\"https:\/\/doi.org\/10.1590\/1984-6398201812989\"> <span style=\"font-weight: 400;\">https:\/\/doi.org\/10.1590\/1984-6398201812989<\/span><\/a><\/p><p><span style=\"font-weight: 400;\">Hern\u00e1ndez Zamora, G. (2018). Literacidad y aprendizaje de adultos: teor\u00eda e investigaci\u00f3n en la era del capitalismo global. <\/span><i><span style=\"font-weight: 400;\">Revista Interamericana de Educaci\u00f3n de Adultos, 40<\/span><\/i><span style=\"font-weight: 400;\">(2), julio-diciembre.<\/span><a href=\"https:\/\/revistas.crefal.edu.mx\/rieda\/images\/rieda-2018-2\/investigacion1.pdf\"><span style=\"font-weight: 400;\">https:\/\/revistas.crefal.edu.mx\/rieda\/images\/rieda-2018-2\/investigacion1.pdf<\/span><\/a><\/p><p><span style=\"font-weight: 400;\">Hern\u00e1ndez Zamora, G. (2018). Cultura escrita biling\u00fce en escuelas ind\u00edgenas de M\u00e9xico &#8211; Cultura escrita bil\u00edngue em escolas ind\u00edgenas no M\u00e9xico: Distancia entre lo normativo y lo descriptivo. <\/span><i><span style=\"font-weight: 400;\">Revista nuestrAm\u00e9rica, 6<\/span><\/i><span style=\"font-weight: 400;\">(11), 128\u2013147.<\/span><a href=\"https:\/\/www.jstor.org\/stable\/48697734\"> <span style=\"font-weight: 400;\">https:\/\/www.jstor.org\/stable\/48697734<\/span><\/a><\/p><p><span style=\"font-weight: 400;\">Hern\u00e1ndez Zamora, G. (2018). Expresi\u00f3n y dise\u00f1o digital: La praxis pedag\u00f3gica como conocimiento leg\u00edtimo<\/span><i><span style=\"font-weight: 400;\">.<\/span><\/i><span style=\"font-weight: 400;\"> En <\/span><i><span style=\"font-weight: 400;\">Producci\u00f3n de conocimiento en entornos educativos: Sujetos, artefactos, estrategias y reg\u00edmenes de significado en constante reconfiguraci\u00f3n.<\/span><\/i> <a href=\"https:\/\/www.researchgate.net\/publication\/329424649_Expresion_y_diseno_digital_La_praxis_pedagogica_como_conocimiento_legitimo\"><span style=\"font-weight: 400;\">https:\/\/www.researchgate.net\/publication\/329424649_Expresion_y_diseno_digital_La_praxis_pedagogica_como_conocimiento_legitimo<\/span><\/a><\/p><\/div>\n\t\t\t\t<\/div>\n\t\t\t\t\t\t\t<div class=\"elementor-accordion-item\">\n\t\t\t\t\t<div id=\"elementor-tab-title-2376\" class=\"elementor-tab-title\" data-tab=\"6\" role=\"button\" aria-controls=\"elementor-tab-content-2376\" aria-expanded=\"false\">\n\t\t\t\t\t\t\t\t\t\t\t\t\t<span class=\"elementor-accordion-icon elementor-accordion-icon-left\" aria-hidden=\"true\">\n\t\t\t\t\t\t\t\t\t\t\t\t\t\t\t<span class=\"elementor-accordion-icon-closed\"><i class=\"fas fa-plus\"><\/i><\/span>\n\t\t\t\t\t\t\t\t<span class=\"elementor-accordion-icon-opened\"><i class=\"fas fa-minus\"><\/i><\/span>\n\t\t\t\t\t\t\t\t\t\t\t\t\t\t<\/span>\n\t\t\t\t\t\t\t\t\t\t\t\t<a class=\"elementor-accordion-title\" tabindex=\"0\">2017<\/a>\n\t\t\t\t\t<\/div>\n\t\t\t\t\t<div id=\"elementor-tab-content-2376\" class=\"elementor-tab-content elementor-clearfix\" data-tab=\"6\" role=\"region\" aria-labelledby=\"elementor-tab-title-2376\"><p><span style=\"font-weight: 400;\">Hern\u00e1ndez Zamora, G. (2017). Academicism in language: \u00abA Schelob&#8217;s web that devours and kills from inside\u00bb. En <\/span><i><span style=\"font-weight: 400;\">Isms in Language Education: Oppression, Intersectionality and Emancipation<\/span><\/i><span style=\"font-weight: 400;\"> (pp. 165-184).<\/span><a href=\"https:\/\/books.google.com.mx\/books?id=dsA7DwAAQBAJ&amp;lpg=PA165&amp;ots=BxicRqLKgl&amp;lr&amp;hl=es&amp;pg=PA165#v=onepage&amp;q&amp;f=false\">\u00a0<span style=\"font-weight: 400;\">https:\/\/books.google.com.mx\/books?id=dsA7DwAAQBAJ&amp;lpg=PA165&amp;ots=BxicRqLKgl&amp;lr&amp;hl=es&amp;pg=PA165#v=onepage&amp;q&amp;f=false<\/span><\/a><\/p><p><span style=\"font-weight: 400;\">Hern\u00e1ndez Zamora, G. (2017). Capital cultural, lenguaje y conocimiento en la universidad. <\/span><i><span style=\"font-weight: 400;\">Didac, 69<\/span><\/i><span style=\"font-weight: 400;\">, 40-45.<\/span><a href=\"https:\/\/biblat.unam.mx\/hevila\/Didac\/2017\/no69\/6.pdf\">\u00a0<span style=\"font-weight: 400;\">https:\/\/biblat.unam.mx\/hevila\/Didac\/2017\/no69\/6.pdf<\/span><\/a><span style=\"font-weight: 400;\">]<\/span><\/p><p><span style=\"font-weight: 400;\">Hern\u00e1ndez Zamora, G. (2017). Agencia, voz y ethos en conflicto: la escritura acad\u00e9mica como experiencia de silenciamiento. Universidad Aut\u00f3noma Metropolitana, Unidad Cuajimalpa. <\/span><a href=\"http:\/\/ilitia.cua.uam.mx:8080\/jspui\/handle\/123456789\/183\"><span style=\"font-weight: 400;\">http:\/\/ilitia.cua.uam.mx:8080\/jspui\/handle\/123456789\/183<\/span><\/a><\/p><p><span style=\"font-weight: 400;\">Hern\u00e1ndez Zamora, G. (2017). Lo que bien se aprende jam\u00e1s se olvida: triunfo \u00e9pico y aprendizaje in-corporado. <\/span><i><span style=\"font-weight: 400;\">Didac, 70<\/span><\/i><span style=\"font-weight: 400;\">, 66-72.<\/span><a href=\"https:\/\/www.researchgate.net\/profile\/Gregorio-Hernandez-Zamora\/publication\/320566791_Lo_que_bien_se_aprende_no_se_olvida_Triunfo_epico_y_aprendizaje_in-corporado\/links\/59ee4ae3a6fdcc32187db45b\/Lo-que-bien-se-aprende-no-se-olvida-Triunfo-epico-y-aprendizaje-in-corporado.pdf\"><span style=\"font-weight: 400;\">https:\/\/www.researchgate.net\/profile\/Gregorio-Hernandez-Zamora\/publication\/320566791_Lo_que_bien_se_aprende_no_se_olvida_Triunfo_epico_y_aprendizaje_in-corporado\/links\/59ee4ae3a6fdcc32187db45b\/Lo-que-bien-se-aprende-no-se-olvida-Triunfo-epico-y-aprendizaje-in-corporado.pdf<\/span><\/a><\/p><p><span style=\"font-weight: 400;\">Fresan Orozco, M. M., et al. (2017). <\/span><i><span style=\"font-weight: 400;\">Modelos educativos para el siglo XXI: Aproximaciones sucesivas<\/span><\/i><span style=\"font-weight: 400;\">. M\u00e9xico: UAM, Unidad Cuajimalpa.<\/span><a href=\"http:\/\/ilitia.cua.uam.mx:8080\/jspui\/handle\/123456789\/955\">\u00a0<span style=\"font-weight: 400;\">http:\/\/ilitia.cua.uam.mx:8080\/jspui\/handle\/123456789\/955<\/span><\/a><span style=\"font-weight: 400;\">]<\/span><\/p><\/div>\n\t\t\t\t<\/div>\n\t\t\t\t\t\t\t<div class=\"elementor-accordion-item\">\n\t\t\t\t\t<div id=\"elementor-tab-title-2377\" class=\"elementor-tab-title\" data-tab=\"7\" role=\"button\" aria-controls=\"elementor-tab-content-2377\" aria-expanded=\"false\">\n\t\t\t\t\t\t\t\t\t\t\t\t\t<span class=\"elementor-accordion-icon elementor-accordion-icon-left\" aria-hidden=\"true\">\n\t\t\t\t\t\t\t\t\t\t\t\t\t\t\t<span class=\"elementor-accordion-icon-closed\"><i class=\"fas fa-plus\"><\/i><\/span>\n\t\t\t\t\t\t\t\t<span class=\"elementor-accordion-icon-opened\"><i class=\"fas fa-minus\"><\/i><\/span>\n\t\t\t\t\t\t\t\t\t\t\t\t\t\t<\/span>\n\t\t\t\t\t\t\t\t\t\t\t\t<a class=\"elementor-accordion-title\" tabindex=\"0\">2016<\/a>\n\t\t\t\t\t<\/div>\n\t\t\t\t\t<div id=\"elementor-tab-content-2377\" class=\"elementor-tab-content elementor-clearfix\" data-tab=\"7\" role=\"region\" aria-labelledby=\"elementor-tab-title-2377\"><p><span style=\"font-weight: 400;\">Hern\u00e1ndez Zamora, G. (2016). M\u00e9xico: Historias de migrantes retornados. En <\/span><i><span style=\"font-weight: 400;\">20 A\u00f1os despu\u00e9s: J\u00f3venes migrantes en Norte Am\u00e9rica<\/span><\/i><span style=\"font-weight: 400;\"> (pp. 47-88). UAM-C.<\/span><a href=\"https:\/\/www.researchgate.net\/profile\/Gregorio-Hernandez-Zamora\/publication\/357974294_20_Anos_despues_Jovenes_migrantes_en_Norte_America\/links\/61e9a8b8dafcdb25fd3c6f12\/20-Anos-despues-Jovenes-migrantes-en-Norte-America.pdf#page=49\">\u00a0<span style=\"font-weight: 400;\">https:\/\/www.researchgate.net\/profile\/Gregorio-Hernandez-Zamora\/publication\/357974294_20_Anos_despues_Jovenes_migrantes_en_Norte_America\/links\/61e9a8b8dafcdb25fd3c6f12\/20-Anos-despues-Jovenes-migrantes-en-Norte-America.pdf#page=49<\/span><\/a><\/p><p><span style=\"font-weight: 400;\">Hern\u00e1ndez Zamora, G. (2016). <\/span><i><span style=\"font-weight: 400;\">Literacidad acad\u00e9mica<\/span><\/i><span style=\"font-weight: 400;\">. Universidad Aut\u00f3noma Metropolitana, Cuajimalpa. <\/span><a href=\"http:\/\/ilitia.cua.uam.mx:8080\/jspui\/handle\/123456789\/155\"><span style=\"font-weight: 400;\">http:\/\/ilitia.cua.uam.mx:8080\/jspui\/handle\/123456789\/155<\/span><\/a><\/p><\/div>\n\t\t\t\t<\/div>\n\t\t\t\t\t\t\t<div class=\"elementor-accordion-item\">\n\t\t\t\t\t<div id=\"elementor-tab-title-2378\" class=\"elementor-tab-title\" data-tab=\"8\" role=\"button\" aria-controls=\"elementor-tab-content-2378\" aria-expanded=\"false\">\n\t\t\t\t\t\t\t\t\t\t\t\t\t<span class=\"elementor-accordion-icon elementor-accordion-icon-left\" aria-hidden=\"true\">\n\t\t\t\t\t\t\t\t\t\t\t\t\t\t\t<span class=\"elementor-accordion-icon-closed\"><i class=\"fas fa-plus\"><\/i><\/span>\n\t\t\t\t\t\t\t\t<span class=\"elementor-accordion-icon-opened\"><i class=\"fas fa-minus\"><\/i><\/span>\n\t\t\t\t\t\t\t\t\t\t\t\t\t\t<\/span>\n\t\t\t\t\t\t\t\t\t\t\t\t<a class=\"elementor-accordion-title\" tabindex=\"0\">2015<\/a>\n\t\t\t\t\t<\/div>\n\t\t\t\t\t<div id=\"elementor-tab-content-2378\" class=\"elementor-tab-content elementor-clearfix\" data-tab=\"8\" role=\"region\" aria-labelledby=\"elementor-tab-title-2378\"><p><span style=\"font-weight: 400;\">Hern\u00e1ndez Zamora, G. (2015). La met\u00e1fora de las TIC como herramientas educativas. <\/span><i><span style=\"font-weight: 400;\">Didac, 66<\/span><\/i><span style=\"font-weight: 400;\">, 31-38.<\/span><a href=\"https:\/\/biblat.unam.mx\/es\/revista\/didac\/articulo\/la-metafora-de-las-tic-como-herramientas-educativas\"><span style=\"font-weight: 400;\">https:\/\/biblat.unam.mx\/es\/revista\/didac\/articulo\/la-metafora-de-las-tic-como-herramientas-educativas<\/span><\/a><\/p><\/div>\n\t\t\t\t<\/div>\n\t\t\t\t\t\t\t<div class=\"elementor-accordion-item\">\n\t\t\t\t\t<div id=\"elementor-tab-title-2379\" class=\"elementor-tab-title\" data-tab=\"9\" role=\"button\" aria-controls=\"elementor-tab-content-2379\" aria-expanded=\"false\">\n\t\t\t\t\t\t\t\t\t\t\t\t\t<span class=\"elementor-accordion-icon elementor-accordion-icon-left\" aria-hidden=\"true\">\n\t\t\t\t\t\t\t\t\t\t\t\t\t\t\t<span class=\"elementor-accordion-icon-closed\"><i class=\"fas fa-plus\"><\/i><\/span>\n\t\t\t\t\t\t\t\t<span class=\"elementor-accordion-icon-opened\"><i class=\"fas fa-minus\"><\/i><\/span>\n\t\t\t\t\t\t\t\t\t\t\t\t\t\t<\/span>\n\t\t\t\t\t\t\t\t\t\t\t\t<a class=\"elementor-accordion-title\" tabindex=\"0\">2014<\/a>\n\t\t\t\t\t<\/div>\n\t\t\t\t\t<div id=\"elementor-tab-content-2379\" class=\"elementor-tab-content elementor-clearfix\" data-tab=\"9\" role=\"region\" aria-labelledby=\"elementor-tab-title-2379\"><p><span style=\"font-weight: 400;\">Hern\u00e1ndez-Zamora, G., &amp; Zotzmann, K. (2014). Digital Literacy as a Tool for Self-Authoring: Teaching Reluctant Student Writers Through \u00abRedesign\u00bb. <\/span><i><span style=\"font-weight: 400;\">Journal of Global Literacies, Technologies, and Emerging Pedagogies, 2<\/span><\/i><span style=\"font-weight: 400;\">(2), 77-99.<\/span><a href=\"https:\/\/www.researchgate.net\/publication\/312328845_Digital_Literacy_as_a_Tool_for_Self-Authoring_Teaching_Reluctant_Student_Writers_Through_Redesign\"> <span style=\"font-weight: 400;\">https:\/\/www.researchgate.net\/publication\/312328845_Digital_Literacy_as_a_Tool_for_Self-Authoring_Teaching_Reluctant_Student_Writers_Through_Redesign<\/span><\/a><\/p><\/div>\n\t\t\t\t<\/div>\n\t\t\t\t\t\t\t\t<\/div>\n\t\t\t\t\t\t<\/div>\n\t\t\t\t<\/div>\n\t\t\t\t<div class=\"elementor-element elementor-element-e431225 elementor-invisible elementor-widget elementor-widget-button\" data-id=\"e431225\" data-element_type=\"widget\" data-e-type=\"widget\" data-settings=\"{&quot;_animation&quot;:&quot;fadeInUp&quot;}\" data-widget_type=\"button.default\">\n\t\t\t\t<div class=\"elementor-widget-container\">\n\t\t\t\t\t\t\t\t\t<div class=\"elementor-button-wrapper\">\n\t\t\t\t\t<a class=\"elementor-button elementor-button-link elementor-size-sm\" href=\"https:\/\/dcsh.xoc.uam.mx\/posgrados\/deplaed\/nucleo-basico\/\">\n\t\t\t\t\t\t<span class=\"elementor-button-content-wrapper\">\n\t\t\t\t\t\t\t\t\t<span class=\"elementor-button-text\">Regresar<\/span>\n\t\t\t\t\t<\/span>\n\t\t\t\t\t<\/a>\n\t\t\t\t<\/div>\n\t\t\t\t\t\t\t\t<\/div>\n\t\t\t\t<\/div>\n\t\t\t\t\t<\/div>\n\t\t<\/div>\n\t\t\t\t\t<\/div>\n\t\t<\/section>\n\t\t\t\t<\/div>\n\t\t","protected":false},"excerpt":{"rendered":"<p>Dr. Gregorio Hern\u00e1ndez Zamora GRADO: DOCTORADO PROFESOR(A) TITULAR C TIEMPO COMPLETO MIEMBRO DEL SISTEMA NACIONAL DE INVESTIGADORES NIVEL II DEPARTAMENTO DE EDUCACI\u00d3N Y COMUNICACI\u00d3N Contacto\u00a0ghernandezz@correo.xoc.uam.mx Google Scholar\u00a0https:\/\/scholar.google.com\/citations?user=Rv3-XUIAAAAJ&amp;hl=es Semblanza: Profesor-Investigador de Educaci\u00f3n, Comunicaci\u00f3n y Dise\u00f1o en la UAMX. Investigador Nacional SNI-2. Fundador de la l\u00ednea de Lengua y Cultura Escrita del posgrado en Pedagog\u00eda en la [&hellip;]<\/p>\n","protected":false},"author":3,"featured_media":0,"parent":0,"menu_order":0,"comment_status":"closed","ping_status":"closed","template":"","meta":{"site-sidebar-layout":"default","site-content-layout":"page-builder","ast-site-content-layout":"default","site-content-style":"default","site-sidebar-style":"default","ast-global-header-display":"","ast-banner-title-visibility":"","ast-main-header-display":"","ast-hfb-above-header-display":"","ast-hfb-below-header-display":"","ast-hfb-mobile-header-display":"","site-post-title":"disabled","ast-breadcrumbs-content":"","ast-featured-img":"disabled","footer-sml-layout":"","ast-disable-related-posts":"","theme-transparent-header-meta":"enabled","adv-header-id-meta":"","stick-header-meta":"","header-above-stick-meta":"","header-main-stick-meta":"","header-below-stick-meta":"","astra-migrate-meta-layouts":"default","ast-page-background-enabled":"default","ast-page-background-meta":{"desktop":{"background-color":"","background-image":"","background-repeat":"repeat","background-position":"center center","background-size":"auto","background-attachment":"scroll","background-type":"","background-media":"","overlay-type":"","overlay-color":"","overlay-opacity":"","overlay-gradient":""},"tablet":{"background-color":"","background-image":"","background-repeat":"repeat","background-position":"center center","background-size":"auto","background-attachment":"scroll","background-type":"","background-media":"","overlay-type":"","overlay-color":"","overlay-opacity":"","overlay-gradient":""},"mobile":{"background-color":"","background-image":"","background-repeat":"repeat","background-position":"center center","background-size":"auto","background-attachment":"scroll","background-type":"","background-media":"","overlay-type":"","overlay-color":"","overlay-opacity":"","overlay-gradient":""}},"ast-content-background-meta":{"desktop":{"background-color":"var(--ast-global-color-5)","background-image":"","background-repeat":"repeat","background-position":"center center","background-size":"auto","background-attachment":"scroll","background-type":"","background-media":"","overlay-type":"","overlay-color":"","overlay-opacity":"","overlay-gradient":""},"tablet":{"background-color":"var(--ast-global-color-5)","background-image":"","background-repeat":"repeat","background-position":"center center","background-size":"auto","background-attachment":"scroll","background-type":"","background-media":"","overlay-type":"","overlay-color":"","overlay-opacity":"","overlay-gradient":""},"mobile":{"background-color":"var(--ast-global-color-5)","background-image":"","background-repeat":"repeat","background-position":"center center","background-size":"auto","background-attachment":"scroll","background-type":"","background-media":"","overlay-type":"","overlay-color":"","overlay-opacity":"","overlay-gradient":""}},"footnotes":""},"class_list":["post-3846","page","type-page","status-publish","hentry"],"_links":{"self":[{"href":"https:\/\/dcsh.xoc.uam.mx\/posgrados\/deplaed\/wp-json\/wp\/v2\/pages\/3846","targetHints":{"allow":["GET"]}}],"collection":[{"href":"https:\/\/dcsh.xoc.uam.mx\/posgrados\/deplaed\/wp-json\/wp\/v2\/pages"}],"about":[{"href":"https:\/\/dcsh.xoc.uam.mx\/posgrados\/deplaed\/wp-json\/wp\/v2\/types\/page"}],"author":[{"embeddable":true,"href":"https:\/\/dcsh.xoc.uam.mx\/posgrados\/deplaed\/wp-json\/wp\/v2\/users\/3"}],"replies":[{"embeddable":true,"href":"https:\/\/dcsh.xoc.uam.mx\/posgrados\/deplaed\/wp-json\/wp\/v2\/comments?post=3846"}],"version-history":[{"count":19,"href":"https:\/\/dcsh.xoc.uam.mx\/posgrados\/deplaed\/wp-json\/wp\/v2\/pages\/3846\/revisions"}],"predecessor-version":[{"id":4467,"href":"https:\/\/dcsh.xoc.uam.mx\/posgrados\/deplaed\/wp-json\/wp\/v2\/pages\/3846\/revisions\/4467"}],"wp:attachment":[{"href":"https:\/\/dcsh.xoc.uam.mx\/posgrados\/deplaed\/wp-json\/wp\/v2\/media?parent=3846"}],"curies":[{"name":"wp","href":"https:\/\/api.w.org\/{rel}","templated":true}]}}