{"id":3312,"date":"2023-11-27T18:52:08","date_gmt":"2023-11-27T18:52:08","guid":{"rendered":"https:\/\/dcsh.xoc.uam.mx\/posgrados\/deplaed\/?page_id=3312"},"modified":"2025-02-21T20:06:05","modified_gmt":"2025-02-21T20:06:05","slug":"prueba-estudiantes-actuales","status":"publish","type":"page","link":"https:\/\/dcsh.xoc.uam.mx\/posgrados\/deplaed\/prueba-estudiantes-actuales\/","title":{"rendered":"Estudiantes Actuales"},"content":{"rendered":"\t\t<div data-elementor-type=\"wp-page\" data-elementor-id=\"3312\" class=\"elementor elementor-3312\" data-elementor-post-type=\"page\">\n\t\t\t\t\t\t<section class=\"elementor-section elementor-top-section elementor-element elementor-element-2590dc9 elementor-section-full_width elementor-section-height-min-height elementor-section-height-default elementor-section-items-middle\" data-id=\"2590dc9\" data-element_type=\"section\" data-e-type=\"section\" data-settings=\"{&quot;background_background&quot;:&quot;classic&quot;}\">\n\t\t\t\t\t\t\t<div class=\"elementor-background-overlay\"><\/div>\n\t\t\t\t\t\t\t<div class=\"elementor-container elementor-column-gap-default\">\n\t\t\t\t\t<div class=\"elementor-column elementor-col-100 elementor-top-column elementor-element elementor-element-93d3b97\" data-id=\"93d3b97\" data-element_type=\"column\" data-e-type=\"column\">\n\t\t\t<div class=\"elementor-widget-wrap elementor-element-populated\">\n\t\t\t\t\t\t<div class=\"elementor-element elementor-element-31fb983 elementor-widget elementor-widget-heading\" data-id=\"31fb983\" data-element_type=\"widget\" data-e-type=\"widget\" data-widget_type=\"heading.default\">\n\t\t\t\t<div class=\"elementor-widget-container\">\n\t\t\t\t\t<h2 class=\"elementor-heading-title elementor-size-default\">Generaci\u00f3n actual<\/h2>\t\t\t\t<\/div>\n\t\t\t\t<\/div>\n\t\t\t\t\t<\/div>\n\t\t<\/div>\n\t\t\t\t\t<\/div>\n\t\t<\/section>\n\t\t\t\t<section class=\"elementor-section elementor-top-section elementor-element elementor-element-118ecf3 elementor-section-boxed elementor-section-height-default elementor-section-height-default\" data-id=\"118ecf3\" data-element_type=\"section\" data-e-type=\"section\">\n\t\t\t\t\t\t<div class=\"elementor-container elementor-column-gap-default\">\n\t\t\t\t\t<div class=\"elementor-column elementor-col-33 elementor-top-column elementor-element elementor-element-15f75a4\" data-id=\"15f75a4\" data-element_type=\"column\" data-e-type=\"column\">\n\t\t\t<div class=\"elementor-widget-wrap elementor-element-populated\">\n\t\t\t\t\t\t<div class=\"elementor-element elementor-element-84b4b65 elementor-nav-menu__align-start elementor-nav-menu--dropdown-tablet elementor-nav-menu__text-align-aside elementor-nav-menu--toggle elementor-nav-menu--burger elementor-invisible elementor-widget elementor-widget-nav-menu\" data-id=\"84b4b65\" data-element_type=\"widget\" data-e-type=\"widget\" data-settings=\"{&quot;layout&quot;:&quot;vertical&quot;,&quot;_animation&quot;:&quot;fadeInUp&quot;,&quot;submenu_icon&quot;:{&quot;value&quot;:&quot;&lt;i class=\\&quot;fas fa-caret-down\\&quot; aria-hidden=\\&quot;true\\&quot;&gt;&lt;\\\/i&gt;&quot;,&quot;library&quot;:&quot;fa-solid&quot;},&quot;toggle&quot;:&quot;burger&quot;}\" data-widget_type=\"nav-menu.default\">\n\t\t\t\t<div class=\"elementor-widget-container\">\n\t\t\t\t\t\t\t\t<nav aria-label=\"Men\u00fa\" class=\"elementor-nav-menu--main elementor-nav-menu__container elementor-nav-menu--layout-vertical e--pointer-none\">\n\t\t\t\t<ul id=\"menu-1-84b4b65\" class=\"elementor-nav-menu sm-vertical\"><li class=\"menu-item menu-item-type-post_type menu-item-object-page menu-item-3320\"><a href=\"https:\/\/dcsh.xoc.uam.mx\/posgrados\/deplaed\/prueba-estudiantes-actuales\/\" class=\"elementor-item menu-link\">Estudiantes Actuales<\/a><\/li>\n<li class=\"menu-item menu-item-type-post_type menu-item-object-page menu-item-3321\"><a href=\"https:\/\/dcsh.xoc.uam.mx\/posgrados\/deplaed\/prueba-generaciones-anteriores\/\" class=\"elementor-item menu-link\">Estudiantes por Cohorte Generacional<\/a><\/li>\n<\/ul>\t\t\t<\/nav>\n\t\t\t\t\t<div class=\"elementor-menu-toggle\" role=\"button\" tabindex=\"0\" aria-label=\"Alternar men\u00fa\" aria-expanded=\"false\">\n\t\t\t<i aria-hidden=\"true\" role=\"presentation\" class=\"elementor-menu-toggle__icon--open eicon-menu-bar\"><\/i><i aria-hidden=\"true\" role=\"presentation\" class=\"elementor-menu-toggle__icon--close eicon-close\"><\/i>\t\t<\/div>\n\t\t\t\t\t<nav class=\"elementor-nav-menu--dropdown elementor-nav-menu__container\" aria-hidden=\"true\">\n\t\t\t\t<ul id=\"menu-2-84b4b65\" class=\"elementor-nav-menu sm-vertical\"><li class=\"menu-item menu-item-type-post_type menu-item-object-page menu-item-3320\"><a href=\"https:\/\/dcsh.xoc.uam.mx\/posgrados\/deplaed\/prueba-estudiantes-actuales\/\" class=\"elementor-item menu-link\" tabindex=\"-1\">Estudiantes Actuales<\/a><\/li>\n<li class=\"menu-item menu-item-type-post_type menu-item-object-page menu-item-3321\"><a href=\"https:\/\/dcsh.xoc.uam.mx\/posgrados\/deplaed\/prueba-generaciones-anteriores\/\" class=\"elementor-item menu-link\" tabindex=\"-1\">Estudiantes por Cohorte Generacional<\/a><\/li>\n<\/ul>\t\t\t<\/nav>\n\t\t\t\t\t\t<\/div>\n\t\t\t\t<\/div>\n\t\t\t\t\t<\/div>\n\t\t<\/div>\n\t\t\t\t<div class=\"elementor-column elementor-col-66 elementor-top-column elementor-element elementor-element-b2d1492\" data-id=\"b2d1492\" data-element_type=\"column\" data-e-type=\"column\">\n\t\t\t<div class=\"elementor-widget-wrap elementor-element-populated\">\n\t\t\t\t\t\t<div class=\"elementor-element elementor-element-08a4c57 elementor-widget-divider--view-line elementor-invisible elementor-widget elementor-widget-divider\" data-id=\"08a4c57\" data-element_type=\"widget\" data-e-type=\"widget\" data-settings=\"{&quot;_animation&quot;:&quot;zoomIn&quot;}\" data-widget_type=\"divider.default\">\n\t\t\t\t<div class=\"elementor-widget-container\">\n\t\t\t\t\t\t\t<div class=\"elementor-divider\">\n\t\t\t<span class=\"elementor-divider-separator\">\n\t\t\t\t\t\t<\/span>\n\t\t<\/div>\n\t\t\t\t\t\t<\/div>\n\t\t\t\t<\/div>\n\t\t\t\t<div class=\"elementor-element elementor-element-fcaadd5 elementor-invisible elementor-widget elementor-widget-heading\" data-id=\"fcaadd5\" data-element_type=\"widget\" data-e-type=\"widget\" data-settings=\"{&quot;_animation&quot;:&quot;fadeInUp&quot;}\" data-widget_type=\"heading.default\">\n\t\t\t\t<div class=\"elementor-widget-container\">\n\t\t\t\t\t<h1 class=\"elementor-heading-title elementor-size-large\">Generaci\u00f3n Actual 2022-2024<\/h1>\t\t\t\t<\/div>\n\t\t\t\t<\/div>\n\t\t\t\t<div class=\"elementor-element elementor-element-4725665 elementor-invisible elementor-widget elementor-widget-shortcode\" data-id=\"4725665\" data-element_type=\"widget\" data-e-type=\"widget\" data-settings=\"{&quot;_animation&quot;:&quot;fadeInUp&quot;}\" data-widget_type=\"shortcode.default\">\n\t\t\t\t<div class=\"elementor-widget-container\">\n\t\t\t\t\t\t\t<div class=\"elementor-shortcode\">\n<table id=\"tablepress-17\" class=\"tablepress tablepress-id-17\">\n<thead>\n<tr class=\"row-1\">\n\t<th class=\"column-1\">Nombre<\/th><th class=\"column-2\">Generaci\u00f3n<\/th><th class=\"column-3\">T\u00edtulo tentativo de tesis<\/th><th class=\"column-4\">Nombre de la Directora o Director<\/th>\n<\/tr>\n<\/thead>\n<tbody class=\"row-striping row-hover\">\n<tr class=\"row-2\">\n\t<td class=\"column-1\">Amaya Hern\u00e1ndez Thelma<\/td><td class=\"column-2\">17<\/td><td class=\"column-3\">Incorporaci\u00f3n del \u00e1rea de acceso al conocimiento de ciencias sociales en el Bachillerato Tecnol\u00f3gico seg\u00fan el nuevo curr\u00edculum de la Nueva Escuela Mexicana. Un estudio de caso: CETIS 09<\/td><td class=\"column-4\">Rogelio Mart\u00ednez Flores<\/td>\n<\/tr>\n<tr class=\"row-3\">\n\t<td class=\"column-1\">Mac\u00edas Aguilera Melisa Montserrat<\/td><td class=\"column-2\">17<\/td><td class=\"column-3\">La articulaci\u00f3n de los documentos de trabajo con \u00e9nfasis en historia, desde la pr\u00e1ctica docente en Escuelas Secundarias T\u00e9cnicas<\/td><td class=\"column-4\">Rogelio Mart\u00ednez Flores<\/td>\n<\/tr>\n<tr class=\"row-4\">\n\t<td class=\"column-1\">Nu\u00f1ez Sanabria Stephany Alejandra<\/td><td class=\"column-2\">17<\/td><td class=\"column-3\">El Plan de Estudios en la licenciatura en Historia dentro de la UAM Iztapalapa. \u00bfUna flexibilizaci\u00f3n de la planeaci\u00f3n educativa?<\/td><td class=\"column-4\">Jos\u00e9 Manuel Ju\u00e1rez<\/td>\n<\/tr>\n<tr class=\"row-5\">\n\t<td class=\"column-1\">Pesina Rivera Belem Mariana<\/td><td class=\"column-2\">17<\/td><td class=\"column-3\">Desarrollo de habilidades cient\u00edficas y de pensamiento cr\u00edtico en el contexto extraescolar: un estudio sobre los j\u00f3venes graduados del Programa Adopte un Talento (PAUTA)<\/td><td class=\"column-4\">Jos\u00e9 Manuel Ju\u00e1rez<\/td>\n<\/tr>\n<tr class=\"row-6\">\n\t<td class=\"column-1\">Mart\u00ednez Armadillo Laura Patricia<\/td><td class=\"column-2\">17<\/td><td class=\"column-3\">Constructos sociales en la educaci\u00f3n b\u00e1sica y su influencia en el no acercamiento o permanencia de las adolescentes a la ciencia.<\/td><td class=\"column-4\">Tatiana Mendoza von der Borch<\/td>\n<\/tr>\n<tr class=\"row-7\">\n\t<td class=\"column-1\">Torres Olivares Karla Erika<\/td><td class=\"column-2\">17<\/td><td class=\"column-3\">Prevenci\u00f3n y tratamiento a la violencia en las escuelas de educaci\u00f3n secundaria<\/td><td class=\"column-4\">Janette G\u00f3ngora<\/td>\n<\/tr>\n<tr class=\"row-8\">\n\t<td class=\"column-1\">Pe\u00f1a Gu\u00edzar Yazmin<\/td><td class=\"column-2\">17<\/td><td class=\"column-3\">An\u00e1lisis cr\u00edtico del discurso: un caso de violencia de g\u00e9nero en la UAM-X<\/td><td class=\"column-4\">Janette G\u00f3ngora<\/td>\n<\/tr>\n<tr class=\"row-9\">\n\t<td class=\"column-1\">Calder\u00f3n Gonz\u00e1lez Yohandy<\/td><td class=\"column-2\">17<\/td><td class=\"column-3\">Educaci\u00f3n literaria y recursos transmedia en el nivel bachillerato en M\u00e9xico<\/td><td class=\"column-4\">Gregorio Zamora<\/td>\n<\/tr>\n<tr class=\"row-10\">\n\t<td class=\"column-1\">Leyva Duarte Valente<\/td><td class=\"column-2\">17<\/td><td class=\"column-3\">Uso de TIC en programas de estudio de modalidad presencial en el sistema educativo militar<\/td><td class=\"column-4\">Walter Beller<\/td>\n<\/tr>\n<tr class=\"row-11\">\n\t<td class=\"column-1\">Cruz Salinas Itzel<\/td><td class=\"column-2\">17<\/td><td class=\"column-3\">Condiciones que inciden para permanecer en la escuela. El caso de PILARES Santa Fe<\/td><td class=\"column-4\">Leonel P\u00e9rez Exp\u00f3sito\/Tatiana Mendoza von der Borch<\/td>\n<\/tr>\n<tr class=\"row-12\">\n\t<td class=\"column-1\">Saucedo Trejo Paola<\/td><td class=\"column-2\">17<\/td><td class=\"column-3\">La politica educativa post covid 19: los retos de la educaci\u00f3n media superior<\/td><td class=\"column-4\">Giovanna Valenti<\/td>\n<\/tr>\n<tr class=\"row-13\">\n\t<td class=\"column-1\">Rodr\u00edguez V\u00e9lez Adriana Itzel<\/td><td class=\"column-2\">17<\/td><td class=\"column-3\">Formaci\u00f3n y selecci\u00f3n de directores de escuelas primarias p\u00fablicas en cdmx. El camino hacia el  liderazgo distribuido<\/td><td class=\"column-4\">Giovanna Valenti\/Jos\u00e9 Mar\u00eda Duarte<\/td>\n<\/tr>\n<tr class=\"row-14\">\n\t<td class=\"column-1\">Cort\u00e9s L\u00f3pez C\u00e9sar Samuel<\/td><td class=\"column-2\">17<\/td><td class=\"column-3\">Incidencias de los saberes docentes en la implementaci\u00f3n de las TIC en educaci\u00f3n b\u00e1sica. Una mirada desde las perspectivas docentes de algunas escuelas en dos zonas de supervisi\u00f3n escolar del Estado de M\u00e9xico<\/td><td class=\"column-4\">Giovanna Valenti Nigrini\/Jos\u00e9 Mar\u00eda Duarte<\/td>\n<\/tr>\n<tr class=\"row-15\">\n\t<td class=\"column-1\">Mart\u00ednez Zambrana Miriam Alicia<\/td><td class=\"column-2\">17<\/td><td class=\"column-3\">M\u00e1s all\u00e1 de las diferencias: conflictos y su representaci\u00f3n en el imaginario social en el sal\u00f3n de clases de segundo de primaria vespertino, en la escuela Agust\u00edn Legorreta, ubicada en San Antonio Tecomitl, Milpa Alta<\/td><td class=\"column-4\">Sonia Comboni<\/td>\n<\/tr>\n<tr class=\"row-16\">\n\t<td class=\"column-1\">Cruz V\u00e9lez Am\u00e9rica<\/td><td class=\"column-2\">17<\/td><td class=\"column-3\">Resistencia cultural y preservaci\u00f3n de tradiciones a trav\u00e9s del trabajo cultural comunitario en Milpa Alta<\/td><td class=\"column-4\">Sonia Comboni<\/td>\n<\/tr>\n<tr class=\"row-17\">\n\t<td class=\"column-1\">Francisco Cruz Liliana<\/td><td class=\"column-2\">17<\/td><td class=\"column-3\">Desaf\u00edos ante la desigualdad sociocultural y educativa, de dos escuelas primarias generales insertadas en contextos rural y urbano del estado de Oaxaca: \u201cBasilio Rojas\u201d y \u201cHermenegildo Galeana\u201d<\/td><td class=\"column-4\">Jos\u00e9 Manuel Ju\u00e1rez<\/td>\n<\/tr>\n<tr class=\"row-18\">\n\t<td class=\"column-1\">Moreno P\u00e9rez P\u00e1vel<\/td><td class=\"column-2\">17<\/td><td class=\"column-3\">Capitales social, econ\u00f3mico y cultural en la elecci\u00f3n de carrera: el caso de la licenciatura de Medicina de la UAM-X<\/td><td class=\"column-4\">Abril Acosta\/Mitzi Morales<\/td>\n<\/tr>\n<tr class=\"row-19\">\n\t<td class=\"column-1\">De Santiago Ponce Ana<\/td><td class=\"column-2\">17<\/td><td class=\"column-3\">Efectos de las caracter\u00edsticas socioecon\u00f3micas y culturales de los estudiantes en los programas de regularizaci\u00f3n para el nivel superior: el caso Conamat<\/td><td class=\"column-4\">Claudia D\u00edaz<\/td>\n<\/tr>\n<tr class=\"row-20\">\n\t<td class=\"column-1\">Luna Hern\u00e1ndez Wendy Jacqueline<\/td><td class=\"column-2\">17<\/td><td class=\"column-3\">La inclusi\u00f3n educativa y social del alumnado con Trastorno del Espectro Autista en aulas regulares, an\u00e1lisis de sus pr\u00e1cticas<\/td><td class=\"column-4\">Noem\u00ed Luj\u00e1n<\/td>\n<\/tr>\n<\/tbody>\n<\/table>\n<\/div>\n\t\t\t\t\t\t<\/div>\n\t\t\t\t<\/div>\n\t\t\t\t\t<\/div>\n\t\t<\/div>\n\t\t\t\t\t<\/div>\n\t\t<\/section>\n\t\t\t\t<\/div>\n\t\t","protected":false},"excerpt":{"rendered":"<p>Generaci\u00f3n actual Generaci\u00f3n Actual 2022-2024 Nombre Generaci\u00f3n T\u00edtulo tentativo de tesis Nombre de la Directora o Director Aquino D\u00edaz Maricruz Petra 18 Cambios y continuidades del rol de la mujer en los libros de texto de Historia de M\u00e9xico de Educaci\u00f3n b\u00e1sica. Secundaria. Patricia Jannette G\u00f3ngora Soberanes Carrera Hern\u00e1ndez Carolina 18 El papel de los [&hellip;]<\/p>\n","protected":false},"author":3,"featured_media":0,"parent":0,"menu_order":0,"comment_status":"closed","ping_status":"closed","template":"","meta":{"site-sidebar-layout":"default","site-content-layout":"page-builder","ast-site-content-layout":"default","site-content-style":"default","site-sidebar-style":"default","ast-global-header-display":"","ast-banner-title-visibility":"","ast-main-header-display":"","ast-hfb-above-header-display":"","ast-hfb-below-header-display":"","ast-hfb-mobile-header-display":"","site-post-title":"disabled","ast-breadcrumbs-content":"","ast-featured-img":"disabled","footer-sml-layout":"","ast-disable-related-posts":"","theme-transparent-header-meta":"enabled","adv-header-id-meta":"","stick-header-meta":"","header-above-stick-meta":"","header-main-stick-meta":"","header-below-stick-meta":"","astra-migrate-meta-layouts":"default","ast-page-background-enabled":"default","ast-page-background-meta":{"desktop":{"background-color":"","background-image":"","background-repeat":"repeat","background-position":"center center","background-size":"auto","background-attachment":"scroll","background-type":"","background-media":"","overlay-type":"","overlay-color":"","overlay-opacity":"","overlay-gradient":""},"tablet":{"background-color":"","background-image":"","background-repeat":"repeat","background-position":"center center","background-size":"auto","background-attachment":"scroll","background-type":"","background-media":"","overlay-type":"","overlay-color":"","overlay-opacity":"","overlay-gradient":""},"mobile":{"background-color":"","background-image":"","background-repeat":"repeat","background-position":"center center","background-size":"auto","background-attachment":"scroll","background-type":"","background-media":"","overlay-type":"","overlay-color":"","overlay-opacity":"","overlay-gradient":""}},"ast-content-background-meta":{"desktop":{"background-color":"var(--ast-global-color-5)","background-image":"","background-repeat":"repeat","background-position":"center center","background-size":"auto","background-attachment":"scroll","background-type":"","background-media":"","overlay-type":"","overlay-color":"","overlay-opacity":"","overlay-gradient":""},"tablet":{"background-color":"var(--ast-global-color-5)","background-image":"","background-repeat":"repeat","background-position":"center center","background-size":"auto","background-attachment":"scroll","background-type":"","background-media":"","overlay-type":"","overlay-color":"","overlay-opacity":"","overlay-gradient":""},"mobile":{"background-color":"var(--ast-global-color-5)","background-image":"","background-repeat":"repeat","background-position":"center center","background-size":"auto","background-attachment":"scroll","background-type":"","background-media":"","overlay-type":"","overlay-color":"","overlay-opacity":"","overlay-gradient":""}},"footnotes":""},"class_list":["post-3312","page","type-page","status-publish","hentry"],"_links":{"self":[{"href":"https:\/\/dcsh.xoc.uam.mx\/posgrados\/deplaed\/wp-json\/wp\/v2\/pages\/3312","targetHints":{"allow":["GET"]}}],"collection":[{"href":"https:\/\/dcsh.xoc.uam.mx\/posgrados\/deplaed\/wp-json\/wp\/v2\/pages"}],"about":[{"href":"https:\/\/dcsh.xoc.uam.mx\/posgrados\/deplaed\/wp-json\/wp\/v2\/types\/page"}],"author":[{"embeddable":true,"href":"https:\/\/dcsh.xoc.uam.mx\/posgrados\/deplaed\/wp-json\/wp\/v2\/users\/3"}],"replies":[{"embeddable":true,"href":"https:\/\/dcsh.xoc.uam.mx\/posgrados\/deplaed\/wp-json\/wp\/v2\/comments?post=3312"}],"version-history":[{"count":38,"href":"https:\/\/dcsh.xoc.uam.mx\/posgrados\/deplaed\/wp-json\/wp\/v2\/pages\/3312\/revisions"}],"predecessor-version":[{"id":4815,"href":"https:\/\/dcsh.xoc.uam.mx\/posgrados\/deplaed\/wp-json\/wp\/v2\/pages\/3312\/revisions\/4815"}],"wp:attachment":[{"href":"https:\/\/dcsh.xoc.uam.mx\/posgrados\/deplaed\/wp-json\/wp\/v2\/media?parent=3312"}],"curies":[{"name":"wp","href":"https:\/\/api.w.org\/{rel}","templated":true}]}}